{"id":1800,"date":"2021-08-24T18:25:15","date_gmt":"2021-08-24T16:25:15","guid":{"rendered":"http:\/\/hf-normandie.fr\/?page_id=1800"},"modified":"2021-09-14T10:11:48","modified_gmt":"2021-09-14T08:11:48","slug":"agenda","status":"publish","type":"page","link":"https:\/\/hf-normandie.fr\/index.php\/agenda\/","title":{"rendered":"Agenda Journ\u00e9es du Matrimoine 2021"},"content":{"rendered":"\n<h2 class=\"wp-block-heading\"><strong><span class=\"has-inline-color has-vivid-red-color\">Jeudi<\/span><\/strong><\/h2>\n\n\n\n<figure class=\"wp-block-table\"><table><tbody><tr><td>Inauguration et visite comment\u00e9e<strong><br>Femmes rouennaises inspirantes<br><\/strong>19h<br>Square Verdrel, Rouen&nbsp;<br>&nbsp;<br>Spectacle<br><strong>C\u00e9cile et Victoria<\/strong><br>19h<br>Esp. G. Le Conqu\u00e9rant, Bois Guillaume<\/td><\/tr><\/tbody><\/table><\/figure>\n\n\n\n<h2 class=\"wp-block-heading\"><strong><span class=\"has-inline-color has-vivid-red-color\">Vendredi<\/span><\/strong><\/h2>\n\n\n\n<figure class=\"wp-block-table is-style-regular\"><table><tbody><tr><td>Visite comment\u00e9e<br><strong>Dentelles normandes et turques<br><\/strong>11h\/14h30\/16h30<br>Maison des Dentelles, Argentan<br>\u00a0<br>Visite comment\u00e9e<br><strong>Les femmes de la SMN<br><\/strong>14h<br>La Renaissance, Colombelles<br>\u00a0<br>Conf\u00e9rence<strong><br>Hyacinthe Ravet<br><\/strong>13h30<br>Conservatoire, Grd Couronne<br>\u00a0<br>Visite comment\u00e9e<br><strong>Maison de l\u2019enfance, de la nature et des for\u00eats<\/strong><br>15h<br>Bois du Roule, Darn\u00e9tal<br>\u00a0<br>Inauguration et visite comment\u00e9e<strong><br>Tu joues bien pour une fille<br><\/strong>17h<br>Bib. Boris Vian, Grand Couronne<br>\u00a0<br>Lecture<br><strong>D&rsquo;ici d&rsquo;ailleurs, des voix d&rsquo;autrices<\/strong><br>17h<br>L&rsquo;Entre-Seine, St Jacques sur Darn\u00e9tal<br><br>Projection<strong><br>Comme Xavi\u00e8re<\/strong><br>18h<br>Caf\u00e9 des images, H\u00e9rouville-St-Clair<br><br>Concert et inauguration<br><strong>Compositrices en f\u00eate<\/strong><br>18h<br>Conservatoire, Grd Couronne<br><\/td><td>Spectacle et conf\u00e9rence<br><strong>\u00ab\u00a0L\u00a0\u00bb A-Tribute to Lo\u00efe Fuller<br><\/strong>18h\/20h30<strong><br><\/strong>Studio 50, Caen<br>\u00a0<br>Conf\u00e9rence<br><strong>Iwona Buczkowska<\/strong><br>19h<br>MaN, Rouen<br>\u00a0<br><strong><span class=\"has-inline-color has-vivid-red-color\"> <strong><span class=\"has-inline-color has-vivid-red-color\">ANNUL\u00c9<\/span><\/strong><\/span><\/strong><br><s>Conf\u00e9rence<br><strong>Marie Cuttoli<\/strong><br>19h<br>M\u00e9diath\u00e8que Fr Mitterrand, Argentan<\/s><br>\u00a0<br>Lecture<br><strong>Lectures perform\u00e9es<\/strong><br>19h30\/21h30<br>Le DOC, St-Germain-d&rsquo;Ectot<br>\u00a0<br>Concert<strong><br>Yseult<\/strong><br>20h<br>Le Cadran<strong>, <\/strong>Evreux<br>\u00a0<br>Spectacle<br><strong>Souviens-toi de moi<br><\/strong>20h30<br>L&rsquo;Abribus, Criel-sur-Mer<br>\u00a0<br>Projection<br><strong>Audacieuses<\/strong><br>20h30<br>Cin\u00e9ma Ariel, Mt-St-Aignan<\/td><\/tr><\/tbody><\/table><\/figure>\n\n\n\n<h2 class=\"wp-block-heading\"><strong><span class=\"has-inline-color has-vivid-red-color\">Samedi<\/span><\/strong><\/h2>\n\n\n\n<figure class=\"wp-block-table\"><table><tbody><tr><td>Visite comment\u00e9e<br><strong>Horlogerie : un savoir-faire au f\u00e9minin<br><\/strong>10h<br>Mus\u00e9e, St-Nicolas-d\u2019Aliermont<br>\u00a0<br>Visite comment\u00e9e<br><strong>Dentelles normandes et turques<br><\/strong>11h\/14h30\/16h30<br>Maison des Dentelles, Argentan<br>\u00a0<br>Visite comment\u00e9e<strong><br>A la rencontre des femmes de science !<\/strong><br>15h30\/16h30<br>L&rsquo;Atrium, Rouen<br>\u00a0<br>Visite comment\u00e9e<br><strong>Saint-Ouen<\/strong><br>10h\/11h15\/14h\/15h30<br>Abbatiale Saint-Ouen, Rouen<br>\u00a0<br>Visites flashs<br><strong>Comment repr\u00e9senter le corps\u00a0?<\/strong><br>10h30\/11h30\/14h30\/16h30<br>Mus\u00e9e des Bx-Arts, Rouen<br>\u00a0<br>Table ronde &#8211; Concert<br><strong>Des femmes et la mer<br><\/strong>de 11h \u00e0 15h<br>La Halle aux poissons, Le Havre<br>\u00a0<br>Performance<br><strong>Un Tango pour Chavela<br><\/strong>11h\/16h\/17h30<br>Historial Jeanne d&rsquo;Arc, Rouen<br>\u00a0<br>Visite comment\u00e9e<br><strong>Les femmes du cimeti\u00e8re<br><\/strong>11h15\/12h15\/15h15<br>Cimeti\u00e8re Ste-Marie, Le Havre<br>\u00a0<br>Conf\u00e9rence<br><strong>Flora Tristan<\/strong><br>14h<br>Scriptorial, Avranches<br><br>Visite Flash<strong> <br>Les femmes dans les collections<br><\/strong>de 14h \u00e0 15h45<br>Mus\u00e9e Beauvoisine, Rouen<br>\u00a0<br>Ateliers et rencontre<br><strong>Gamer et pourquoi pas Gameuse ?<br><\/strong>14h\/16h<br>MED, \u00c9vreux<br>\u00a0<br>Visite comment\u00e9e<br><strong>L&rsquo;histoire des femmes \u00e0 Petit-Quevilly<\/strong><br>14h\/16h<br>Bib Fr. Truffaut, Pt-Quevilly<br>\u00a0<br>Visite comment\u00e9e<br><strong>Femmes de la Reconstruction #1<br><\/strong>14h\/14h30\/15h\/15h30\/16h\/16h30<br>\u00c9glise St-Joseph, Le Havre<br>\u00a0<br><strong><span class=\"has-inline-color has-vivid-red-color\">ANNUL\u00c9<br><\/span><\/strong><s>Performance<strong><br>Deliciae<br><\/strong>14h\/17h<br>Espace Culturel E-Leclerc, Bayeux<\/s><br>\u00a0<br>Balade comment\u00e9e \u00e0 v\u00e9lo<br><strong>Caen \u00e0 ELLES<\/strong><br>17h<br>L&rsquo;Aqueerium, Caen<br>\u00a0<br>Visite guid\u00e9e<br><strong>Collections textiles<\/strong><br>14h30\/16h<br>Fabrique des Savoirs, Elbeuf<br>\u00a0<br>Visite comment\u00e9e<br><strong>Rouen est une femme<\/strong><br>14h30<br>Rouen<br>\u00a0<br>Table ronde<br><strong>Les femmes artistes dans les musiques actuelles<br><\/strong>15h<br>Le Tetris, Le Havre<br><br>Spectacle<br><strong>L\u2019histoire de James Barry<br><\/strong>\u00e0 15h<br>Mus\u00e9e Flaubert, Rouen<br>\u00a0<br>Spectacle<br><strong>Kuma<\/strong><br>15h<br>Centre A. Malraux, Rouen<br><br>Spectacle<br><strong>Moi, Mathilde Planchon&#8230;<\/strong><br>15h\/16h30<br>La Graine, Rouen<br><br>Spectacle<br><strong>Une touche f\u00e9minine<br><\/strong>15h30<br>Mus\u00e9e d&rsquo;art et d&rsquo;histoire, Saint-L\u00f4<br><\/td><td>Lecture<strong><br>Tu seras un homme ma fille<\/strong><br>15h30<br>Parc Bouttard, Gd Quevilly<br>\u00a0<br>Atelier d\u2019\u00e9criture<br><strong>Louise Colet &amp; Gustave Flaubert<\/strong><br>15h30<br>Pavillon Flaubert, Canteleu<br><br>Concerts<strong><br>Ad\u00e9lys \/ Agathe<br><\/strong>16h\/19h<br>Gisacum, Le Vieil-\u00c9vreux<br>\u00a0<br>Spectacle<br><strong>Vous regardez quoi?<\/strong><br>16h<br>Bib. S.de Beauvoir, Rouen<br><br><br>Projection et rencontre<br><strong>Sisters with transistors<\/strong><br>16h<br>le 106, Rouen<br>\u00a0<br>Lecture musicale<br><strong>Il y a assur\u00e9ment de l\u2019indicible<\/strong><br>16h<br>Th. Legendre<strong>, <\/strong>\u00c9vreux<br>\u00a0<br>Concert<br><strong>Mel Bonis, une femme de l\u00e9gende<br><\/strong>16h<br>Scriptorial, Avranches<br>\u00a0<br>Lecture<br><strong>D&rsquo;ici d&rsquo;ailleurs, des voix d&rsquo;autrices<\/strong><br>17h<br>L&rsquo;Entre-Seine, St Jacques sur Darn\u00e9tal<br>\u00a0<br>Spectacle\u00a0<br><strong>N\u00e9buleuses<br><\/strong>17h<br>Marx Dormoy, Grd Quevilly<br>\u00a0<br>Performance<br><strong>Nadine Beaulieu<br><\/strong>17h<br>Mus\u00e9e des Bx-Arts, Rouen<br>\u00a0<br>Balade f\u00e9ministe<br><strong>Des rues rebaptis\u00e9es aux noms de femmes<br><\/strong>17h<br>Parc Simone Veil, Alencon<br>\u00a0<br>Concert<br><strong>Lox&rsquo;One<\/strong><br>17h<br>Le Normandy, Saint-L\u00f4<br>\u00a0<br>Danse<strong><br>Portraits in red<\/strong><br>18h30<br>Th. Legendre<strong>, <\/strong>\u00c9vreux<br>\u00a0<br>Concert<br><strong>Museau<\/strong><br>18h30<br>Parc Bouttard, Gd Quevilly<br>\u00a0<br>Spectacle<br><strong>Les Filles aux mains jaunes<\/strong><br>20h<br>Esp. des 4 vents, St-Nicolas d\u2019Aliermont<br>\u00a0<br><strong><span class=\"has-inline-color has-vivid-red-color\">REPORT\u00c9 au 6 mai 2022 (votre billet reste valable pour cette nouvelle date)<\/span><\/strong> <br><s>Concert<strong><br>Cam\u00e9lia Jordana<\/strong><br>20h<br>Le Tetris, Le Havre<\/s><br>\u00a0<br>Concert<br><strong>Surprise Party<\/strong><br>19h<br>Le Tetris, Le Havre<br><br>Spectacle<br><strong>L&rsquo;\u00e9pouse &amp; La M\u00e9nag\u00e8re<\/strong><br>20h<br>Chapelle St Louis, Rouen<br>\u00a0<br>Visite th\u00e9\u00e2tralis\u00e9e<br><strong>Et pourquoi pas LA Grosse-Horloge\u00a0?<\/strong><br>\u00e0 partir de 20h<br>Gros-Horloge, Rouen<br>\u00a0<br>Concert<br><strong>Compositrices romantiques<\/strong><br>20h30<br>Ch\u00e2teau de Reviers<br><\/td><\/tr><\/tbody><\/table><\/figure>\n\n\n\n<h2 class=\"wp-block-heading\"><strong><span class=\"has-inline-color has-vivid-red-color\">Dimanche<\/span><\/strong><\/h2>\n\n\n\n<figure class=\"wp-block-table\"><table><tbody><tr><td>Balade po\u00e9tique<br><strong>Femmes de Nature<\/strong><br>9h30<br>Mont de Cerisy<br>&nbsp;<br>Visite comment\u00e9e<strong><br>A la rencontre des femmes de science !<\/strong><br>15h30<br>L&rsquo;Atrium, Rouen<br>&nbsp;<br>Projection<br><strong>Les Plages d&rsquo;Agn\u00e8s<\/strong><br>10h30<br>Omnia aux Toiles, Rouen<br>&nbsp;<br>Visite flash<br><strong>Comment repr\u00e9senter le corps&nbsp;?<\/strong><br>10h30\/11h30\/14h30\/16h30<br>Mus\u00e9e des Bx-Arts, Rouen<br>&nbsp;<br>Visite comment\u00e9e<br><strong>Les femmes du cimeti\u00e8re<\/strong><br>11h15\/12h15\/16h15<br>Cimeti\u00e8re Ste-Marie, Le Havre<br>&nbsp;<br>Visite comment\u00e9e<br><strong>La place des femmes dans la musique<\/strong><br>14h<br>La Luciole, Alen\u00e7on<br>&nbsp;<br>Visite Flash<strong> <br>Les femmes dans les collections<br><\/strong>14h-15h45<br>Mus\u00e9e Beauvoisine, Rouen<br>&nbsp;<br>Visite comment\u00e9e<br><strong>Femmes de la Reconstruction #2<\/strong><br>14h\/14h30\/15h\/15h30\/16h\/16h30<br>\u00c9glise St-Michel, Le Havre<br>&nbsp;<br>Cin\u00e9-concert<br><strong>Nue du dedans<\/strong><br>14h\/15h45\/17h30<br>Marx Dormoy, Grd Quevilly<br><br><span class=\"has-inline-color has-vivid-red-color\"><strong> <strong><span class=\"has-inline-color has-vivid-red-color\">ANNUL\u00c9<\/span><\/strong> <\/strong><\/span><br><s>Balades comment\u00e9es<br><strong>Caen \u00e0 ELLES<\/strong><br>14h\/17h<br>Le Pavillon, Caen<\/s><br>&nbsp;<br>Concert<br><strong>Christine Groult et Beatrix Fereyrra<\/strong><br>14h14\/15h15\/16h16\/17h17<br>Place du Ch\u00eane rouge, Rouen&nbsp;<br>&nbsp;<br>Visite comment\u00e9e<br><strong>Saintes tendresses<\/strong><br>14h30<br>\u00c9glise St-Laurent, Rauville-la-Place<br>&nbsp;<br>Balade comment\u00e9e<strong><br>Rouen est une femme<\/strong><br>14h30<br>Rouen<br>&nbsp;<br>Spectacle<br><strong>Et je suis revenue&nbsp;<\/strong><br>14h30<br>Parc Bouttard, Gd Quevilly<br><br>D\u00e9ambulation th\u00e9\u00e2tralis\u00e9e<br><strong>D\u2019abord elle a go\u00fbt\u00e9 la pomme<\/strong><br>14h30\/16h<br>L&rsquo;Atrium, Rouen<br><br>Performance<br><strong>Il me reste un petit bout de terre&#8230;<\/strong><br>15h<br>Mus\u00e9e de la c\u00e9ramique, Rouen<\/td><td>Spectacle<br><strong>L\u2019ouvri\u00e8re inconnue<br><\/strong>15h<br>Fabrique des Savoirs, Elbeuf<br><br>Performance<br><strong>Pusha Petrov<\/strong><br>15h<br>Corderie Vallois, N-D-de-Bondeville<br><br>Atelier d\u2019\u00e9criture<br><strong>Louise Colet &amp; Gustave Flaubert<\/strong><br>15h30<br>Pavillon Flaubert, Canteleu<br>&nbsp;<br>Promenade pop<strong><br>Simonetta<\/strong><br>15h30<br>Le Vieux-Ch\u00e2teau du Neubourg<br>&nbsp;<br>Spectacle<br><strong>Une touche f\u00e9minine<br><\/strong>15h30<br>Mus\u00e9e d&rsquo;art et d&rsquo;histoire, Saint-L\u00f4<br>&nbsp;<br>Concert<br><strong>Carnet de fleurs<\/strong><br>15h30\/17h<br>Jardin de Plantes, Rouen<br>&nbsp;<br>Projection<br><strong>Bad Girls des musiques arabes<\/strong><br>16h<br>Th. Legendre<strong>, <\/strong>\u00c9vreux<br>&nbsp;<br>Projection<br><strong>Oser \u00e9crire<\/strong><br>16h<br>Cin\u00e9ma Le X\u00e9non, Bolbec<br>&nbsp;<br>Spectacle<br><strong>Devenues<\/strong><br>16h<br>Mus\u00e9e des Bx-Arts, Rouen<br>&nbsp;<br>Lecture th\u00e9\u00e2tralis\u00e9e<strong><br>Tu seras un homme ma fille<\/strong><br>16h<br>Corderie Vallois, N-D-de-Bondeville<br>&nbsp;<br>Spectacle<br><strong>Nos philosophes<\/strong><br>16h<br>Mus\u00e9e Beauvoisine, Rouen<br>&nbsp;<br>Lecture<strong><br>L&rsquo;Engouement<\/strong><br>16h15<br>Parc Bouttard, Gd Quevilly<br>&nbsp;<br>Concert<br><strong>Waed Bouhassoun<br><\/strong>17h15<br>Th. Legendre<strong>, <\/strong>\u00c9vreux<br>&nbsp;<br>Projection<br><strong>Ida Lupino<\/strong><br>18h<br>Caf\u00e9 des images, H\u00e9rouville-St-Clair<br>&nbsp;<br>Concert<br><strong>Compositrices romantiques<\/strong><br>18h<br>Ch\u00e2teau de Bosmelet, Val de Scie<br>&nbsp;<br>Projection<br><strong>La Belladone de la tristesse<br><\/strong>18h30<br>Th. Legendre<strong>, <\/strong>\u00c9vreux<\/td><\/tr><\/tbody><\/table><\/figure>\n\n\n\n<h2 class=\"wp-block-heading\"><strong><span class=\"has-inline-color has-vivid-red-color\">Expositions<\/span><\/strong><\/h2>\n\n\n\n<figure class=\"wp-block-table\"><table><tbody><tr><td><strong>Grandes Femmes dans la Guerre<\/strong><br>Centre Juno Beach, Courseulles-Sur-Mer<strong><br><\/strong><br><strong>Le mur d\u2019Alice Dufay<\/strong><br>L&rsquo;Artoth\u00e8que, Caen<br><br><strong>Des chevaux et des femmes<\/strong><br>Jardin des Plantes, Caen<br>&nbsp;<br><strong>Les Quevillaises ont une histoire !<\/strong><br>Bib Fr. Truffaut, Pt-Quevilly<br><strong><br>ELLE<\/strong><br>Zenith de Rouen<br>&nbsp;<br><strong>Moulinex, m\u00e9moire vivante<\/strong><br>Esp. Jean Mantelet, Cormelles le Royal<br>&nbsp;<br><strong>Computer Grrrls<\/strong><br>Le Tetris, Le Havre<br><br><strong><span class=\"has-inline-color has-vivid-red-color\"><strong><span class=\"has-inline-color has-vivid-red-color\">ANNUL\u00c9<\/span><\/strong><\/span><\/strong> <br><s><strong>Le f\u00e9minin dans les mythes<br><\/strong>Esp. Michel Fr\u00e9rot, Thaon<\/s><br>&nbsp;<br><strong>Tu joues bien pour une fille<br><\/strong>Bib. Boris Vian, Grand Couronne<br><br><strong>Les desserts pr\u00e9f\u00e9r\u00e9s de mon mari<\/strong><br>Le Tetris, Le Havre<\/td><td><strong>Nuage<\/strong><br>Domaine d&rsquo;Harcourt<br><strong><br>Ces sportives qui bousculent la Normandie<\/strong><br>Le Normandy, Saint-L\u00f4<br>&nbsp;<br><strong>Para\u00eetre \u00catre<\/strong><br>Corderie Vallois, N-D-de-Bondeville<br>&nbsp;<br><strong>Figures f\u00e9minines<\/strong><br>Moulin de Marie Ravenel, Vicq-sur-Mer<br>&nbsp;<br><strong>Matrimoine scientifique<\/strong><br>L&rsquo;Atrium, Rouen<br>&nbsp;<br><strong>Aquar&rsquo;Elles<\/strong><br>La Factorie, Val de Reuil<br><br><strong>La F\u00eate des Traditions<\/strong><br>Ch\u00e2teau de Cr\u00e8vec\u0153ur<br>&nbsp;<br><strong>Marie Etienne<\/strong> &amp; <strong>Gudrun Hannesdottir<\/strong><br>Atelier Val\u00e9rie Boyce, St-Didier<br><br><strong><span class=\"has-inline-color has-vivid-red-color\"> <strong><span class=\"has-inline-color has-vivid-red-color\">ANNUL\u00c9<\/span><\/strong> <\/span><\/strong><br><s><strong>Caen \u00e0 ELLES<\/strong><br>Le Pavillon, Caen<\/s><br><br><br><\/td><\/tr><\/tbody><\/table><\/figure>\n","protected":false},"excerpt":{"rendered":"<p>Jeudi Inauguration et visite comment\u00e9eFemmes rouennaises inspirantes19hSquare Verdrel, Rouen&nbsp;&nbsp;SpectacleC\u00e9cile et Victoria19hEsp. G. Le Conqu\u00e9rant, Bois Guillaume Vendredi Visite comment\u00e9eDentelles normandes et turques11h\/14h30\/16h30Maison des Dentelles, Argentan\u00a0Visite comment\u00e9eLes femmes de la SMN14hLa Renaissance, Colombelles\u00a0Conf\u00e9renceHyacinthe Ravet13h30Conservatoire, Grd Couronne\u00a0Visite comment\u00e9eMaison de l\u2019enfance, de la nature et des for\u00eats15hBois du Roule, Darn\u00e9tal\u00a0Inauguration et visite comment\u00e9eTu joues bien pour une fille17hBib. [&hellip;]<\/p>\n","protected":false},"author":5,"featured_media":0,"parent":0,"menu_order":0,"comment_status":"closed","ping_status":"closed","template":"","meta":{"footnotes":""},"class_list":["post-1800","page","type-page","status-publish","hentry"],"_links":{"self":[{"href":"https:\/\/hf-normandie.fr\/index.php\/wp-json\/wp\/v2\/pages\/1800","targetHints":{"allow":["GET"]}}],"collection":[{"href":"https:\/\/hf-normandie.fr\/index.php\/wp-json\/wp\/v2\/pages"}],"about":[{"href":"https:\/\/hf-normandie.fr\/index.php\/wp-json\/wp\/v2\/types\/page"}],"author":[{"embeddable":true,"href":"https:\/\/hf-normandie.fr\/index.php\/wp-json\/wp\/v2\/users\/5"}],"replies":[{"embeddable":true,"href":"https:\/\/hf-normandie.fr\/index.php\/wp-json\/wp\/v2\/comments?post=1800"}],"version-history":[{"count":12,"href":"https:\/\/hf-normandie.fr\/index.php\/wp-json\/wp\/v2\/pages\/1800\/revisions"}],"predecessor-version":[{"id":1935,"href":"https:\/\/hf-normandie.fr\/index.php\/wp-json\/wp\/v2\/pages\/1800\/revisions\/1935"}],"wp:attachment":[{"href":"https:\/\/hf-normandie.fr\/index.php\/wp-json\/wp\/v2\/media?parent=1800"}],"curies":[{"name":"wp","href":"https:\/\/api.w.org\/{rel}","templated":true}]}}