{"id":3520,"date":"2024-02-28T16:24:59","date_gmt":"2024-02-28T15:24:59","guid":{"rendered":"https:\/\/hf-normandie.fr\/?page_id=3520"},"modified":"2024-04-04T14:58:14","modified_gmt":"2024-04-04T12:58:14","slug":"vss-sinformer","status":"publish","type":"page","link":"https:\/\/hf-normandie.fr\/index.php\/vss-sinformer\/","title":{"rendered":"Conscientiser les violences sexistes et sexuelles"},"content":{"rendered":"\n<hr class=\"wp-block-separator has-alpha-channel-opacity\"\/>\n\n\n\n<h4 class=\"wp-block-heading\"><em>Cette page est destin\u00e9e \u00e0 donner des cl\u00e9s de compr\u00e9hension des violences sexistes et sexuelles et de leur caract\u00e8re syst\u00e9mique, particuli\u00e8rement dans le secteur culturel. <\/em><br><em>Elle est compl\u00e9t\u00e9e et mise \u00e0 jour r\u00e9guli\u00e8rement par l&rsquo;\u00e9quipe d&rsquo;HF+ Normandie. <\/em><\/h4>\n\n\n\n<hr class=\"wp-block-separator has-alpha-channel-opacity\"\/>\n\n\n\n<p><strong><a href=\"https:\/\/theconversation.com\/lopera-un-univers-propice-aux-violences-sexistes-et-sexuelles-222421?utm_medium=email&amp;utm_campaign=La%20lettre%20de%20The%20Conversation%20France%20du%206%20mars%202024%20-%202899229446&amp;utm_content=La%20lettre%20de%20The%20Conversation%20France%20du%206%20mars%202024%20-%202899229446+CID_457d05131f9b1d434b8566fd95afe638&amp;utm_source=campaign_monitor_fr&amp;utm_term=Lopra%20un%20univers%20propice%20aux%20violences%20sexistes%20et%20sexuelles\">L\u2019op\u00e9ra, un univers propice aux violences sexistes et\u00a0sexuelles\u00a0?<\/a><\/strong> est un article co-\u00e9crit par\u00a0<strong>Marie Buscatto<\/strong>\u00a0(Professeure de sociologie, Universit\u00e9 Paris 1 Panth\u00e9on-Sorbonne) et\u00a0<strong>Ionela Roharik<\/strong>\u00a0(Sociologue, ing\u00e9nieure d\u2019\u00e9tudes, \u00c9cole des Hautes \u00c9tudes en Sciences Sociales (EHESS)) et publi\u00e9 le 6 mars 2024 sur l&rsquo;omnipr\u00e9sence des violences sexistes et sexuelles dans l&rsquo;op\u00e9ra fran\u00e7ais.<\/p>\n\n\n\n<p><a href=\"https:\/\/www.francetvinfo.fr\/societe\/violences-faites-aux-femmes\/enquete-franceinfo-dans-le-milieu-du-stand-up-le-combat-permanent-des-femmes-humoristes-contre-les-comportements-sexistes_6419728.html\" data-type=\"link\" data-id=\"https:\/\/www.francetvinfo.fr\/societe\/violences-faites-aux-femmes\/enquete-franceinfo-dans-le-milieu-du-stand-up-le-combat-permanent-des-femmes-humoristes-contre-les-comportements-sexistes_6419728.html\"><strong>Dans le milieu du stand-up, le \u00ab\u00a0combat permanent\u00a0\u00bb des femmes humoristes contre les comportements sexistes<\/strong><\/a>, est un article publi\u00e9 par France Info le 31 mars 2024 recensant les t\u00e9moignages de plusieurs stand uppeuses qui d\u00e9noncent les agissements sexistes dans le milieu de l&rsquo;humour. <\/p>\n\n\n\n<p><a href=\"https:\/\/quasisamediproduct.wixsite.com\/prod\/podcasts\"><strong>Le petit chat est mort<\/strong><\/a> est un podcast port\u00e9 par QuasiSamedi Production qui s\u2019int\u00e9resse \u00e0 certaines manifestations du sexisme dans l\u2019enseignement du th\u00e9\u00e2tre aujourd\u2019hui en France et aux diff\u00e9rents moyens de parvenir \u00e0 les enrayer. TW t\u00e9moignage de VSS dans le premier \u00e9pisode.<\/p>\n\n\n\n<p><a href=\"https:\/\/onsaitcommentcasetermine.fr\/\"><strong>On sait comment \u00e7a se termine<\/strong><\/a> est un site exp\u00e9rientiel mis en ligne par le Haut Conseil \u00e0 l&rsquo;\u00c9galit\u00e9 (HCE) qui propose une fiction sonore originale en 5 s\u00e9quences pour illustrer le continuum des violences, du sexisme ordinaire au f\u00e9minicide. Cette fiction doit permettre \u00e0 chacun\u00b7e de mieux comprendre le sexisme, le rep\u00e9rer et le d\u00e9noncer.<\/p>\n\n\n\n<p><a href=\"https:\/\/www.plan-international.fr\/app\/uploads\/2024\/01\/DP-Violences-de-genre-a-lecole-Plan-International-France-1.pdf\"><strong>Barom\u00e8tre : Les violences de genre \u00e0 l\u2019\u00e9cole<\/strong><\/a>, publi\u00e9 par l\u2019ONG Plan International visant \u00e0 objectiver les violences sexistes et sexuelles \u00e0 l\u2019\u00e9cole en France.<\/p>\n\n\n\n<p>Afdas, op\u00e9rateur de comp\u00e9tences de divers secteurs dont ceux de la culture et des industries cr\u00e9atives propose en partenariat avec Olecio, un <a href=\"https:\/\/olecio.fr\/afdas_vhss\"><strong>centre de ressources multim\u00e9dias pour prendre conscience, pr\u00e9venir et agir contre les Violences et harc\u00e8lements sexistes et sexuels en situation professionnelle<\/strong><\/a><\/p>\n\n\n\n<p><a href=\"https:\/\/www.quebecdanse.org\/ressources\/prevention-du-harcelement\/bande-dessinee\/\"><strong>Bande dessin\u00e9e &#8211; Danser, ce n\u2019est pas tout accepter!<\/strong><\/a> est une bande dessin\u00e9e r\u00e9alis\u00e9e \u00e0 l&rsquo;initiative du Regroupement Qu\u00e9b\u00e9cois de la Danse (RQD) et illustr\u00e9e par Sarah Arnal, afin de sensibiliser au harc\u00e8lement dans le milieu de la danse. <\/p>\n\n\n\n<p>Le Regroupement Qu\u00e9b\u00e9cois de la Danse (RQD) a \u00e9galement produit <a href=\"https:\/\/www.quebecdanse.org\/ressources\/prevention-du-harcelement\/\"><strong>une trousse de pr\u00e9vention du harc\u00e8lement et autres violences en danse<\/strong><\/a>. <\/p>\n\n\n\n<p>Pour les plus jeunes \u00e0 partir du CP  d\u00e9couvrez <a href=\"https:\/\/www.memoiretraumatique.org\/assets\/files\/v1\/Documents-pdf\/2022-quand-on-te-fait-du-mal_ponti-memoire-traumatique-hdweb.pdf\"><strong>le livre illustr\u00e9 \u00ab\u00a0Quand on te fait du mal\u00a0\u00bb de Muriel Salmona et Sokhna Fall, adapt\u00e9 et illustr\u00e9 par Claude Ponti <\/strong><\/a><\/p>\n","protected":false},"excerpt":{"rendered":"<p>Cette page est destin\u00e9e \u00e0 donner des cl\u00e9s de compr\u00e9hension des violences sexistes et sexuelles et de leur caract\u00e8re syst\u00e9mique, particuli\u00e8rement dans le secteur culturel. Elle est compl\u00e9t\u00e9e et mise \u00e0 jour r\u00e9guli\u00e8rement par l&rsquo;\u00e9quipe d&rsquo;HF+ Normandie. L\u2019op\u00e9ra, un univers propice aux violences sexistes et\u00a0sexuelles\u00a0? est un article co-\u00e9crit par\u00a0Marie Buscatto\u00a0(Professeure de sociologie, Universit\u00e9 Paris [&hellip;]<\/p>\n","protected":false},"author":11,"featured_media":0,"parent":0,"menu_order":0,"comment_status":"closed","ping_status":"closed","template":"","meta":{"footnotes":""},"class_list":["post-3520","page","type-page","status-publish","hentry"],"_links":{"self":[{"href":"https:\/\/hf-normandie.fr\/index.php\/wp-json\/wp\/v2\/pages\/3520","targetHints":{"allow":["GET"]}}],"collection":[{"href":"https:\/\/hf-normandie.fr\/index.php\/wp-json\/wp\/v2\/pages"}],"about":[{"href":"https:\/\/hf-normandie.fr\/index.php\/wp-json\/wp\/v2\/types\/page"}],"author":[{"embeddable":true,"href":"https:\/\/hf-normandie.fr\/index.php\/wp-json\/wp\/v2\/users\/11"}],"replies":[{"embeddable":true,"href":"https:\/\/hf-normandie.fr\/index.php\/wp-json\/wp\/v2\/comments?post=3520"}],"version-history":[{"count":6,"href":"https:\/\/hf-normandie.fr\/index.php\/wp-json\/wp\/v2\/pages\/3520\/revisions"}],"predecessor-version":[{"id":3577,"href":"https:\/\/hf-normandie.fr\/index.php\/wp-json\/wp\/v2\/pages\/3520\/revisions\/3577"}],"wp:attachment":[{"href":"https:\/\/hf-normandie.fr\/index.php\/wp-json\/wp\/v2\/media?parent=3520"}],"curies":[{"name":"wp","href":"https:\/\/api.w.org\/{rel}","templated":true}]}}