{"id":3686,"date":"2024-08-01T15:09:49","date_gmt":"2024-08-01T13:09:49","guid":{"rendered":"https:\/\/hf-normandie.fr\/?page_id=3686"},"modified":"2025-07-18T14:59:09","modified_gmt":"2025-07-18T12:59:09","slug":"journees-du-matrimoine-2024-seine-maritime","status":"publish","type":"page","link":"https:\/\/hf-normandie.fr\/index.php\/journees-du-matrimoine-2024-seine-maritime\/","title":{"rendered":"Journ\u00e9es du Matrimoine 2024 \u2013 Seine-Maritime"},"content":{"rendered":"<div class=\"wp-block-image\">\n<figure class=\"aligncenter size-large\"><img loading=\"lazy\" decoding=\"async\" width=\"1024\" height=\"256\" src=\"https:\/\/hf-normandie.fr\/wp-content\/uploads\/2024\/07\/gabarits-web_Virginia_1584-x-396-1024x256.jpg\" alt=\"\" class=\"wp-image-3658\" srcset=\"https:\/\/hf-normandie.fr\/wp-content\/uploads\/2024\/07\/gabarits-web_Virginia_1584-x-396-1024x256.jpg 1024w, https:\/\/hf-normandie.fr\/wp-content\/uploads\/2024\/07\/gabarits-web_Virginia_1584-x-396-300x75.jpg 300w, https:\/\/hf-normandie.fr\/wp-content\/uploads\/2024\/07\/gabarits-web_Virginia_1584-x-396-768x192.jpg 768w, https:\/\/hf-normandie.fr\/wp-content\/uploads\/2024\/07\/gabarits-web_Virginia_1584-x-396-1536x384.jpg 1536w, https:\/\/hf-normandie.fr\/wp-content\/uploads\/2024\/07\/gabarits-web_Virginia_1584-x-396.jpg 1584w\" sizes=\"auto, (max-width: 1024px) 100vw, 1024px\" \/><\/figure>\n<\/div>\n\n\n<div class=\"wp-block-group\"><div class=\"wp-block-group__inner-container is-layout-constrained wp-block-group-is-layout-constrained\">\n<p class=\"has-white-color has-text-color has-link-color wp-elements-7e4ac651328708ea719ac0894fa30934\">.<\/p>\n\n\n\n<h2 class=\"wp-block-heading has-black-color has-text-color has-small-font-size\"><mark style=\"background-color:#000000\" class=\"has-inline-color has-white-color\">Lecture chor\u00e9graphi\u00e9e<\/mark><\/h2>\n\n\n\n<h2 class=\"wp-block-heading has-black-color has-text-color has-link-color has-medium-font-size wp-elements-3f53220dff36382c1b498096cc6406a2\"><strong>Fabrik &amp; Compagnie<\/strong><\/h2>\n\n\n\n<h2 class=\"wp-block-heading has-vivid-red-color has-text-color has-link-color has-large-font-size wp-elements-a2cc23611480e8040d4af979d1a00969\" style=\"text-transform:uppercase\"><strong>Frida La Bancale ou l&rsquo;art qui donne du courage<\/strong><\/h2>\n\n\n\n<p>Une plong\u00e9e dans l\u2019intimit\u00e9 de Frida Kahlo, femme et artiste hors du commun, de son enfance \u00e0 la fin de sa vie. Les mots de Gwen Buhot accompagn\u00e9s de la danse d\u2019Anne Delamotte, nous emportent dans ce tourbillon joyeux et douloureux voyage d\u2019une vie.<\/p>\n\n\n\n<h2 class=\"wp-block-heading has-vivid-red-color has-text-color has-link-color has-normal-font-size wp-elements-dad287d5f6d7d6e58b89a51d8cee5caf\"><strong>Samedi 21 septembre \u00e0 18h (45 min)<\/strong><\/h2>\n\n\n\n<h2 class=\"wp-block-heading has-black-color has-text-color has-link-color has-normal-font-size wp-elements-4428e4b1463beeaaa7d6794def307f96\"><strong>Mus\u00e9e Num\u00e9rique<\/strong><\/h2>\n\n\n\n<h2 class=\"wp-block-heading has-black-color has-text-color has-link-color has-normal-font-size wp-elements-fcc073b1784c711e944a7677b8e2f269\">5<strong> <\/strong>rue du G\u00e9n\u00e9ral Giraud 76360 Barentin<\/h2>\n\n\n\n<h2 class=\"wp-block-heading has-black-color has-text-color has-link-color has-normal-font-size wp-elements-b89f60c947346c274bdf3ac9cd0fa455\">Gratuit sur r\u00e9servation au 02 32 94 90 23<\/h2>\n\n\n\n<h2 class=\"wp-block-heading has-black-color has-text-color has-link-color has-normal-font-size wp-elements-ce004004be41da634167dbf8f46ba325\"><a href=\"https:\/\/ville-barentin.fr\/mes-loisirs\/culture\/theatre-montdory\/spectacle\">ville-barentin.fr\/mes-loisirs\/culture\/theatre-montdory\/spectacle<\/a><\/h2>\n\n\n\n<p class=\"has-white-color has-white-background-color has-text-color has-background has-link-color wp-elements-f3af10659a18cfd88d4a54e34f264cca\"><\/p>\n<\/div><\/div>\n\n\n\n<h2 class=\"wp-block-heading has-text-align-center has-text-color has-link-color wp-elements-c7d97a5ba39bf8c51fad06de1a9bba94\" style=\"color:#ffde5c;font-size:62px\"><strong>&#8211; &#8211; &#8211;<\/strong><\/h2>\n\n\n\n<div class=\"wp-block-group\"><div class=\"wp-block-group__inner-container is-layout-constrained wp-block-group-is-layout-constrained\">\n<h2 class=\"wp-block-heading has-black-color has-text-color has-small-font-size\"><mark style=\"background-color:#000000\" class=\"has-inline-color has-white-color\">D\u00e9ambulation dans\u00e9e et cont\u00e9e, en famille \u00e0 partir de 10 ans<\/mark><\/h2>\n\n\n\n<h2 class=\"wp-block-heading has-black-color has-text-color has-link-color has-medium-font-size wp-elements-72dcd36467712dbd999ab9b3ca9e4c93\"><strong>Cie Moi Peau<\/strong><\/h2>\n\n\n\n<h2 class=\"wp-block-heading has-vivid-red-color has-text-color has-link-color has-large-font-size wp-elements-54657eded5e01e23daa26b0c6b649e31\" style=\"text-transform:uppercase\"><strong>Victoire<\/strong><\/h2>\n\n\n\n<p>En d\u00e9tournant plusieurs tableaux c\u00e9l\u00e8bres, l\u2019illustratrice Claire Cantais narre, dans <em>Votez Victorine<\/em>, l\u2019histoire d\u2019une jeune femme qui, \u00e0 la suite d\u2019une mauvaise blague, se retrouve nue dans la nature, c\u2019est-\u00e0-dire libre ! Promise \u00e0 un avenir tout trac\u00e9, elle profite de cette exp\u00e9rience pour d\u00e9cider de prendre sa vie en main et jouer un tour \u00e0 la soci\u00e9t\u00e9<s>.<\/s> Au fil d\u2019\u00e9chapp\u00e9es libres dans notre histoire de l\u2019art, de la Renaissance aux ann\u00e9es 80, cette conf\u00e9rence dans\u00e9e et cont\u00e9e questionne les repr\u00e9sentations des femmes dans l\u2019art et leur reconnaissance en tant qu\u2019artistes. C\u2019est aussi l\u2019occasion de d\u00e9couvrir les espaces et recoins de Juliobona !<\/p>\n\n\n\n<h2 class=\"wp-block-heading has-vivid-red-color has-text-color has-link-color has-normal-font-size wp-elements-9e6e99851f27915e7452bfbea5b2c0e1\"><strong>Samedi 21 septembre \u00e0 10h et 14h (50 min)<\/strong><\/h2>\n\n\n\n<h2 class=\"wp-block-heading has-black-color has-text-color has-link-color has-normal-font-size wp-elements-8c04ad0ffb12c6f4914b197766b2bdd7\"><strong>Centre Culturel Juliobona<\/strong><\/h2>\n\n\n\n<h2 class=\"wp-block-heading has-black-color has-text-color has-link-color has-normal-font-size wp-elements-0464db7387e0eac8470ce185009b3552\">Place de Coubertin 76170 Lillebonne<\/h2>\n\n\n\n<h2 class=\"wp-block-heading has-black-color has-text-color has-link-color has-normal-font-size wp-elements-eeb49bea1f29c5bc8995ed305417adde\">Gratuit sur r\u00e9servation au 02 35 38 51 88 ou par mail&nbsp;<a href=\"mailto:juliobona@lillebonne.fr\">juliobona@lillebonne.fr<\/a><\/h2>\n\n\n\n<h2 class=\"wp-block-heading has-black-color has-text-color has-link-color has-normal-font-size wp-elements-1c7ab6993c0e0259c269b0b126c3a2e1\"><a href=\"http:\/\/www.juliobona.fr\" data-type=\"link\" data-id=\"www.juliobona.fr\">juliobona.fr<\/a><\/h2>\n\n\n\n<p class=\"has-white-color has-white-background-color has-text-color has-background has-link-color wp-elements-f3af10659a18cfd88d4a54e34f264cca\"><\/p>\n<\/div><\/div>\n\n\n\n<h2 class=\"wp-block-heading has-text-align-center has-text-color has-link-color wp-elements-c7d97a5ba39bf8c51fad06de1a9bba94\" style=\"color:#ffde5c;font-size:62px\"><strong>&#8211; &#8211; &#8211;<\/strong><\/h2>\n\n\n\n<p><\/p>\n\n\n\n<div class=\"wp-block-group\"><div class=\"wp-block-group__inner-container is-layout-constrained wp-block-group-is-layout-constrained\">\n<h2 class=\"wp-block-heading has-black-color has-text-color has-small-font-size\"><mark style=\"background-color:#000000\" class=\"has-inline-color has-white-color\">Conf\u00e9rence<\/mark><\/h2>\n\n\n\n<h2 class=\"wp-block-heading has-black-color has-text-color has-link-color has-medium-font-size wp-elements-c83bc9cdbad8ec4c94e5e7e6726d1c1b\"><strong>Clotilde Leton<\/strong><\/h2>\n\n\n\n<h2 class=\"wp-block-heading has-vivid-red-color has-text-color has-link-color has-large-font-size wp-elements-1edebe57d00265decc08c3b2a76c7a98\" style=\"text-transform:uppercase\"><strong>Anita Conti &#8211; Portrait d&rsquo;archives<\/strong><\/h2>\n\n\n\n<div class=\"wp-block-media-text is-stacked-on-mobile is-vertically-aligned-top\"><figure class=\"wp-block-media-text__media\"><img loading=\"lazy\" decoding=\"async\" width=\"489\" height=\"703\" src=\"https:\/\/hf-normandie.fr\/wp-content\/uploads\/2024\/08\/CONTI10552-1941NB01.jpg\" alt=\"\" class=\"wp-image-4481 size-full\" srcset=\"https:\/\/hf-normandie.fr\/wp-content\/uploads\/2024\/08\/CONTI10552-1941NB01.jpg 489w, https:\/\/hf-normandie.fr\/wp-content\/uploads\/2024\/08\/CONTI10552-1941NB01-209x300.jpg 209w\" sizes=\"auto, (max-width: 489px) 100vw, 489px\" \/><\/figure><div class=\"wp-block-media-text__content\">\n<p>Clotilde Leton, documentaliste iconographe, a travaill\u00e9 plus de 5 ans pour les archives municipales de Lorient, qui recueillent le fonds Anita Conti. Sa fr\u00e9quentation assidue des photographies mais aussi des \u00e9crits et des documents papiers de la grande aventuri\u00e8re, morte \u00e0 Douarnenez en 1997, l&rsquo;ont incit\u00e9 \u00e0 concevoir <em>Anita Conti &#8211; Portrait d&rsquo;archives<\/em> (\u00e9d. Locus-Solus, 2014) en hommage \u00e0 cette femme au parcours exceptionnel.<\/p>\n\n\n\n<p class=\"has-black-color has-text-color has-link-color has-normal-font-size wp-elements-aaeb573e648fa903c6f36ab8f0c32674\">En cl\u00f4ture de l&rsquo;exposition \u201cAnita<strong> <\/strong>Conti, photographe\u201d.<\/p>\n\n\n\n<h2 class=\"wp-block-heading has-vivid-red-color has-text-color has-link-color has-normal-font-size wp-elements-4dcafbe0aab42dd761e5a301c05c8e42\"><strong>Vendredi 20 septembre \u00e0 18h30 (2h)<\/strong><\/h2>\n\n\n\n<h2 class=\"wp-block-heading has-black-color has-text-color has-link-color has-normal-font-size wp-elements-48368aee9e5253309189761d2c5edc31\"><strong>L\u2019ESCALE M\u00e9diath\u00e8que <\/strong><\/h2>\n\n\n\n<h2 class=\"wp-block-heading has-black-color has-text-color has-link-color has-normal-font-size wp-elements-4b2a1fc3f318df7bd6f3366cb5737865\">10 bis, rue du G\u00e9n\u00e9ral de Gaulle 76280 Saint-Jouin-Bruneval<\/h2>\n\n\n\n<h2 class=\"wp-block-heading has-black-color has-text-color has-link-color has-normal-font-size wp-elements-e4a6f0612a571558de04f31ae88def19\">Gratuit sur r\u00e9servation au 02 35 13 10 18 ou mediatheque@st-jouin-bruneval.fr<\/h2>\n\n\n\n<p><a href=\"https:\/\/www.mediatheque-stjouin-bruneval.fr\/\">mediatheque-stjouin-bruneval.fr<\/a><\/p>\n<\/div><\/div>\n<\/div><\/div>\n\n\n\n<p class=\"has-white-color has-white-background-color has-text-color has-background has-link-color wp-elements-52eb338cf5e28eb4d9a41269e9199ec5\">.<\/p>\n\n\n\n<p class=\"has-text-align-center has-text-color has-link-color wp-elements-377f94834069400f63d71cbe36f8f76a\" style=\"color:#ffde5c;font-size:62px\"><strong>&#8211; &#8211; &#8211;<\/strong><\/p>\n\n\n\n<p><\/p>\n\n\n\n<div class=\"wp-block-group\"><div class=\"wp-block-group__inner-container is-layout-constrained wp-block-group-is-layout-constrained\">\n<h2 class=\"wp-block-heading has-black-color has-text-color has-small-font-size\"><mark style=\"background-color:#000000\" class=\"has-inline-color has-white-color\">Concert<\/mark><\/h2>\n\n\n\n<h2 class=\"wp-block-heading has-black-color has-text-color has-link-color has-medium-font-size wp-elements-2ff04e7c7cdba895fabc3cd17be6308f\"><strong>Ponticello<\/strong><\/h2>\n\n\n\n<h2 class=\"wp-block-heading has-vivid-red-color has-text-color has-link-color has-large-font-size wp-elements-90c679961b6572cb4251b642c1137eef\" style=\"text-transform:uppercase\"><strong>Moune<\/strong><\/h2>\n\n\n<div class=\"wp-block-image\">\n<figure class=\"alignright is-resized\"><img loading=\"lazy\" decoding=\"async\" width=\"1024\" height=\"429\" src=\"https:\/\/hf-normandie.fr\/wp-content\/uploads\/2024\/07\/Logo-ovale-ponticello-1024x429.jpeg\" alt=\"\" class=\"wp-image-4091\" style=\"width:226px;height:auto\" srcset=\"https:\/\/hf-normandie.fr\/wp-content\/uploads\/2024\/07\/Logo-ovale-ponticello-1024x429.jpeg 1024w, https:\/\/hf-normandie.fr\/wp-content\/uploads\/2024\/07\/Logo-ovale-ponticello-300x126.jpeg 300w, https:\/\/hf-normandie.fr\/wp-content\/uploads\/2024\/07\/Logo-ovale-ponticello-768x321.jpeg 768w, https:\/\/hf-normandie.fr\/wp-content\/uploads\/2024\/07\/Logo-ovale-ponticello-1536x643.jpeg 1536w, https:\/\/hf-normandie.fr\/wp-content\/uploads\/2024\/07\/Logo-ovale-ponticello-2048x857.jpeg 2048w\" sizes=\"auto, (max-width: 1024px) 100vw, 1024px\" \/><\/figure>\n<\/div>\n\n\n<p>Reine Collet et Karen Walczak le Sauder nous invitent \u00e0 c\u00e9l\u00e9brer la violoniste H\u00e9l\u00e8ne Jourdan Morhange dite \u00ab\u00a0Moune\u00a0\u00bb, surnom que lui avait donn\u00e9 Ravel.<strong><br><\/strong>D\u00e9dicataire de la <em>Sonate en <\/em>Sol <em>Majeur<\/em> de Ravel pour violon et piano, elle se r\u00e9v\u00e9la \u00eatre une interpr\u00e8te de pr\u00e9dilection de nombreux\u00b7ses compositrices et compositeurs &#8211; dont le groupe des Six. Amie de Colette, elle fut aussi productrice et critique musicale.&nbsp;<\/p>\n\n\n\n<h2 class=\"wp-block-heading has-vivid-red-color has-text-color has-link-color has-normal-font-size wp-elements-342faeb54b2e505f4abc0be2ca8b2ca5\"><strong>Samedi 21 septembre \u00e0 11h et 15h (1h)<\/strong><\/h2>\n\n\n\n<h2 class=\"wp-block-heading has-black-color has-text-color has-link-color has-normal-font-size wp-elements-3098c380e5df92abd2741fed8e0450cd\"><strong>Maison Henri IV<\/strong><\/h2>\n\n\n\n<h2 class=\"wp-block-heading has-black-color has-text-color has-link-color has-normal-font-size wp-elements-172d594f0b290fce749a89013e2f6c31\">3bis quai de la Batellerie 76460 Saint-Valery-en Caux<\/h2>\n\n\n\n<h2 class=\"wp-block-heading has-black-color has-text-color has-link-color has-normal-font-size wp-elements-44d10e3d310151536e6c0f7a48a8f435\">Gratuit sur r\u00e9servation au 02 35 97 23 35 ou 02 35 57 14 13<\/h2>\n\n\n\n<h2 class=\"wp-block-heading has-black-color has-text-color has-link-color has-normal-font-size wp-elements-9a3064c62e688d310bcaa6973a4c085b\"><a href=\"https:\/\/www.mediatheque-saintvaleryencaux.fr\/\">mediatheque-saintvaleryencaux.f<\/a>r<\/h2>\n<\/div><\/div>\n\n\n\n<p class=\"has-white-color has-white-background-color has-text-color has-background has-link-color wp-elements-52eb338cf5e28eb4d9a41269e9199ec5\">.<\/p>\n\n\n\n<p class=\"has-text-align-center has-text-color has-link-color wp-elements-377f94834069400f63d71cbe36f8f76a\" style=\"color:#ffde5c;font-size:62px\"><strong>&#8211; &#8211; &#8211;<\/strong><\/p>\n\n\n\n<p><\/p>\n\n\n\n<div class=\"wp-block-group\"><div class=\"wp-block-group__inner-container is-layout-constrained wp-block-group-is-layout-constrained\">\n<div class=\"wp-block-group\"><div class=\"wp-block-group__inner-container is-layout-constrained wp-block-group-is-layout-constrained\">\n<h2 class=\"wp-block-heading has-black-color has-text-color has-small-font-size\"><mark style=\"background-color:#000000\" class=\"has-inline-color has-white-color\">Spectacle<\/mark><\/h2>\n\n\n\n<h2 class=\"wp-block-heading has-black-color has-text-color has-link-color has-medium-font-size wp-elements-b9a7249639d56b32b3f21c0c54fd793f\"><strong>H\u00e9l\u00e8ne MILAN &#8211; Association FEMMES?<\/strong><\/h2>\n\n\n\n<h2 class=\"wp-block-heading has-vivid-red-color has-text-color has-link-color has-large-font-size wp-elements-35e085e012145f0b97e773852e01528a\" style=\"text-transform:uppercase\"><strong>Anita Conti et les Dames de la Mer<\/strong><\/h2>\n\n\n\n<p>R\u00e9cits de mer, po\u00e8mes, dialogues et chants \u00e0 partir de l\u2019\u0153uvre et la vie d\u2019Anita Conti &#8211; oc\u00e9anographe, photographe et po\u00e9tesse.<br>Contes maritimes de femmes de tous les continents : Les p\u00eacheuses du Saloum au S\u00e9n\u00e9gal,&nbsp; les <em>haenyeo<\/em> de l\u2019\u00eele de Jeju en Cor\u00e9e du Sud ou Shakuntala Haraksingh Thilsted \u00e0 Trinidad et Tobago. Ces r\u00e9cits \u00e9voquent l\u2019importance de la place des femmes pour la protection des oc\u00e9ans.<\/p>\n\n\n\n<h2 class=\"wp-block-heading has-vivid-red-color has-text-color has-link-color has-normal-font-size wp-elements-11264fc34bdc27ea41ba2d08d08e2483\"><strong>Samedi 21 septembre \u00e0 15 h (1h20)<\/strong><\/h2>\n\n\n\n<h2 class=\"wp-block-heading has-black-color has-text-color has-link-color has-normal-font-size wp-elements-1fc8fc40a7f7d03e1f41e5917eba84d3\"><strong>Les P\u00eacheries, Mus\u00e9e de F\u00e9camp<\/strong><\/h2>\n\n\n\n<h2 class=\"wp-block-heading has-black-color has-text-color has-link-color has-normal-font-size wp-elements-53943c01316de10c8cd6fdf86ff2e7bf\">3 quai capitaine Jean Recher 76400 F\u00e9camp<\/h2>\n\n\n\n<h2 class=\"wp-block-heading has-black-color has-text-color has-link-color has-normal-font-size wp-elements-d130e639b62f85cb1a6bdb1e8ce3fd93\">Gratuit sur r\u00e9servation au 02 35 28 31 99<\/h2>\n\n\n\n<h2 class=\"wp-block-heading has-black-color has-text-color has-link-color has-normal-font-size wp-elements-80937c9a4b547ea757f6555d857b24e8\"><a href=\"https:\/\/www.musee-fecamp.fr\/\">musee-fecamp.fr<\/a><\/h2>\n<\/div><\/div>\n\n\n\n<p class=\"has-white-color has-white-background-color has-text-color has-background has-link-color wp-elements-52eb338cf5e28eb4d9a41269e9199ec5\">.<\/p>\n<\/div><\/div>\n\n\n\n<p class=\"has-text-align-center has-text-color has-link-color wp-elements-377f94834069400f63d71cbe36f8f76a\" style=\"color:#ffde5c;font-size:62px\"><strong>&#8211; &#8211; &#8211;<\/strong><\/p>\n\n\n\n<p><\/p>\n\n\n\n<div class=\"wp-block-group\"><div class=\"wp-block-group__inner-container is-layout-constrained wp-block-group-is-layout-constrained\">\n<h2 class=\"wp-block-heading has-black-color has-text-color has-small-font-size\"><mark style=\"background-color:#000000\" class=\"has-inline-color has-white-color\">Conf\u00e9rence gesticul\u00e9e<\/mark><\/h2>\n\n\n\n<h2 class=\"wp-block-heading has-black-color has-text-color has-link-color has-medium-font-size wp-elements-0a61830c1dd559b99db24bdd184015c2\"><strong>Marine Gilis<\/strong><\/h2>\n\n\n\n<h2 class=\"wp-block-heading has-vivid-red-color has-text-color has-link-color has-large-font-size wp-elements-6364e355dfac009574b60116c4728af9\" style=\"text-transform:uppercase\"><strong>La recherche comme une aventure<\/strong><\/h2>\n\n\n\n<p>Marine Gilis, docteure en histoire et r\u00e9alisatrice, pr\u00e9pare actuellement un documentaire qui explore les luttes f\u00e9ministes et lesbiennes en Normandie. Le temps d&rsquo;une conf\u00e9rence, elle partage les coulisses de son travail de recherche universitaire et de r\u00e9alisation. Son r\u00e9cit est riche en anecdotes sur ses exp\u00e9riences de terrain et sur les histoires de vie des personnes qu&rsquo;elle a interrog\u00e9es.<\/p>\n\n\n\n<h2 class=\"wp-block-heading has-vivid-red-color has-text-color has-link-color has-normal-font-size wp-elements-2d31c26a6d38c46d04c19abfbc2de328\"><strong>Samedi 21 septembre \u00e0 18h (1h30)<\/strong><\/h2>\n\n\n\n<h2 class=\"wp-block-heading has-black-color has-text-color has-link-color has-normal-font-size wp-elements-721d0f7ab7fbcc456dd07be1b1ae9cd4\"><strong>PiedNu \u2013 alv\u00e9ole 11, Fort de Tourneville<\/strong><\/h2>\n\n\n\n<h2 class=\"wp-block-heading has-black-color has-text-color has-link-color has-normal-font-size wp-elements-9a03a9bdfc3b24a2e009a432f6cd585f\">55 rue du 329e R.I 76620 Le Havre<\/h2>\n\n\n\n<h2 class=\"wp-block-heading has-black-color has-text-color has-link-color has-normal-font-size wp-elements-9f0d6744af9d3344db0898327c480dd6\">Gratuit<\/h2>\n\n\n\n<h2 class=\"wp-block-heading has-black-color has-text-color has-link-color has-normal-font-size wp-elements-338909919cf752c71141a152ea151698\"><a href=\"https:\/\/piednu.fr\">piednu.fr<\/a><\/h2>\n<\/div><\/div>\n\n\n\n<p class=\"has-white-color has-white-background-color has-text-color has-background has-link-color wp-elements-52eb338cf5e28eb4d9a41269e9199ec5\">.<\/p>\n\n\n\n<p class=\"has-text-align-center has-text-color has-link-color wp-elements-377f94834069400f63d71cbe36f8f76a\" style=\"color:#ffde5c;font-size:62px\"><strong>&#8211; &#8211; &#8211;<\/strong><\/p>\n\n\n\n<p><\/p>\n\n\n\n<div class=\"wp-block-group\"><div class=\"wp-block-group__inner-container is-layout-constrained wp-block-group-is-layout-constrained\">\n<div class=\"wp-block-group\"><div class=\"wp-block-group__inner-container is-layout-constrained wp-block-group-is-layout-constrained\">\n<h2 class=\"wp-block-heading has-black-color has-text-color has-small-font-size\"><mark style=\"background-color:#000000\" class=\"has-inline-color has-white-color\">Spectacle<\/mark><\/h2>\n\n\n\n<h2 class=\"wp-block-heading has-black-color has-text-color has-link-color has-medium-font-size wp-elements-6c88b68afc3529633cc8e84819d4d2e8\"><strong>Cie OkO<\/strong><\/h2>\n\n\n\n<h2 class=\"wp-block-heading has-vivid-red-color has-text-color has-link-color has-large-font-size wp-elements-379f9faf4df3ab8cb98b631f3d067741\" style=\"text-transform:uppercase\"><strong>Je serai FEU<\/strong><\/h2>\n\n\n\n<p><em>Je serai FEU <\/em>est une rencontre. La rencontre incandescente entre les mots de Marina Tsveta\u00efeva et la vie de Taya Skorokhodova. Cette \u00e9criture, pr\u00e9cise et cisel\u00e9e, s\u2019enflamme \u00e0 coup s\u00fbr \u00e0 l\u2019\u00e9vocation de l\u2019amour ou de l\u2019exil et r\u00e9sonne dans le pr\u00e9sent de la vie de Taya. Accompagn\u00e9e par la voix et le violon acoustique, subtilement \u00e9lectro, de Pauline Denize, cette forme pluridisciplinaire fait entendre la m\u00e9lodie des langues pour conter l\u2019embrasement d\u2019une vie \u00e0 l\u2019\u00e2me slave. Un incendie de verbes, allum\u00e9 au si\u00e8cle dernier, et dont <em>Je serai FEU <\/em>porte aujourd\u2019hui la flamme.<\/p>\n\n\n\n<p><\/p>\n\n\n\n<figure class=\"wp-block-gallery has-nested-images columns-default is-cropped wp-block-gallery-1 is-layout-flex wp-block-gallery-is-layout-flex\">\n<figure class=\"wp-block-image size-large\"><img loading=\"lazy\" decoding=\"async\" width=\"1024\" height=\"829\" data-id=\"4039\" src=\"https:\/\/hf-normandie.fr\/wp-content\/uploads\/2024\/07\/OKO-Je-serai-FEU-c-Youenn-Riou-1024x829.jpeg\" alt=\"\" class=\"wp-image-4039\" srcset=\"https:\/\/hf-normandie.fr\/wp-content\/uploads\/2024\/07\/OKO-Je-serai-FEU-c-Youenn-Riou-1024x829.jpeg 1024w, https:\/\/hf-normandie.fr\/wp-content\/uploads\/2024\/07\/OKO-Je-serai-FEU-c-Youenn-Riou-300x243.jpeg 300w, https:\/\/hf-normandie.fr\/wp-content\/uploads\/2024\/07\/OKO-Je-serai-FEU-c-Youenn-Riou-768x622.jpeg 768w, https:\/\/hf-normandie.fr\/wp-content\/uploads\/2024\/07\/OKO-Je-serai-FEU-c-Youenn-Riou-1536x1243.jpeg 1536w, https:\/\/hf-normandie.fr\/wp-content\/uploads\/2024\/07\/OKO-Je-serai-FEU-c-Youenn-Riou-2048x1658.jpeg 2048w\" sizes=\"auto, (max-width: 1024px) 100vw, 1024px\" \/><\/figure>\n\n\n\n<figure class=\"wp-block-image size-large\"><img loading=\"lazy\" decoding=\"async\" width=\"1024\" height=\"683\" data-id=\"4038\" src=\"https:\/\/hf-normandie.fr\/wp-content\/uploads\/2024\/07\/OKO-Je-serai-FEU-creditsYouenn-Riou-1-1024x683.jpeg\" alt=\"\" class=\"wp-image-4038\" srcset=\"https:\/\/hf-normandie.fr\/wp-content\/uploads\/2024\/07\/OKO-Je-serai-FEU-creditsYouenn-Riou-1-1024x683.jpeg 1024w, https:\/\/hf-normandie.fr\/wp-content\/uploads\/2024\/07\/OKO-Je-serai-FEU-creditsYouenn-Riou-1-300x200.jpeg 300w, https:\/\/hf-normandie.fr\/wp-content\/uploads\/2024\/07\/OKO-Je-serai-FEU-creditsYouenn-Riou-1-768x512.jpeg 768w, https:\/\/hf-normandie.fr\/wp-content\/uploads\/2024\/07\/OKO-Je-serai-FEU-creditsYouenn-Riou-1-1536x1024.jpeg 1536w, https:\/\/hf-normandie.fr\/wp-content\/uploads\/2024\/07\/OKO-Je-serai-FEU-creditsYouenn-Riou-1-2048x1365.jpeg 2048w\" sizes=\"auto, (max-width: 1024px) 100vw, 1024px\" \/><\/figure>\n<figcaption class=\"blocks-gallery-caption wp-element-caption\">Photos : Cie OKO, Je serai FEU \u00a9 Youenn Riou<\/figcaption><\/figure>\n\n\n\n<h2 class=\"wp-block-heading has-vivid-red-color has-text-color has-link-color has-normal-font-size wp-elements-17452dc8385e64ec99059b575c94826a\"><strong>Dimanche 22 septembre \u00e0 17h (55 min)<\/strong><br><strong>Scolaire : lundi 23 septembre \u00e0 14h<\/strong><\/h2>\n\n\n\n<h2 class=\"wp-block-heading has-black-color has-text-color has-link-color has-normal-font-size wp-elements-90251c544fca934a5085c81ad5bcdbcb\"><strong>Th\u00e9\u00e2tre des Bains Douches<\/strong><\/h2>\n\n\n\n<h2 class=\"wp-block-heading has-black-color has-text-color has-link-color has-normal-font-size wp-elements-510084b83c474b594880ba91c1edab37\">22 rue Louis L\u00f4 Basso 76620 Le Havre<\/h2>\n\n\n\n<h2 class=\"wp-block-heading has-black-color has-text-color has-link-color has-normal-font-size wp-elements-3c3f9537e59c51fda9c23ebf9d1769e3\">Tarif solidaire sur r\u00e9servation au 02 35 47 63 09<\/h2>\n\n\n\n<h2 class=\"wp-block-heading has-black-color has-text-color has-link-color has-normal-font-size wp-elements-bcc73dc6de42441886354fa9cd65523e\"><a href=\"https:\/\/theatrebainsdouches.fr\/\">theatrebainsdouches.fr\/<\/a><\/h2>\n<\/div><\/div>\n\n\n\n<p class=\"has-white-color has-white-background-color has-text-color has-background has-link-color wp-elements-52eb338cf5e28eb4d9a41269e9199ec5\">.<\/p>\n<\/div><\/div>\n\n\n\n<p class=\"has-text-align-center has-text-color has-link-color wp-elements-377f94834069400f63d71cbe36f8f76a\" style=\"color:#ffde5c;font-size:62px\"><strong>&#8211; &#8211; &#8211;<\/strong><\/p>\n\n\n\n<div class=\"wp-block-group\"><div class=\"wp-block-group__inner-container is-layout-constrained wp-block-group-is-layout-constrained\">\n<h2 class=\"wp-block-heading has-black-color has-text-color has-small-font-size\"><mark style=\"background-color:#000000\" class=\"has-inline-color has-white-color\"><s>Projections et rencontres<\/s><\/mark> <strong><mark style=\"background-color:#cf2e2e\" class=\"has-inline-color has-white-color\">ANNUL\u00c9<\/mark><\/strong><\/h2>\n\n\n\n<h2 class=\"wp-block-heading has-black-color has-text-color has-link-color has-medium-font-size wp-elements-783bb20250383d89fc7833acf1d0121a\"><strong><s>Cin\u00e9ma le Studio<\/s><\/strong><\/h2>\n\n\n\n<h2 class=\"wp-block-heading has-vivid-red-color has-text-color has-link-color has-large-font-size wp-elements-1461e86dcf3083cfc44f4247596ada3f\" style=\"text-transform:uppercase\"><strong><s>C\u00e9l\u00e9brons le Matrimoine cin\u00e9matographique !<\/s><\/strong><\/h2>\n\n\n\n<p><s>Le Cin\u00e9ma le Studio c\u00e9l\u00e8bre le Matrimoine \u00e0 travers trois films de r\u00e9alisatrices suivis de d\u00e9bats :<\/s><\/p>\n\n\n\n<div class=\"wp-block-media-text is-stacked-on-mobile\" style=\"grid-template-columns:29% auto\"><figure class=\"wp-block-media-text__media\"><img loading=\"lazy\" decoding=\"async\" width=\"640\" height=\"902\" src=\"https:\/\/hf-normandie.fr\/wp-content\/uploads\/2024\/07\/maintenant-on-va-ou-14521120022012-2015011717225823_i5-1.jpg\" alt=\"\" class=\"wp-image-4046 size-full\" srcset=\"https:\/\/hf-normandie.fr\/wp-content\/uploads\/2024\/07\/maintenant-on-va-ou-14521120022012-2015011717225823_i5-1.jpg 640w, https:\/\/hf-normandie.fr\/wp-content\/uploads\/2024\/07\/maintenant-on-va-ou-14521120022012-2015011717225823_i5-1-213x300.jpg 213w\" sizes=\"auto, (max-width: 640px) 100vw, 640px\" \/><\/figure><div class=\"wp-block-media-text__content\">\n<p class=\"has-vivid-red-color has-text-color has-link-color wp-elements-96ecfd8d846649fd9b62dbbfec575499\"><br><strong><s><em>Et maintenant on va o\u00f9 ?<\/em> de Nadine Labaki (2011, Liban)<\/s><\/strong><\/p>\n\n\n\n<p><s>Sur le chemin qui m\u00e8ne au cimeti\u00e8re du village, une procession de femmes en noir affronte la chaleur du soleil, serrant contre elles les photos de leurs \u00e9poux, leurs p\u00e8res ou leurs fils. Certaines portent le voile, d\u2019autres une croix, mais toutes partagent le m\u00eame deuil, cons\u00e9quence d\u2019une guerre funeste et inutile.<\/s><\/p>\n\n\n\n<p><strong><s>S\u00e9ance du jeudi 19 septembre \u00e0 20h30 suivie d\u2019un d\u00e9bat avec Nadine Asmar.<\/s><\/strong><\/p>\n<\/div><\/div>\n\n\n\n<h2 class=\"wp-block-heading has-normal-font-size\"><br><\/h2>\n\n\n\n<div class=\"wp-block-media-text has-media-on-the-right is-stacked-on-mobile\" style=\"grid-template-columns:auto 29%\"><div class=\"wp-block-media-text__content\">\n<p class=\"has-vivid-red-color has-text-color has-link-color wp-elements-ccd66721f7ce13f71d8592be2ddda8e4\"><strong><s><em>Outrage<\/em> de Ida Lupino (1950, \u00c9tats-Unis)<\/s><\/strong><\/p>\n\n\n\n<p><s>Dans une petite ville am\u00e9ricaine, Ann Walton, une jeune comptable, doit \u00e9pouser Jim Owens. Elle est alors victime d\u2019un viol et sa vie tourne au cauchemar. Ne supportant plus la sollicitude des uns ou la curiosit\u00e9 des autres, elle d\u00e9cide de changer radicalement de vie\u2026<\/s><\/p>\n\n\n\n<p><strong><s>S\u00e9ance du vendredi 20 septembre \u00e0 20h30 suivie d\u2019un d\u00e9bat avec C\u00e9lia Sauvage.<\/s><\/strong><\/p>\n<\/div><figure class=\"wp-block-media-text__media\"><img loading=\"lazy\" decoding=\"async\" width=\"768\" height=\"1024\" src=\"https:\/\/hf-normandie.fr\/wp-content\/uploads\/2024\/07\/OUTRAGE-affiche-2-768x1024-2.jpg\" alt=\"\" class=\"wp-image-4050 size-full\" srcset=\"https:\/\/hf-normandie.fr\/wp-content\/uploads\/2024\/07\/OUTRAGE-affiche-2-768x1024-2.jpg 768w, https:\/\/hf-normandie.fr\/wp-content\/uploads\/2024\/07\/OUTRAGE-affiche-2-768x1024-2-225x300.jpg 225w\" sizes=\"auto, (max-width: 768px) 100vw, 768px\" \/><\/figure><\/div>\n\n\n\n<p><br><\/p>\n\n\n\n<div class=\"wp-block-media-text is-stacked-on-mobile\" style=\"grid-template-columns:29% auto\"><figure class=\"wp-block-media-text__media\"><img loading=\"lazy\" decoding=\"async\" width=\"400\" height=\"533\" src=\"https:\/\/hf-normandie.fr\/wp-content\/uploads\/2024\/07\/2000000057934_1_75-1.jpg\" alt=\"\" class=\"wp-image-4053 size-full\" srcset=\"https:\/\/hf-normandie.fr\/wp-content\/uploads\/2024\/07\/2000000057934_1_75-1.jpg 400w, https:\/\/hf-normandie.fr\/wp-content\/uploads\/2024\/07\/2000000057934_1_75-1-225x300.jpg 225w\" sizes=\"auto, (max-width: 400px) 100vw, 400px\" \/><\/figure><div class=\"wp-block-media-text__content\">\n<p class=\"has-vivid-red-color has-text-color has-link-color wp-elements-6eeea9966ee5c6921b8127950bfac058\"><strong><s><em>La Fianc\u00e9e du Pirate<\/em> de Nelly Kaplan (1969, France)<\/s><\/strong><\/p>\n\n\n\n<p><s>Fille d\u2019une boh\u00e9mienne, Marie vit avec sa m\u00e8re dans une cabane isol\u00e9e dans la for\u00eat, \u00e0 proximit\u00e9 du village de Tellier. Les deux femmes subsistent mis\u00e9rablement gr\u00e2ce \u00e0 de menus travaux, durs et mal pay\u00e9s. Marie est belle et tous les hommes la convoitent, mais elle n\u2019a qu\u2019un seul ami, Andr\u00e9, un forain, projectionniste d\u2019un cin\u00e9ma ambulant. Apr\u00e8s la mort de sa m\u00e8re, renvers\u00e9e par un chauffard, Marie d\u00e9cide de se venger de la soci\u00e9t\u00e9 des \u201chonn\u00eates gens\u201d \u00e0 laquelle appartiennent les notables du villa<\/s>ge.<\/p>\n\n\n\n<p><strong><s>S\u00e9ance du samedi 21 septembre \u00e0 20h30 suivie d\u2019un d\u00e9bat avec Brigitte Rollet<\/s>.<\/strong><\/p>\n<\/div><\/div>\n\n\n\n<h2 class=\"wp-block-heading has-vivid-red-color has-text-color has-link-color has-normal-font-size wp-elements-8f338b59e60a22fbdc8cb10f5d9974dd\"><s><strong>Du 19 au 24 septembre<\/strong><br><strong>Cin\u00e9ma Le Studio<\/strong><br>3 rue du G\u00e9n\u00e9ral Sarrail 76600 Le Havre<br>Tarif : de 3\u20ac \u00e0 6,50 \u20ac<br><a href=\"http:\/\/cinemalestudio.com\" data-type=\"link\" data-id=\"cinemalestudio.com\">cinemalestudio.com<\/a><\/s><\/h2>\n\n\n\n<p class=\"has-white-color has-white-background-color has-text-color has-background has-link-color wp-elements-52eb338cf5e28eb4d9a41269e9199ec5\">.<\/p>\n<\/div><\/div>\n\n\n\n<p class=\"has-text-align-center has-text-color has-link-color wp-elements-377f94834069400f63d71cbe36f8f76a\" style=\"color:#ffde5c;font-size:62px\"><strong>&#8211; &#8211; &#8211;<\/strong><\/p>\n\n\n\n<div class=\"wp-block-group\"><div class=\"wp-block-group__inner-container is-layout-constrained wp-block-group-is-layout-constrained\">\n<h2 class=\"wp-block-heading has-black-color has-text-color has-small-font-size\"><mark style=\"background-color:#000000\" class=\"has-inline-color has-white-color\">Exposition, ateliers, concert<\/mark><\/h2>\n\n\n\n<h2 class=\"wp-block-heading has-black-color has-text-color has-link-color has-medium-font-size wp-elements-6ed16cc003550594692232fda2248ae0\"><strong>Le<\/strong> <strong>Tetris et La Ligue Des Droits Humains<\/strong><\/h2>\n\n\n\n<h2 class=\"wp-block-heading has-vivid-red-color has-text-color has-link-color has-large-font-size wp-elements-4470bb5d5a7cc0ca0c8aeaa25fa366d4\" style=\"text-transform:uppercase\"><strong>Manifestantes<\/strong><\/h2>\n\n\n\n<div class=\"wp-block-media-text is-stacked-on-mobile\" style=\"grid-template-columns:46% auto\"><figure class=\"wp-block-media-text__media\"><img loading=\"lazy\" decoding=\"async\" width=\"724\" height=\"1024\" src=\"https:\/\/hf-normandie.fr\/wp-content\/uploads\/2024\/07\/MANIFESTANTES-TETRIS-1-724x1024.png\" alt=\"\" class=\"wp-image-4058 size-full\" srcset=\"https:\/\/hf-normandie.fr\/wp-content\/uploads\/2024\/07\/MANIFESTANTES-TETRIS-1-724x1024.png 724w, https:\/\/hf-normandie.fr\/wp-content\/uploads\/2024\/07\/MANIFESTANTES-TETRIS-1-212x300.png 212w, https:\/\/hf-normandie.fr\/wp-content\/uploads\/2024\/07\/MANIFESTANTES-TETRIS-1-768x1086.png 768w, https:\/\/hf-normandie.fr\/wp-content\/uploads\/2024\/07\/MANIFESTANTES-TETRIS-1-1086x1536.png 1086w, https:\/\/hf-normandie.fr\/wp-content\/uploads\/2024\/07\/MANIFESTANTES-TETRIS-1-1448x2048.png 1448w, https:\/\/hf-normandie.fr\/wp-content\/uploads\/2024\/07\/MANIFESTANTES-TETRIS-1.png 1654w\" sizes=\"auto, (max-width: 724px) 100vw, 724px\" \/><\/figure><div class=\"wp-block-media-text__content\">\n<p>La Ligue des Droits Humains et Le Tetris s\u2019associent en rendant femmage \u00e0 celles qui manifestent depuis un si\u00e8cle. L\u2019exposition \u201cManifestantes\u201d retrace l\u2019histoire et l\u2019\u00e9volution des combats port\u00e9s par des femmes ainsi que l\u2019impact des manifestations f\u00e9ministes sur la soci\u00e9t\u00e9, l\u2019art et la politique.<\/p>\n\n\n\n<p><\/p>\n\n\n\n<p class=\"has-vivid-red-color has-text-color has-link-color wp-elements-bebc93291ec48853bb2f18e2ef749eac\">\u25ba <strong>Samedi 21 septembre<\/strong> :<\/p>\n\n\n\n<p>&#8211; <mark style=\"background-color:rgba(0, 0, 0, 0)\" class=\"has-inline-color has-vivid-red-color\">de<strong> 14h \u00e0 18h<\/strong> <\/mark>: atelier de cr\u00e9ation de banderoles avec <strong>Ana\u00efs Enjalbert&nbsp;<\/strong><\/p>\n\n\n\n<p>&#8211;<mark style=\"background-color:rgba(0, 0, 0, 0)\" class=\"has-inline-color has-vivid-red-color\"> 19h<\/mark> : <strong>vernissage <\/strong>de l&rsquo;exposition<\/p>\n\n\n\n<p>&#8211; \u00e0 <strong><mark style=\"background-color:rgba(0, 0, 0, 0)\" class=\"has-inline-color has-vivid-red-color\">20h30<\/mark><\/strong> : soir\u00e9e concert : <strong>Go Girlzzz<\/strong> avec <strong>Sam Quealy \/ Sahra Halgan \/ Tshegue \/ Pythies \/ Cate Hortl&nbsp;<\/strong><\/p>\n\n\n\n<p><\/p>\n<\/div><\/div>\n\n\n\n<p class=\"has-vivid-red-color has-text-color has-link-color wp-elements-2e0f766ff3275fe33f393eaf87a4bb00\">Exposition du <strong>21 septembre au 12 octobre<\/strong><\/p>\n\n\n\n<h2 class=\"wp-block-heading has-black-color has-text-color has-link-color has-normal-font-size wp-elements-816a8cb5da734aaabc3cca5207510a81\"><strong>Le Tetris<\/strong><\/h2>\n\n\n\n<h2 class=\"wp-block-heading has-black-color has-text-color has-link-color has-normal-font-size wp-elements-6b47b64103b578370474eda530f478eb\">Fort de Tourneville 76620 Le Havre<br><br>Atelier : 5\u20ac sur r\u00e9servation<br>Concert : 10\u20ac \/\/ 5\u20ac pour les abonn\u00e9\u00b7es<br>R\u00e9servations au 02 35 19 00 38 ou <a href=\"https:\/\/billetterie.letetris.fr\/\">billetterie.letetris.fr\/<\/a><\/h2>\n\n\n\n<h2 class=\"wp-block-heading has-black-color has-text-color has-link-color has-normal-font-size wp-elements-18f02aa9110d8e2b392ff1eb3728968b\"><a href=\"https:\/\/letetris.fr\/\">letetris.fr\/<\/a><\/h2>\n\n\n\n<p class=\"has-white-color has-white-background-color has-text-color has-background has-link-color wp-elements-52eb338cf5e28eb4d9a41269e9199ec5\">.<\/p>\n<\/div><\/div>\n\n\n\n<p class=\"has-text-align-center has-text-color has-link-color wp-elements-377f94834069400f63d71cbe36f8f76a\" style=\"color:#ffde5c;font-size:62px\"><strong>&#8211; &#8211; &#8211;<\/strong><\/p>\n\n\n\n<div class=\"wp-block-group\"><div class=\"wp-block-group__inner-container is-layout-constrained wp-block-group-is-layout-constrained\">\n<h2 class=\"wp-block-heading has-black-color has-text-color has-small-font-size\"><mark style=\"background-color:#000000\" class=\"has-inline-color has-white-color\">Ateliers et conf\u00e9rence<\/mark><\/h2>\n\n\n\n<h2 class=\"wp-block-heading has-black-color has-text-color has-link-color has-medium-font-size wp-elements-a15ce2ea82a1e7ce39b2e5423d838d5c\"><strong>Cie Par Terre&nbsp; &#8211; Anne Nguyen<\/strong><\/h2>\n\n\n\n<h1 class=\"wp-block-heading has-vivid-red-color has-text-color has-link-color has-large-font-size wp-elements-d43aa2a7878e75cdcfd2a562f4cdf649\" style=\"text-transform:uppercase\"><strong>Causerie dansante : les femmes et les danses urbaines<\/strong><\/h1>\n\n\n\n<p>Pour la deuxi\u00e8me ann\u00e9e cons\u00e9cutive, Le Phare propose une \u201cCauserie dansante\u201d : une journ\u00e9e hybride m\u00ealant ateliers de pratiques encadr\u00e9s par des danseuses et chor\u00e9graphes professionnelles et apports th\u00e9oriques. Cette nouvelle \u00e9dition s&rsquo;int\u00e9resse plus particuli\u00e8rement au hip-hop, \u00e0 l\u2019histoire de ce mouvement et \u00e0 la fa\u00e7on dont les femmes se sont empar\u00e9es de cette esth\u00e9tique.&nbsp;<\/p>\n\n\n\n<h2 class=\"wp-block-heading has-vivid-red-color has-text-color has-link-color has-normal-font-size wp-elements-72c6ae3e59de48baecc94dda0b92b518\">\u25ba <strong>Samedi 21 septembre de 13h \u00e0 18h<\/strong><\/h2>\n\n\n\n<p>&#8211; <mark style=\"background-color:rgba(0, 0, 0, 0)\" class=\"has-inline-color has-vivid-red-color\">de<strong> 13h \u00e0 14h<\/strong> <\/mark>: \u00c9chauffements collectifs et d\u00e9couverte des interpr\u00e8tes et du groupe<\/p>\n\n\n\n<p>&#8211;<mark style=\"background-color:rgba(0, 0, 0, 0)\" class=\"has-inline-color has-vivid-red-color\"> de 14h \u00e0 17h<\/mark> : Cours physique et th\u00e9orique sur l&rsquo;histoire du hip-hop et de ces praticiennes\u00a0<\/p>\n\n\n\n<p>&#8211; <mark style=\"background-color:rgba(0, 0, 0, 0)\" class=\"has-inline-color has-vivid-red-color\">de 17h \u00e0 18h<\/mark> : Conclusion dans\u00e9e : retour sur la journ\u00e9e pour redescendre en douceur<\/p>\n\n\n\n<h2 class=\"wp-block-heading has-black-color has-text-color has-link-color has-normal-font-size wp-elements-ba6de244f9c317cce9b78fe6c7ddb377\"><strong>Le Phare &#8211; CCN du Havre Normandie<\/strong><\/h2>\n\n\n\n<h2 class=\"wp-block-heading has-black-color has-text-color has-link-color has-normal-font-size wp-elements-5e7b47dabcbc6191e95fce0b5d7bd527\">30 rue des briquetiers 76600 Le Havre<\/h2>\n\n\n\n<h2 class=\"wp-block-heading has-black-color has-text-color has-link-color has-normal-font-size wp-elements-d9d02431f282390d6c72e6902ac7f4ad\">Gratuit sur r\u00e9servation au 02 35 26 23 00 ou <a href=\"https:\/\/lephare-ccn.fr\/agenda\/causerie-dansante-0\">lephare-ccn.fr\/agenda\/causerie-dansante-0<\/a><\/h2>\n\n\n\n<h2 class=\"wp-block-heading has-black-color has-text-color has-link-color has-normal-font-size wp-elements-cc9bb3882765cfc3819fc39965131f7a\"><a href=\"https:\/\/lephare-ccn.fr\/\">lephare-ccn.fr\/<\/a><\/h2>\n<\/div><\/div>\n\n\n\n<p class=\"has-white-color has-white-background-color has-text-color has-background has-link-color wp-elements-52eb338cf5e28eb4d9a41269e9199ec5\">.<\/p>\n\n\n\n<p class=\"has-text-align-center has-text-color has-link-color wp-elements-377f94834069400f63d71cbe36f8f76a\" style=\"color:#ffde5c;font-size:62px\"><strong>&#8211; &#8211; &#8211;<\/strong><\/p>\n\n\n\n<p><\/p>\n\n\n\n<div class=\"wp-block-group\"><div class=\"wp-block-group__inner-container is-layout-constrained wp-block-group-is-layout-constrained\">\n<h2 class=\"wp-block-heading has-black-color has-text-color has-small-font-size\"><mark style=\"background-color:#000000\" class=\"has-inline-color has-white-color\">Conf\u00e9rence gesticul\u00e9e<\/mark><\/h2>\n\n\n\n<h2 class=\"wp-block-heading has-black-color has-text-color has-link-color has-medium-font-size wp-elements-dfdd4ed0faccfbbb3d5aaa7e53db8dcb\"><strong>Suzy Q<\/strong><\/h2>\n\n\n\n<h2 class=\"wp-block-heading has-vivid-red-color has-text-color has-link-color has-large-font-size wp-elements-d753ef11827e982c3caed5039d685a15\" style=\"text-transform:uppercase\"><strong>Les femmes dans le rock, ou pourquoi y\u2019a pas plus rocker qu\u2019une rockeuse !<\/strong><\/h2>\n\n\n\n<div class=\"wp-block-media-text is-stacked-on-mobile is-vertically-aligned-top\" style=\"grid-template-columns:43% auto\"><figure class=\"wp-block-media-text__media\"><img loading=\"lazy\" decoding=\"async\" width=\"1024\" height=\"1024\" src=\"https:\/\/hf-normandie.fr\/wp-content\/uploads\/2024\/09\/Conf-gesticulee-1024x1024-1.jpg\" alt=\"\" class=\"wp-image-4855 size-full\" srcset=\"https:\/\/hf-normandie.fr\/wp-content\/uploads\/2024\/09\/Conf-gesticulee-1024x1024-1.jpg 1024w, https:\/\/hf-normandie.fr\/wp-content\/uploads\/2024\/09\/Conf-gesticulee-1024x1024-1-300x300.jpg 300w, https:\/\/hf-normandie.fr\/wp-content\/uploads\/2024\/09\/Conf-gesticulee-1024x1024-1-150x150.jpg 150w, https:\/\/hf-normandie.fr\/wp-content\/uploads\/2024\/09\/Conf-gesticulee-1024x1024-1-768x768.jpg 768w\" sizes=\"auto, (max-width: 1024px) 100vw, 1024px\" \/><\/figure><div class=\"wp-block-media-text__content\">\n<p>Suzanne Emery aka Suzy Q a \u00e9t\u00e9 animatrice d\u2019une \u00e9mission sur les femmes dans le rock durant 4 ans (au sein du r\u00e9seau RadioRageuse, r\u00e9seau d\u2019\u00e9missions de radio associatives f\u00e9ministes et queer). Fragile et rockeuse, souriante et frondeuse, sinc\u00e8re et r\u00eaveuse, Suzy Q, se d\u00e9voile dans une conf\u00e9rence gesticul\u00e9e en hommage aux femmes qui ont et qui \u00e9voluent dans le rock. Elle nous livre \u00e9galement interrogations et confidences sur son parcours de femme : ses forces, ses vuln\u00e9rabilit\u00e9s, ses doutes, ses cr\u00e9ativit\u00e9s, ses d\u00e9sirs, ses engagements.<\/p>\n\n\n\n<p>Propos\u00e9 par La Fabrik \u00e0 Sons.<\/p>\n\n\n\n<h2 class=\"wp-block-heading has-vivid-red-color has-text-color has-link-color has-normal-font-size wp-elements-25d33a37df4bcac8f5c25048a20fe4cf\"><strong>Vendredi 20 septembre \u00e0 20h (2h)<\/strong><\/h2>\n\n\n\n<h2 class=\"wp-block-heading has-black-color has-text-color has-link-color has-normal-font-size wp-elements-611d680c810b82893050976f7e9b62ea\"><strong>Espace Chantal Kiburse &#8211; Esplanade du Val-Aux-Gr\u00e8s&nbsp;<\/strong><\/h2>\n\n\n\n<h2 class=\"wp-block-heading has-black-color has-text-color has-link-color has-normal-font-size wp-elements-341ca3ee5fec72a6dd6f73a19884d03f\">126 route de mirville 76210 Bolbec<\/h2>\n\n\n\n<h2 class=\"wp-block-heading has-black-color has-text-color has-link-color has-normal-font-size wp-elements-5bcbfa17f000e4b7faedf1f56736dd02\">Gratuit, informations au 02 35 31 55 78<\/h2>\n\n\n\n<h2 class=\"wp-block-heading has-black-color has-text-color has-link-color has-normal-font-size wp-elements-521bc8e8b5ed3729543a4bf8cb48c26c\"><a href=\"https:\/\/fabrikasons.com\">fabrikasons.com<\/a><\/h2>\n<\/div><\/div>\n\n\n\n<p class=\"has-white-color has-white-background-color has-text-color has-background has-link-color wp-elements-52eb338cf5e28eb4d9a41269e9199ec5\">.<\/p>\n<\/div><\/div>\n\n\n\n<p class=\"has-text-align-center has-text-color has-link-color wp-elements-377f94834069400f63d71cbe36f8f76a\" style=\"color:#ffde5c;font-size:62px\"><strong>&#8211; &#8211; &#8211;<\/strong><\/p>\n\n\n\n<div class=\"wp-block-group\"><div class=\"wp-block-group__inner-container is-layout-constrained wp-block-group-is-layout-constrained\">\n<h2 class=\"wp-block-heading has-black-color has-text-color has-small-font-size\"><mark style=\"background-color:#000000\" class=\"has-inline-color has-white-color\">Mix musical et projections de visuels<\/mark><\/h2>\n\n\n\n<h2 class=\"wp-block-heading has-black-color has-text-color has-link-color has-medium-font-size wp-elements-29dcb7da3998b09779df48f4ea37abfe\"><strong>Association Action \u00e0 R\u00e9action<\/strong><\/h2>\n\n\n\n<h2 class=\"wp-block-heading has-vivid-red-color has-text-color has-link-color has-large-font-size wp-elements-06853e857e04e5c87273d0e0c3eb06da\" style=\"text-transform:uppercase\"><strong>Femmes en Musique<\/strong><\/h2>\n\n\n\n<p>Un Mix musical accompagn\u00e9 de projections pour c\u00e9l\u00e9brer les voix f\u00e9minines du monde entier de 1950 \u00e0 nos jours : Soul, Rock, Disco, House, Jazz, Pop, Rare Grooves, Musiques de films, Dub, Reggae, Afrobeat, Hip Hop, Chanson fran\u00e7aise, Zouk, &#8230;&nbsp;<\/p>\n\n\n\n<p>Avec Le rebours, lieu culturel et artistique en Pays de Bray.<\/p>\n\n\n\n<h2 class=\"wp-block-heading has-vivid-red-color has-text-color has-link-color has-normal-font-size wp-elements-66935cda9b9da076a030d79211b50756\"><strong>Samedi 21 septembre \u00e0 20h<\/strong><\/h2>\n\n\n\n<h2 class=\"wp-block-heading has-black-color has-text-color has-link-color has-normal-font-size wp-elements-0f2d382de162fff8765976b5484826ad\"><strong>Les Racines du Go\u00fbt<\/strong><\/h2>\n\n\n\n<h2 class=\"wp-block-heading has-black-color has-text-color has-link-color has-normal-font-size wp-elements-acb87a8d2fb37fc9512770ea3c1019b7\">1356 route de la rosi\u00e8re 76440 Beaubec-la-Rosi\u00e8re<\/h2>\n\n\n\n<h2 class=\"wp-block-heading has-black-color has-text-color has-link-color has-normal-font-size wp-elements-8746b071f15fe8f6cb100f82333d29f7\">Gratuit sur r\u00e9servation au 06 73 03 99 98<\/h2>\n\n\n\n<h2 class=\"wp-block-heading has-black-color has-text-color has-link-color has-normal-font-size wp-elements-a09df74d100332bc2ed90ffb473da121\"><a href=\"https:\/\/www.facebook.com\/lesracinesdugout\">facebook.com\/lesracinesdugout<\/a><\/h2>\n\n\n\n<h2 class=\"wp-block-heading has-black-color has-text-color has-link-color has-normal-font-size wp-elements-e2dc9bac380925734be0022a1d32a972\"><a href=\"http:\/\/lerebours.eu\">lerebours.eu<\/a><\/h2>\n<\/div><\/div>\n\n\n\n<p class=\"has-white-color has-white-background-color has-text-color has-background has-link-color wp-elements-52eb338cf5e28eb4d9a41269e9199ec5\">.<\/p>\n\n\n\n<p class=\"has-text-align-center has-text-color has-link-color wp-elements-377f94834069400f63d71cbe36f8f76a\" style=\"color:#ffde5c;font-size:62px\"><strong>&#8211; &#8211; &#8211;<\/strong><\/p>\n\n\n\n<div class=\"wp-block-group\"><div class=\"wp-block-group__inner-container is-layout-constrained wp-block-group-is-layout-constrained\">\n<div class=\"wp-block-group\"><div class=\"wp-block-group__inner-container is-layout-constrained wp-block-group-is-layout-constrained\">\n<h2 class=\"wp-block-heading has-black-color has-text-color has-small-font-size\"><mark style=\"background-color:#000000\" class=\"has-inline-color has-white-color\">Spectacle, en famille \u00e0 partir de 8 ans<\/mark><\/h2>\n\n\n\n<h2 class=\"wp-block-heading has-black-color has-text-color has-link-color has-medium-font-size wp-elements-2a4ab33a3edaa508803a6ece880520b3\"><strong>Le Bruit de l\u2019herbe qui pousse<\/strong><\/h2>\n\n\n\n<h2 class=\"wp-block-heading has-vivid-red-color has-text-color has-link-color has-large-font-size wp-elements-0e87b381a648e5014dc14d771b4036e3\" style=\"text-transform:uppercase\"><strong>L&rsquo;heure du th\u00e9<\/strong><\/h2>\n\n\n\n<div class=\"wp-block-media-text is-stacked-on-mobile is-vertically-aligned-top\" style=\"grid-template-columns:55% auto\"><figure class=\"wp-block-media-text__media\"><img loading=\"lazy\" decoding=\"async\" width=\"1024\" height=\"848\" src=\"https:\/\/hf-normandie.fr\/wp-content\/uploads\/2024\/07\/lheure-du-the-credit_Philippe-Boussion-2-1024x848.jpg\" alt=\"\" class=\"wp-image-4076 size-full\" srcset=\"https:\/\/hf-normandie.fr\/wp-content\/uploads\/2024\/07\/lheure-du-the-credit_Philippe-Boussion-2-1024x848.jpg 1024w, https:\/\/hf-normandie.fr\/wp-content\/uploads\/2024\/07\/lheure-du-the-credit_Philippe-Boussion-2-300x248.jpg 300w, https:\/\/hf-normandie.fr\/wp-content\/uploads\/2024\/07\/lheure-du-the-credit_Philippe-Boussion-2-768x636.jpg 768w, https:\/\/hf-normandie.fr\/wp-content\/uploads\/2024\/07\/lheure-du-the-credit_Philippe-Boussion-2-1536x1272.jpg 1536w, https:\/\/hf-normandie.fr\/wp-content\/uploads\/2024\/07\/lheure-du-the-credit_Philippe-Boussion-2-2048x1696.jpg 2048w\" sizes=\"auto, (max-width: 1024px) 100vw, 1024px\" \/><\/figure><div class=\"wp-block-media-text__content\">\n<p>Dans la maison d\u00e9sormais en vente de Mamie L\u00e9onie, Suzanne et Jade se retrouvent alors que le temps et la distance les avaient \u00e9loign\u00e9es. Les deux cousines d\u00e9cident d\u2019ouvrir une derni\u00e8re fois le cabinet de curiosit\u00e9s de leur grand-m\u00e8re, rempli de photographies et de petits objets. Elles vont ranimer la m\u00e9moire de L\u00e9onie qui les guidera \u00e0 travers son histoire et celles de grandes figures f\u00e9minines.<\/p>\n\n\n\n<p>Avec Le rebours, lieu culturel et artistique en Pays de Bray.<\/p>\n<\/div><\/div>\n\n\n\n<h2 class=\"wp-block-heading has-vivid-red-color has-text-color has-link-color has-normal-font-size wp-elements-390464b7d44f33e8d1778845fa62df18\"><strong>Vendredi 20 septembre \u00e0 19h30 (40 min)<\/strong><\/h2>\n\n\n\n<h2 class=\"wp-block-heading has-black-color has-text-color has-link-color has-normal-font-size wp-elements-c961e2336fb23ddf59c7d96073054ffc\"><strong>Biblioth\u00e8que &#8211; Foyer rural<\/strong><\/h2>\n\n\n\n<h2 class=\"wp-block-heading has-black-color has-text-color has-link-color has-normal-font-size wp-elements-421620265a5575ddfa92e7fee7e4a323\">02 Square Jacques Patin 76220 La Feuillie<\/h2>\n\n\n\n<h2 class=\"wp-block-heading has-black-color has-text-color has-link-color has-normal-font-size wp-elements-e1477b23663c171dca96bda939991ba9\"><a href=\"http:\/\/lerebours.eu\">lerebours.eu&nbsp;<\/a><\/h2>\n<\/div><\/div>\n\n\n\n<p class=\"has-white-color has-white-background-color has-text-color has-background has-link-color wp-elements-52eb338cf5e28eb4d9a41269e9199ec5\">.<\/p>\n<\/div><\/div>\n\n\n\n<p class=\"has-text-align-center has-text-color has-link-color wp-elements-377f94834069400f63d71cbe36f8f76a\" style=\"color:#ffde5c;font-size:62px\"><strong>&#8211; &#8211; &#8211;<\/strong><\/p>\n\n\n\n<div class=\"wp-block-group\"><div class=\"wp-block-group__inner-container is-layout-constrained wp-block-group-is-layout-constrained\">\n<h2 class=\"wp-block-heading has-black-color has-text-color has-small-font-size\"><mark style=\"background-color:#000000\" class=\"has-inline-color has-white-color\">Exposition<\/mark><\/h2>\n\n\n\n<h2 class=\"wp-block-heading has-black-color has-text-color has-link-color has-medium-font-size wp-elements-5a048ebea52e89f6cb33d55d7e434a0a\"><strong>Chlo\u00e9 CahBu<\/strong><\/h2>\n\n\n\n<h2 class=\"wp-block-heading has-vivid-red-color has-text-color has-link-color has-large-font-size wp-elements-a14bbb8287ab854e0792c2eccba980a1\" style=\"text-transform:uppercase\"><strong>1 femme sur 3<\/strong><\/h2>\n\n\n\n<p>L\u2019invisibilisation des femmes commence \u00e0 la maison, continue dans la rue et explose en ligne. \u201c1 femme sur 3\u201d est une exposition sous forme de storytelling, qui, \u00e0 hauteur d\u2019adulte et d\u2019enfant, explore la place des femmes dans la rue. Cette exposition a pour ambition de montrer que la moiti\u00e9 de l\u2019humanit\u00e9 est sous repr\u00e9sent\u00e9e, et d\u2019encourager collectivement \u00e0 trouver une solution pour un \u00e9quilibre plus serein.<\/p>\n\n\n\n<p>Propos\u00e9 par la Communaut\u00e9 de communes de Caux-Austreberthe.<\/p>\n\n\n<div class=\"wp-block-image\">\n<figure class=\"aligncenter size-large is-resized\"><img loading=\"lazy\" decoding=\"async\" width=\"1024\" height=\"1024\" src=\"https:\/\/hf-normandie.fr\/wp-content\/uploads\/2024\/09\/1F3_1080x1080px_Barentin-1-1024x1024.png\" alt=\"\" class=\"wp-image-4857\" style=\"width:663px;height:auto\" srcset=\"https:\/\/hf-normandie.fr\/wp-content\/uploads\/2024\/09\/1F3_1080x1080px_Barentin-1-1024x1024.png 1024w, https:\/\/hf-normandie.fr\/wp-content\/uploads\/2024\/09\/1F3_1080x1080px_Barentin-1-300x300.png 300w, https:\/\/hf-normandie.fr\/wp-content\/uploads\/2024\/09\/1F3_1080x1080px_Barentin-1-150x150.png 150w, https:\/\/hf-normandie.fr\/wp-content\/uploads\/2024\/09\/1F3_1080x1080px_Barentin-1-768x768.png 768w, https:\/\/hf-normandie.fr\/wp-content\/uploads\/2024\/09\/1F3_1080x1080px_Barentin-1.png 1080w\" sizes=\"auto, (max-width: 1024px) 100vw, 1024px\" \/><\/figure>\n<\/div>\n\n\n<h2 class=\"wp-block-heading has-vivid-red-color has-text-color has-link-color has-normal-font-size wp-elements-608e1eba8c511f85ead94019cec1fe02\"><strong>Du 19 au 30 septembre<br>Vernissage le vendredi 20 septembre \u00e0 18h<\/strong><\/h2>\n\n\n\n<h2 class=\"wp-block-heading has-black-color has-text-color has-link-color has-normal-font-size wp-elements-21160bc3a99b0fcb332612303206dd1d\"><strong>Les Bains de l\u2019Austreberthe<\/strong><\/h2>\n\n\n\n<h2 class=\"wp-block-heading has-black-color has-text-color has-link-color has-normal-font-size wp-elements-81a5043844c56097b2ed03aef107cda6\">Avenue Georges Gratigny 76360 Barentin<\/h2>\n\n\n\n<h2 class=\"wp-block-heading has-black-color has-text-color has-link-color has-normal-font-size wp-elements-3e134d91e9a566e331438bfbc26d5785\">Gratuit&nbsp;<\/h2>\n\n\n\n<h2 class=\"wp-block-heading has-black-color has-text-color has-link-color has-normal-font-size wp-elements-680cefc43b9ea98d11ee5792ff45f15e\">caux-austreberthe.fr<\/h2>\n<\/div><\/div>\n\n\n\n<p class=\"has-white-color has-white-background-color has-text-color has-background has-link-color wp-elements-52eb338cf5e28eb4d9a41269e9199ec5\">.<\/p>\n\n\n\n<p class=\"has-text-align-center has-text-color has-link-color wp-elements-377f94834069400f63d71cbe36f8f76a\" style=\"color:#ffde5c;font-size:62px\"><strong>&#8211; &#8211; &#8211;<\/strong><\/p>\n\n\n\n<div class=\"wp-block-group\"><div class=\"wp-block-group__inner-container is-layout-constrained wp-block-group-is-layout-constrained\">\n<h2 class=\"wp-block-heading has-black-color has-text-color has-small-font-size\"><mark style=\"background-color:#000000\" class=\"has-inline-color has-white-color\">Spectacle<\/mark><\/h2>\n\n\n\n<div class=\"wp-block-group\"><div class=\"wp-block-group__inner-container is-layout-constrained wp-block-group-is-layout-constrained\">\n<h2 class=\"wp-block-heading has-black-color has-text-color has-link-color has-medium-font-size wp-elements-8fbb6b13990539d228bc23a1ac9a66ba\"><strong>Cie Corps de Brume &#8211; Claire Mila Dafo<\/strong><\/h2>\n\n\n\n<h2 class=\"wp-block-heading has-vivid-red-color has-text-color has-link-color has-large-font-size wp-elements-711b5de331710af014dd12e9a952e6d0\" style=\"text-transform:uppercase\"><strong>Comme un poisson en cage &gt; Handicap invisible<\/strong><\/h2>\n\n\n\n<p><\/p>\n\n\n\n<figure class=\"wp-block-image size-large is-resized\"><img loading=\"lazy\" decoding=\"async\" width=\"1024\" height=\"683\" src=\"https:\/\/hf-normandie.fr\/wp-content\/uploads\/2024\/07\/Photo-Visuel-Comme-un-poisson-en-cage-Paysage-HD-Credit-Thypa-Photographie-1-1024x683.jpg\" alt=\"\" class=\"wp-image-4087\" style=\"width:699px;height:auto\" srcset=\"https:\/\/hf-normandie.fr\/wp-content\/uploads\/2024\/07\/Photo-Visuel-Comme-un-poisson-en-cage-Paysage-HD-Credit-Thypa-Photographie-1-1024x683.jpg 1024w, https:\/\/hf-normandie.fr\/wp-content\/uploads\/2024\/07\/Photo-Visuel-Comme-un-poisson-en-cage-Paysage-HD-Credit-Thypa-Photographie-1-300x200.jpg 300w, https:\/\/hf-normandie.fr\/wp-content\/uploads\/2024\/07\/Photo-Visuel-Comme-un-poisson-en-cage-Paysage-HD-Credit-Thypa-Photographie-1-768x512.jpg 768w, https:\/\/hf-normandie.fr\/wp-content\/uploads\/2024\/07\/Photo-Visuel-Comme-un-poisson-en-cage-Paysage-HD-Credit-Thypa-Photographie-1-1536x1024.jpg 1536w, https:\/\/hf-normandie.fr\/wp-content\/uploads\/2024\/07\/Photo-Visuel-Comme-un-poisson-en-cage-Paysage-HD-Credit-Thypa-Photographie-1-2048x1365.jpg 2048w\" sizes=\"auto, (max-width: 1024px) 100vw, 1024px\" \/><figcaption class=\"wp-element-caption\">Photo : Cie Corps de Brume \u00a9 Thypa Photographie<\/figcaption><\/figure>\n\n\n\n<p>Son corps fait mal et pourtant, elle sourit. Il n&rsquo;y a pas une journ\u00e9e sans douleur et pourtant, cela ne se voit pas. Seule en sc\u00e8ne, Claire Mila Dafo porte un regard po\u00e9tique et universel sur les maux sociaux actuels li\u00e9s au handicap invisible, \u00e0 la lisi\u00e8re du visible.<br>Une ambiance sonore et visuelle, \u00e0 la fois douce et poignante ; de l&rsquo;obscurit\u00e9 vers la lumi\u00e8re. Spondylarthrite, Endom\u00e9triose, Basedow\u2026 cette histoire est la sienne, mais c&rsquo;est aussi peut-\u00eatre la v\u00f4tre ou celle d&rsquo;un proche.<\/p>\n\n\n\n<p>Suivi d\u2019une rencontre en pr\u00e9sence des associations EndoFrance et Bouger Contre la Spondylarthrite.<\/p>\n\n\n\n<h2 class=\"wp-block-heading has-vivid-red-color has-text-color has-link-color has-normal-font-size wp-elements-7992e0b29c82402403b124b05057533f\"><strong>Mercredi 18 septembre \u00e0 16h (45min)<\/strong><\/h2>\n\n\n\n<h2 class=\"wp-block-heading has-black-color has-text-color has-link-color has-normal-font-size wp-elements-558b91217c4a82d8d94b7f58156935b4\"><strong>Salle culturelle La Ficelle<\/strong><\/h2>\n\n\n\n<h2 class=\"wp-block-heading has-black-color has-text-color has-link-color has-normal-font-size wp-elements-ebaf674e252b44908f2862038b0720a1\">Rue Saint Jacques 76110 Goderville<\/h2>\n\n\n\n<h2 class=\"wp-block-heading has-black-color has-text-color has-link-color has-normal-font-size wp-elements-b9a99c8abea16b08378cef6b456800f0\">Tarif : 10 \u20ac \/\/ r\u00e9duit : 5 \u20ac, r\u00e9servation au 02 35 27 07 37 ou laficelle.resa@goderville.com<\/h2>\n\n\n\n<h2 class=\"wp-block-heading has-black-color has-text-color has-link-color has-normal-font-size wp-elements-9b67c9e82d14dcab9becdb929683a2b4\">laficelle-goderville.fr\/contact<\/h2>\n<\/div><\/div>\n<\/div><\/div>\n\n\n\n<p class=\"has-white-color has-white-background-color has-text-color has-background has-link-color wp-elements-52eb338cf5e28eb4d9a41269e9199ec5\">.<\/p>\n","protected":false},"excerpt":{"rendered":"<p>. Lecture chor\u00e9graphi\u00e9e Fabrik &amp; Compagnie Frida La Bancale ou l&rsquo;art qui donne du courage Une plong\u00e9e dans l\u2019intimit\u00e9 de Frida Kahlo, femme et artiste hors du commun, de son enfance \u00e0 la fin de sa vie. Les mots de Gwen Buhot accompagn\u00e9s de la danse d\u2019Anne Delamotte, nous emportent dans ce tourbillon joyeux et [&hellip;]<\/p>\n","protected":false},"author":13,"featured_media":0,"parent":0,"menu_order":0,"comment_status":"closed","ping_status":"closed","template":"","meta":{"footnotes":""},"class_list":["post-3686","page","type-page","status-publish","hentry"],"_links":{"self":[{"href":"https:\/\/hf-normandie.fr\/index.php\/wp-json\/wp\/v2\/pages\/3686","targetHints":{"allow":["GET"]}}],"collection":[{"href":"https:\/\/hf-normandie.fr\/index.php\/wp-json\/wp\/v2\/pages"}],"about":[{"href":"https:\/\/hf-normandie.fr\/index.php\/wp-json\/wp\/v2\/types\/page"}],"author":[{"embeddable":true,"href":"https:\/\/hf-normandie.fr\/index.php\/wp-json\/wp\/v2\/users\/13"}],"replies":[{"embeddable":true,"href":"https:\/\/hf-normandie.fr\/index.php\/wp-json\/wp\/v2\/comments?post=3686"}],"version-history":[{"count":85,"href":"https:\/\/hf-normandie.fr\/index.php\/wp-json\/wp\/v2\/pages\/3686\/revisions"}],"predecessor-version":[{"id":4887,"href":"https:\/\/hf-normandie.fr\/index.php\/wp-json\/wp\/v2\/pages\/3686\/revisions\/4887"}],"wp:attachment":[{"href":"https:\/\/hf-normandie.fr\/index.php\/wp-json\/wp\/v2\/media?parent=3686"}],"curies":[{"name":"wp","href":"https:\/\/api.w.org\/{rel}","templated":true}]}}