{"id":4567,"date":"2024-08-13T14:48:05","date_gmt":"2024-08-13T12:48:05","guid":{"rendered":"https:\/\/hf-normandie.fr\/?page_id=4567"},"modified":"2024-08-20T11:05:55","modified_gmt":"2024-08-20T09:05:55","slug":"journees-du-matrimoine-2024-projections","status":"publish","type":"page","link":"https:\/\/hf-normandie.fr\/index.php\/journees-du-matrimoine-2024-projections\/","title":{"rendered":"Journ\u00e9es du Matrimoine 2024 &#8211; Projections"},"content":{"rendered":"<div class=\"wp-block-image\">\n<figure class=\"aligncenter size-large\"><img loading=\"lazy\" decoding=\"async\" width=\"1024\" height=\"256\" src=\"https:\/\/hf-normandie.fr\/wp-content\/uploads\/2024\/07\/gabarits-web_Virginia_1584-x-396-1024x256.jpg\" alt=\"\" class=\"wp-image-3658\" srcset=\"https:\/\/hf-normandie.fr\/wp-content\/uploads\/2024\/07\/gabarits-web_Virginia_1584-x-396-1024x256.jpg 1024w, https:\/\/hf-normandie.fr\/wp-content\/uploads\/2024\/07\/gabarits-web_Virginia_1584-x-396-300x75.jpg 300w, https:\/\/hf-normandie.fr\/wp-content\/uploads\/2024\/07\/gabarits-web_Virginia_1584-x-396-768x192.jpg 768w, https:\/\/hf-normandie.fr\/wp-content\/uploads\/2024\/07\/gabarits-web_Virginia_1584-x-396-1536x384.jpg 1536w, https:\/\/hf-normandie.fr\/wp-content\/uploads\/2024\/07\/gabarits-web_Virginia_1584-x-396.jpg 1584w\" sizes=\"auto, (max-width: 1024px) 100vw, 1024px\" \/><\/figure>\n<\/div>\n\n\n<h2 class=\"wp-block-heading has-small-font-size\"><mark style=\"background-color:#000000\" class=\"has-inline-color has-white-color\">Projection<\/mark><\/h2>\n\n\n\n<div class=\"wp-block-group\"><div class=\"wp-block-group__inner-container is-layout-constrained wp-block-group-is-layout-constrained\">\n<h2 class=\"wp-block-heading has-black-color has-text-color has-link-color has-medium-font-size wp-elements-b6dcdd617c573f2543ad25dbe2454157\"><strong>Elles Font Leur Cin\u00e9ma<\/strong><\/h2>\n\n\n\n<h2 class=\"wp-block-heading has-large-font-size\" style=\"text-transform:uppercase\"><strong><mark style=\"background-color:rgba(0, 0, 0, 0)\" class=\"has-inline-color has-vivid-red-color\">Hommage \u00e0 la r\u00e9alisatrice Yannick Bellon<\/mark><\/strong><\/h2>\n\n\n\n<p><\/p>\n\n\n\n<div class=\"wp-block-media-text is-stacked-on-mobile\" style=\"grid-template-columns:33% auto\"><figure class=\"wp-block-media-text__media\"><img loading=\"lazy\" decoding=\"async\" width=\"904\" height=\"1024\" src=\"https:\/\/hf-normandie.fr\/wp-content\/uploads\/2024\/07\/OMNIA_Elles-font-leur-cinema_Affiche-Amour-viole1.jpg\" alt=\"\" class=\"wp-image-3869 size-full\" srcset=\"https:\/\/hf-normandie.fr\/wp-content\/uploads\/2024\/07\/OMNIA_Elles-font-leur-cinema_Affiche-Amour-viole1.jpg 904w, https:\/\/hf-normandie.fr\/wp-content\/uploads\/2024\/07\/OMNIA_Elles-font-leur-cinema_Affiche-Amour-viole1-265x300.jpg 265w, https:\/\/hf-normandie.fr\/wp-content\/uploads\/2024\/07\/OMNIA_Elles-font-leur-cinema_Affiche-Amour-viole1-768x870.jpg 768w\" sizes=\"auto, (max-width: 904px) 100vw, 904px\" \/><\/figure><div class=\"wp-block-media-text__content\">\n<p>Yannick Bellon aurait eu 100 ans cette ann\u00e9e, pour c\u00e9l\u00e9brer le centenaire de la naissance de cette r\u00e9alisatrice libre, engag\u00e9e et f\u00e9ministe, la projection du film \u00ab\u00a0l&rsquo;Amour Viol\u00e9\u00a0\u00bb de 1978, vient illustrer son engagement contre les valeurs sexistes de la soci\u00e9t\u00e9 de l&rsquo;\u00e9poque et pour le combat des femmes pour leur ind\u00e9pendance. Ce film, qui est encore d&rsquo;actualit\u00e9, sera suivi d&rsquo;un \u00e9change avec Eric Le Roy, sp\u00e9cialiste de l\u2019\u0153uvre de Yannick Bellon.<\/p>\n<\/div><\/div>\n\n\n\n<p><\/p>\n\n\n\n<h2 class=\"wp-block-heading has-normal-font-size\"><strong><mark style=\"background-color:rgba(0, 0, 0, 0)\" class=\"has-inline-color has-vivid-red-color\">Dimanche 22 septembre \u00e0 10h30 (2h15)<\/mark><\/strong><\/h2>\n\n\n\n<h2 class=\"wp-block-heading has-black-color has-text-color has-link-color has-normal-font-size wp-elements-21dda7c3492fbbd7458b6b4337b0efdf\"><strong>Cin\u00e9ma Omnia-R\u00e9publique<\/strong><\/h2>\n\n\n\n<h2 class=\"wp-block-heading has-black-color has-text-color has-link-color has-normal-font-size wp-elements-60e4ef8e60128d517e8f9c7d2b9d7779\">28 rue de la R\u00e9publique 76000 Rouen<\/h2>\n\n\n\n<h2 class=\"wp-block-heading has-black-color has-text-color has-link-color has-normal-font-size wp-elements-4ffc524ef0ac631991813028f9814b7f\">Gratuit<\/h2>\n\n\n\n<h2 class=\"wp-block-heading has-normal-font-size\"><a href=\"http:\/\/www.omnia-cinemas.com\">omnia-cinemas.com<\/a><\/h2>\n\n\n\n<p class=\"has-text-align-center has-text-color\" style=\"color:#ffde5c;font-size:62px\"><strong>&#8211; &#8211; &#8211;<\/strong> <\/p>\n<\/div><\/div>\n\n\n\n<div class=\"wp-block-group\"><div class=\"wp-block-group__inner-container is-layout-constrained wp-block-group-is-layout-constrained\">\n<h2 class=\"wp-block-heading has-small-font-size\"><mark style=\"background-color:#000000\" class=\"has-inline-color has-white-color\">Cin\u00e9-conf\u00e9rence<\/mark><\/h2>\n\n\n\n<h2 class=\"wp-block-heading has-black-color has-text-color has-link-color has-medium-font-size wp-elements-8cc5b9eb7d28a672d142748982251867\"><strong>Normandie Images &#8211; Agn\u00e8s Deleforge<\/strong><\/h2>\n\n\n\n<h2 class=\"wp-block-heading has-large-font-size\" style=\"text-transform:uppercase\"><strong><mark style=\"background-color:rgba(0, 0, 0, 0)\" class=\"has-inline-color has-vivid-red-color\">Germaine Casier et Marie Houdemare, des Rouennaises pour l&rsquo;\u00e9ducation des filles<\/mark><\/strong><\/h2>\n\n\n\n<p>Portraits de deux femmes : Germaine Casier, qui fut dans les ann\u00e9es 30 directrice de l&rsquo;\u00c9cole Marie Houdemare \u00e0 Rouen, Officier d&rsquo;Acad\u00e9mie (Palmes re\u00e7ues le 5 juillet 1936), cin\u00e9aste amatrice et de Marie Houdemare, fondatrice d&rsquo;une \u00e9cole pour l&rsquo;\u00e9ducation des filles pauvres au XVIIe \u00e0 Rouen.&nbsp;<\/p>\n\n\n\n<p class=\"has-white-color has-white-background-color has-text-color has-background has-link-color wp-elements-85d4e2fbb89ee998fdb62cb844c1e7ab\" style=\"font-size:0px\">.<\/p>\n\n\n\n<figure class=\"wp-block-gallery has-nested-images columns-default is-cropped wp-block-gallery-1 is-layout-flex wp-block-gallery-is-layout-flex\">\n<figure class=\"wp-block-image size-large\"><img loading=\"lazy\" decoding=\"async\" width=\"1024\" height=\"771\" data-id=\"3899\" src=\"https:\/\/hf-normandie.fr\/wp-content\/uploads\/2024\/07\/0306H0003_Phto-3-1024x771.jpg\" alt=\"\" class=\"wp-image-3899\" srcset=\"https:\/\/hf-normandie.fr\/wp-content\/uploads\/2024\/07\/0306H0003_Phto-3-1024x771.jpg 1024w, https:\/\/hf-normandie.fr\/wp-content\/uploads\/2024\/07\/0306H0003_Phto-3-300x226.jpg 300w, https:\/\/hf-normandie.fr\/wp-content\/uploads\/2024\/07\/0306H0003_Phto-3-768x579.jpg 768w, https:\/\/hf-normandie.fr\/wp-content\/uploads\/2024\/07\/0306H0003_Phto-3.jpg 1427w\" sizes=\"auto, (max-width: 1024px) 100vw, 1024px\" \/><\/figure>\n\n\n\n<figure class=\"wp-block-image size-large\"><img loading=\"lazy\" decoding=\"async\" width=\"1024\" height=\"769\" data-id=\"3901\" src=\"https:\/\/hf-normandie.fr\/wp-content\/uploads\/2024\/07\/0306H0008_Phto-1-1-1024x769.jpg\" alt=\"\" class=\"wp-image-3901\" srcset=\"https:\/\/hf-normandie.fr\/wp-content\/uploads\/2024\/07\/0306H0008_Phto-1-1-1024x769.jpg 1024w, https:\/\/hf-normandie.fr\/wp-content\/uploads\/2024\/07\/0306H0008_Phto-1-1-300x225.jpg 300w, https:\/\/hf-normandie.fr\/wp-content\/uploads\/2024\/07\/0306H0008_Phto-1-1-768x577.jpg 768w, https:\/\/hf-normandie.fr\/wp-content\/uploads\/2024\/07\/0306H0008_Phto-1-1.jpg 1431w\" sizes=\"auto, (max-width: 1024px) 100vw, 1024px\" \/><\/figure>\n\n\n\n<figure class=\"wp-block-image size-large\"><img loading=\"lazy\" decoding=\"async\" width=\"1024\" height=\"770\" data-id=\"3900\" src=\"https:\/\/hf-normandie.fr\/wp-content\/uploads\/2024\/07\/0306H0015_Phto-1-1-1024x770.jpg\" alt=\"\" class=\"wp-image-3900\" srcset=\"https:\/\/hf-normandie.fr\/wp-content\/uploads\/2024\/07\/0306H0015_Phto-1-1-1024x770.jpg 1024w, https:\/\/hf-normandie.fr\/wp-content\/uploads\/2024\/07\/0306H0015_Phto-1-1-300x226.jpg 300w, https:\/\/hf-normandie.fr\/wp-content\/uploads\/2024\/07\/0306H0015_Phto-1-1-768x577.jpg 768w, https:\/\/hf-normandie.fr\/wp-content\/uploads\/2024\/07\/0306H0015_Phto-1-1.jpg 1427w\" sizes=\"auto, (max-width: 1024px) 100vw, 1024px\" \/><\/figure>\n\n\n\n<figure class=\"wp-block-image size-large\"><img loading=\"lazy\" decoding=\"async\" width=\"1024\" height=\"771\" data-id=\"3902\" src=\"https:\/\/hf-normandie.fr\/wp-content\/uploads\/2024\/07\/0306H0015_Phto-2-1-1024x771.jpg\" alt=\"\" class=\"wp-image-3902\" srcset=\"https:\/\/hf-normandie.fr\/wp-content\/uploads\/2024\/07\/0306H0015_Phto-2-1-1024x771.jpg 1024w, https:\/\/hf-normandie.fr\/wp-content\/uploads\/2024\/07\/0306H0015_Phto-2-1-300x226.jpg 300w, https:\/\/hf-normandie.fr\/wp-content\/uploads\/2024\/07\/0306H0015_Phto-2-1-768x578.jpg 768w, https:\/\/hf-normandie.fr\/wp-content\/uploads\/2024\/07\/0306H0015_Phto-2-1.jpg 1425w\" sizes=\"auto, (max-width: 1024px) 100vw, 1024px\" \/><\/figure>\n<figcaption class=\"blocks-gallery-caption wp-element-caption\">Photogrammes extraits des films amateurs r\u00e9alis\u00e9s en 9,5mm par Germaine Casier, ann\u00e9es 30 et 50 \u00a9 Normandie Images<\/figcaption><\/figure>\n\n\n\n<h2 class=\"wp-block-heading has-normal-font-size\"><strong><mark style=\"background-color:rgba(0, 0, 0, 0)\" class=\"has-inline-color has-vivid-red-color\">Samedi 21 septembre \u00e0 10h et 11h (45 min)<\/mark><\/strong><\/h2>\n\n\n\n<h2 class=\"wp-block-heading has-black-color has-text-color has-link-color has-normal-font-size wp-elements-8895042b6de3384e791507910e576300\"><strong>\u00c9cole primaire Marie Houdemare<\/strong><\/h2>\n\n\n\n<h2 class=\"wp-block-heading has-black-color has-text-color has-link-color has-normal-font-size wp-elements-9652afcdff795336815a01b527cd98db\">20 rue Beffroy 76000 Rouen<\/h2>\n\n\n\n<h2 class=\"wp-block-heading has-black-color has-text-color has-link-color has-normal-font-size wp-elements-174185e9d626e031aa5d66b46bc6c6d2\">Gratuit sur r\u00e9servation en ligne <a href=\"http:\/\/helloasso.com\/associations\/normandie-images\/evenements\/germaine-casier-et-marie-houdemare-des-rouennaises-pour-l-education-des-filles\">helloasso.com\/associations\/normandie-images\/evenements\/germaine-casier-et-marie-houdemare-des-rouennaises-pour-l-education-des-filles<\/a><\/h2>\n\n\n\n<h2 class=\"wp-block-heading has-normal-font-size\"><mark style=\"background-color:rgba(0, 0, 0, 0)\" class=\"has-inline-color has-vivid-red-color\"><a href=\"http:\/\/normandieimages.fr\" data-type=\"link\" data-id=\"normandieimages.fr\">normandieimages.fr<\/a><\/mark><\/h2>\n<\/div><\/div>\n\n\n\n<p class=\"has-white-color has-white-background-color has-text-color has-background has-link-color wp-elements-52eb338cf5e28eb4d9a41269e9199ec5\">.<\/p>\n\n\n\n<p class=\"has-text-align-center has-text-color\" style=\"color:#ffde5c;font-size:62px\"><strong>&#8211; &#8211; &#8211;<\/strong> <\/p>\n\n\n\n<h2 class=\"wp-block-heading has-black-color has-text-color has-small-font-size\"><mark style=\"background-color:#000000\" class=\"has-inline-color has-white-color\">Mix musical et projections de visuels<\/mark><\/h2>\n\n\n\n<h2 class=\"wp-block-heading has-black-color has-text-color has-link-color has-medium-font-size wp-elements-29dcb7da3998b09779df48f4ea37abfe\"><strong>Association Action \u00e0 R\u00e9action<\/strong><\/h2>\n\n\n\n<h2 class=\"wp-block-heading has-vivid-red-color has-text-color has-link-color has-large-font-size wp-elements-06853e857e04e5c87273d0e0c3eb06da\" style=\"text-transform:uppercase\"><strong>Femmes en Musique<\/strong><\/h2>\n\n\n\n<p>Un Mix musical accompagn\u00e9 de projections pour c\u00e9l\u00e9brer les voix f\u00e9minines du monde entier de 1950 \u00e0 nos jours : Soul, Rock, Disco, House, Jazz, Pop, Rare Grooves, Musiques de films, Dub, Reggae, Afrobeat, Hip Hop, Chanson fran\u00e7aise, Zouk, &#8230;&nbsp;<\/p>\n\n\n\n<p>Avec Le rebours, lieu culturel et artistique en Pays de Bray.<\/p>\n\n\n\n<h2 class=\"wp-block-heading has-vivid-red-color has-text-color has-link-color has-normal-font-size wp-elements-66935cda9b9da076a030d79211b50756\"><strong>Samedi 21 septembre \u00e0 20h<\/strong><\/h2>\n\n\n\n<h2 class=\"wp-block-heading has-black-color has-text-color has-link-color has-normal-font-size wp-elements-0f2d382de162fff8765976b5484826ad\"><strong>Les Racines du Go\u00fbt<\/strong><\/h2>\n\n\n\n<h2 class=\"wp-block-heading has-black-color has-text-color has-link-color has-normal-font-size wp-elements-acb87a8d2fb37fc9512770ea3c1019b7\">1356 route de la rosi\u00e8re 76440 Beaubec-la-Rosi\u00e8re<\/h2>\n\n\n\n<h2 class=\"wp-block-heading has-black-color has-text-color has-link-color has-normal-font-size wp-elements-8746b071f15fe8f6cb100f82333d29f7\">Gratuit sur r\u00e9servation au 06 73 03 99 98<\/h2>\n\n\n\n<h2 class=\"wp-block-heading has-black-color has-text-color has-link-color has-normal-font-size wp-elements-a09df74d100332bc2ed90ffb473da121\"><a href=\"https:\/\/www.facebook.com\/lesracinesdugout\">facebook.com\/lesracinesdugout<\/a><\/h2>\n\n\n\n<h2 class=\"wp-block-heading has-black-color has-text-color has-link-color has-normal-font-size wp-elements-e2dc9bac380925734be0022a1d32a972\"><a href=\"http:\/\/lerebours.eu\">lerebours.eu<\/a><\/h2>\n\n\n\n<p class=\"has-text-align-center has-text-color\" style=\"color:#ffde5c;font-size:62px\"><strong>&#8211; &#8211; &#8211;<\/strong> <\/p>\n\n\n\n<h2 class=\"wp-block-heading has-small-font-size\"><mark style=\"background-color:#000000\" class=\"has-inline-color has-white-color\">Projection<\/mark><\/h2>\n\n\n\n<h2 class=\"wp-block-heading has-black-color has-text-color has-link-color has-medium-font-size wp-elements-aebeaca89bc2de58cb7f3039b2c98382\"><strong>Jacqueline Caux<\/strong><\/h2>\n\n\n\n<h2 class=\"wp-block-heading has-vivid-red-color has-text-color has-link-color has-large-font-size wp-elements-1b90a69f71830bbdc9c2ea003e5f75f9\" style=\"text-transform:uppercase\"><strong>Never Stop &#8211; une musique qui r\u00e9siste<\/strong><\/h2>\n\n\n\n<p>Une plong\u00e9e dans l\u2019univers fascinant des labels techno de Detroit et une mise en lumi\u00e8re des raisons profondes de la cr\u00e9ation, il y a plus de trente ans, par les pionniers Afro-am\u00e9ricains de la musique techno, de leurs propres labels.<\/p>\n\n\n\n<p>Suivie d&rsquo;un \u00e9change avec Jacqueline Caux.<\/p>\n\n\n\n<h2 class=\"wp-block-heading has-vivid-red-color has-text-color has-link-color has-normal-font-size wp-elements-44ff86aa93c7dccb935c2af260a5e895\"><strong>Vendredi 20 septembre \u00e0 20h (1h20)<\/strong><\/h2>\n\n\n\n<h2 class=\"wp-block-heading has-black-color has-text-color has-link-color has-normal-font-size wp-elements-2515a91b305ca36ce6cadfe1c638e4e8\"><strong>Th\u00e9\u00e2tre Legendre<\/strong><\/h2>\n\n\n\n<h2 class=\"wp-block-heading has-black-color has-text-color has-link-color has-normal-font-size wp-elements-7cae956fbe5a687f523cdaf99c6e4a94\">1 square Georges Brassens 27000 \u00c9vreux<\/h2>\n\n\n\n<h2 class=\"wp-block-heading has-black-color has-text-color has-link-color has-normal-font-size wp-elements-d4bdff54ea2d0c3fc0949a4298c2996a\">Gratuit sur r\u00e9servation au 02 32 29 63 32 ou <a href=\"http:\/\/billetterie.epcc-ele.com\" data-type=\"link\" data-id=\"billetterie.epcc-ele.com\">billetterie.epcc-ele.com<\/a><\/h2>\n\n\n\n<h2 class=\"wp-block-heading has-black-color has-text-color has-link-color has-normal-font-size wp-elements-83a12e614d2adf8634c941efe77317e9\"><a href=\"http:\/\/letangram.com\" data-type=\"link\" data-id=\"letangram.com\">letangram.com<\/a><\/h2>\n\n\n\n<p class=\"has-text-align-center has-text-color has-link-color wp-elements-c74d922dca1299bed89317f3b501d0c5\" style=\"color:#ffde5c;font-size:62px\"><strong>\u2013 \u2013 \u2013<\/strong><\/p>\n\n\n\n<h2 class=\"wp-block-heading has-small-font-size\"><mark style=\"background-color:#000000\" class=\"has-inline-color has-white-color\">Projection<\/mark><\/h2>\n\n\n\n<h2 class=\"wp-block-heading has-black-color has-text-color has-link-color has-medium-font-size wp-elements-aebeaca89bc2de58cb7f3039b2c98382\"><strong>Jacqueline Caux<\/strong><\/h2>\n\n\n\n<h2 class=\"wp-block-heading has-vivid-red-color has-text-color has-link-color has-large-font-size wp-elements-ba4eec499de6ca937b4f3cb61c6e6019\" style=\"text-transform:uppercase\"><strong>Si je te garde dans mes cheveux<\/strong><\/h2>\n\n\n\n<p>Ce film montre l\u2019histoire actuelle de plusieurs femmes arabes rebelles, chanteuses, musiciennes et compositrices qui se battent avec d\u00e9termination pour imposer leur talent, leur art, leur engagement social, ainsi que leur f\u00e9minit\u00e9. Ce documentaire a aussi une dimension politique directe puisqu\u2019il a \u00e9t\u00e9 tourn\u00e9 avec des musiciennes originaires de plusieurs pays actuellement en grand d\u00e9s\u00e9quilibre : la Tunisie, la Syrie, la Palestine. Ces contextes violents, dans lesquels elles vivent, ou qu\u2019elles ont d\u00fb fuir, ont \u00e9videmment un impact consid\u00e9rable sur leur art.<\/p>\n\n\n\n<p>Suivie d&rsquo;un \u00e9change avec Jacqueline Caux.<\/p>\n\n\n\n<h2 class=\"wp-block-heading has-vivid-red-color has-text-color has-link-color has-normal-font-size wp-elements-9ebf11742cba4e8e2eaeb3014b939901\"><strong>Samedi 21 septembre \u00e0 18h (1h10)<\/strong><\/h2>\n\n\n\n<p class=\"has-black-color has-text-color has-link-color wp-elements-ab00ba5ac4f7108c2fbbcd425b3f3ca5\"><strong>Th\u00e9\u00e2tre Legendre<\/strong><\/p>\n\n\n\n<h2 class=\"wp-block-heading has-black-color has-text-color has-link-color has-normal-font-size wp-elements-b663dcc8824c2b4cf82cd7feabc09bec\">1 square Georges Brassens 27000 \u00c9vreux<\/h2>\n\n\n\n<h2 class=\"wp-block-heading has-black-color has-text-color has-link-color has-normal-font-size wp-elements-d4bdff54ea2d0c3fc0949a4298c2996a\">Gratuit sur r\u00e9servation au 02 32 29 63 32 ou <a href=\"http:\/\/billetterie.epcc-ele.com\" data-type=\"link\" data-id=\"billetterie.epcc-ele.com\">billetterie.epcc-ele.com<\/a><\/h2>\n\n\n\n<p><a href=\"http:\/\/letangram.com\" data-type=\"link\" data-id=\"letangram.com\">letangram.com<\/a><\/p>\n\n\n\n<p class=\"has-text-align-center has-text-color has-link-color wp-elements-c74d922dca1299bed89317f3b501d0c5\" style=\"color:#ffde5c;font-size:62px\"><strong>\u2013 \u2013 \u2013<\/strong><\/p>\n\n\n\n<h2 class=\"wp-block-heading has-small-font-size\"><mark style=\"background-color:#000000\" class=\"has-inline-color has-white-color\">Projections<\/mark><\/h2>\n\n\n\n<h2 class=\"wp-block-heading has-black-color has-text-color has-link-color has-medium-font-size wp-elements-5eac9126a77f71aa89627012f5a84f64\"><strong>Le Caf\u00e9 des images<\/strong><\/h2>\n\n\n\n<h2 class=\"wp-block-heading has-large-font-size\" style=\"text-transform:uppercase\"><mark style=\"background-color:rgba(0, 0, 0, 0)\" class=\"has-inline-color has-vivid-red-color\">R\u00e9trospective Chantal Akerman<\/mark><\/h2>\n\n\n<div class=\"wp-block-image\">\n<figure class=\"aligncenter size-large is-resized\"><img loading=\"lazy\" decoding=\"async\" width=\"1024\" height=\"616\" src=\"https:\/\/hf-normandie.fr\/wp-content\/uploads\/2024\/08\/1978-RENDEZ-VOUS-DANNA_1-1024x616.jpg\" alt=\"\" class=\"wp-image-4670\" style=\"width:736px;height:auto\" srcset=\"https:\/\/hf-normandie.fr\/wp-content\/uploads\/2024\/08\/1978-RENDEZ-VOUS-DANNA_1-1024x616.jpg 1024w, https:\/\/hf-normandie.fr\/wp-content\/uploads\/2024\/08\/1978-RENDEZ-VOUS-DANNA_1-300x181.jpg 300w, https:\/\/hf-normandie.fr\/wp-content\/uploads\/2024\/08\/1978-RENDEZ-VOUS-DANNA_1-768x462.jpg 768w, https:\/\/hf-normandie.fr\/wp-content\/uploads\/2024\/08\/1978-RENDEZ-VOUS-DANNA_1-1536x925.jpg 1536w, https:\/\/hf-normandie.fr\/wp-content\/uploads\/2024\/08\/1978-RENDEZ-VOUS-DANNA_1.jpg 1794w\" sizes=\"auto, (max-width: 1024px) 100vw, 1024px\" \/><figcaption class=\"wp-element-caption\"><em>Les Rendez-Vous d&rsquo;Anna<\/em>, 1978<\/figcaption><\/figure>\n<\/div>\n\n\n<p>Le Caf\u00e9 des images et l\u2019association Beau Temps mais orageux vous proposent de d\u00e9couvrir en avant-premi\u00e8re l\u2019un des films de la r\u00e9trospective de la r\u00e9alisatrice belge Chantal Akerman. Avec 2 cycles et 16 films, c\u2019est la premi\u00e8re fois en France qu\u2019une r\u00e9trospective d\u2019une telle ampleur est consacr\u00e9e \u00e0 cette cin\u00e9aste r\u00e9volutionnaire et inclassable.<br>La projection de <em>Les Rendez-vous d\u2019Anna<\/em> (1978) est suivie d\u2019une rencontre avec l\u2019association Beau Temps mais orageux et Loris Dru-Lumbroso de Capricci.<br>R\u00e9trospective compl\u00e8te \u00e0 partir du 25 septembre.<\/p>\n\n\n\n<div class=\"wp-block-group\"><div class=\"wp-block-group__inner-container is-layout-constrained wp-block-group-is-layout-constrained\">\n<h2 class=\"wp-block-heading has-normal-font-size\"><mark style=\"background-color:rgba(0, 0, 0, 0)\" class=\"has-inline-color has-vivid-red-color\">Dimanche 22 septembre \u00e0 17h<\/mark><\/h2>\n\n\n\n<h2 class=\"wp-block-heading has-black-color has-text-color has-link-color has-normal-font-size wp-elements-10f6af2f522a06d4a43f28de73e93cc6\"><strong>Le Caf\u00e9 des Images<\/strong><\/h2>\n\n\n\n<p><\/p>\n\n\n\n<h2 class=\"wp-block-heading has-black-color has-text-color has-link-color has-normal-font-size wp-elements-f4c457f1cbe0faf837a9944b680be2db\">4 square du th\u00e9\u00e2tre, 14200 H\u00e9rouville-Saint-Clair<\/h2>\n\n\n\n<h2 class=\"wp-block-heading has-black-color has-text-color has-link-color has-normal-font-size wp-elements-9661832a325378c8f2a1e91a55dd29f5\">Tarifs : de 3,5 \u00e0 7,5\u20ac<\/h2>\n\n\n\n<h2 class=\"wp-block-heading has-normal-font-size\"><a href=\"https:\/\/cafedesimages.fr\/\">cafedesimages.fr<\/a><\/h2>\n<\/div><\/div>\n\n\n\n<p><\/p>\n\n\n\n<p><\/p>\n\n\n\n<h2 class=\"wp-block-heading has-black-color has-text-color has-small-font-size\"><mark style=\"background-color:#000000\" class=\"has-inline-color has-white-color\"><s>Projections et rencontres<\/s><\/mark> <strong><mark style=\"background-color:#cf2e2e\" class=\"has-inline-color has-white-color\">ANNUL\u00c9<\/mark><\/strong><\/h2>\n\n\n\n<h2 class=\"wp-block-heading has-black-color has-text-color has-link-color has-medium-font-size wp-elements-783bb20250383d89fc7833acf1d0121a\"><strong><s>Cin\u00e9ma le Studio<\/s><\/strong><\/h2>\n\n\n\n<h2 class=\"wp-block-heading has-vivid-red-color has-text-color has-link-color has-large-font-size wp-elements-1461e86dcf3083cfc44f4247596ada3f\" style=\"text-transform:uppercase\"><strong><s>C\u00e9l\u00e9brons le Matrimoine cin\u00e9matographique !<\/s><\/strong><\/h2>\n\n\n\n<p><s>Le Cin\u00e9ma le Studio c\u00e9l\u00e8bre le Matrimoine \u00e0 travers trois films de r\u00e9alisatrices suivis de d\u00e9bats :<\/s><\/p>\n\n\n\n<div class=\"wp-block-media-text is-stacked-on-mobile\" style=\"grid-template-columns:29% auto\"><figure class=\"wp-block-media-text__media\"><img loading=\"lazy\" decoding=\"async\" width=\"640\" height=\"902\" src=\"https:\/\/hf-normandie.fr\/wp-content\/uploads\/2024\/07\/maintenant-on-va-ou-14521120022012-2015011717225823_i5-1.jpg\" alt=\"\" class=\"wp-image-4046 size-full\" srcset=\"https:\/\/hf-normandie.fr\/wp-content\/uploads\/2024\/07\/maintenant-on-va-ou-14521120022012-2015011717225823_i5-1.jpg 640w, https:\/\/hf-normandie.fr\/wp-content\/uploads\/2024\/07\/maintenant-on-va-ou-14521120022012-2015011717225823_i5-1-213x300.jpg 213w\" sizes=\"auto, (max-width: 640px) 100vw, 640px\" \/><\/figure><div class=\"wp-block-media-text__content\">\n<p class=\"has-vivid-red-color has-text-color has-link-color wp-elements-96ecfd8d846649fd9b62dbbfec575499\"><br><strong><s><em>Et maintenant on va o\u00f9 ?<\/em> de Nadine Labaki (2011, Liban)<\/s><\/strong><\/p>\n\n\n\n<p><s>Sur le chemin qui m\u00e8ne au cimeti\u00e8re du village, une procession de femmes en noir affronte la chaleur du soleil, serrant contre elles les photos de leurs \u00e9poux, leurs p\u00e8res ou leurs fils. Certaines portent le voile, d\u2019autres une croix, mais toutes partagent le m\u00eame deuil, cons\u00e9quence d\u2019une guerre funeste et inutile.<\/s><\/p>\n\n\n\n<p><strong><s>S\u00e9ance du jeudi 19 septembre \u00e0 20h30 suivie d\u2019un d\u00e9bat avec Nadine Asmar.<\/s><\/strong><\/p>\n<\/div><\/div>\n\n\n\n<h2 class=\"wp-block-heading has-normal-font-size\"><br><\/h2>\n\n\n\n<div class=\"wp-block-media-text has-media-on-the-right is-stacked-on-mobile\" style=\"grid-template-columns:auto 29%\"><div class=\"wp-block-media-text__content\">\n<p class=\"has-vivid-red-color has-text-color has-link-color wp-elements-ccd66721f7ce13f71d8592be2ddda8e4\"><strong><s><em>Outrage<\/em> de Ida Lupino (1950, \u00c9tats-Unis)<\/s><\/strong><\/p>\n\n\n\n<p><s>Dans une petite ville am\u00e9ricaine, Ann Walton, une jeune comptable, doit \u00e9pouser Jim Owens. Elle est alors victime d\u2019un viol et sa vie tourne au cauchemar. Ne supportant plus la sollicitude des uns ou la curiosit\u00e9 des autres, elle d\u00e9cide de changer radicalement de vie\u2026<\/s><\/p>\n\n\n\n<p><strong><s>S\u00e9ance du vendredi 20 septembre \u00e0 20h30 suivie d\u2019un d\u00e9bat avec C\u00e9lia Sauvage.<\/s><\/strong><\/p>\n<\/div><figure class=\"wp-block-media-text__media\"><img loading=\"lazy\" decoding=\"async\" width=\"768\" height=\"1024\" src=\"https:\/\/hf-normandie.fr\/wp-content\/uploads\/2024\/07\/OUTRAGE-affiche-2-768x1024-2.jpg\" alt=\"\" class=\"wp-image-4050 size-full\" srcset=\"https:\/\/hf-normandie.fr\/wp-content\/uploads\/2024\/07\/OUTRAGE-affiche-2-768x1024-2.jpg 768w, https:\/\/hf-normandie.fr\/wp-content\/uploads\/2024\/07\/OUTRAGE-affiche-2-768x1024-2-225x300.jpg 225w\" sizes=\"auto, (max-width: 768px) 100vw, 768px\" \/><\/figure><\/div>\n\n\n\n<p><br><\/p>\n\n\n\n<div class=\"wp-block-media-text is-stacked-on-mobile\" style=\"grid-template-columns:29% auto\"><figure class=\"wp-block-media-text__media\"><img loading=\"lazy\" decoding=\"async\" width=\"400\" height=\"533\" src=\"https:\/\/hf-normandie.fr\/wp-content\/uploads\/2024\/07\/2000000057934_1_75-1.jpg\" alt=\"\" class=\"wp-image-4053 size-full\" srcset=\"https:\/\/hf-normandie.fr\/wp-content\/uploads\/2024\/07\/2000000057934_1_75-1.jpg 400w, https:\/\/hf-normandie.fr\/wp-content\/uploads\/2024\/07\/2000000057934_1_75-1-225x300.jpg 225w\" sizes=\"auto, (max-width: 400px) 100vw, 400px\" \/><\/figure><div class=\"wp-block-media-text__content\">\n<p class=\"has-vivid-red-color has-text-color has-link-color wp-elements-6eeea9966ee5c6921b8127950bfac058\"><strong><s><em>La Fianc\u00e9e du Pirate<\/em> de Nelly Kaplan (1969, France)<\/s><\/strong><\/p>\n\n\n\n<p><s>Fille d\u2019une boh\u00e9mienne, Marie vit avec sa m\u00e8re dans une cabane isol\u00e9e dans la for\u00eat, \u00e0 proximit\u00e9 du village de Tellier. Les deux femmes subsistent mis\u00e9rablement gr\u00e2ce \u00e0 de menus travaux, durs et mal pay\u00e9s. Marie est belle et tous les hommes la convoitent, mais elle n\u2019a qu\u2019un seul ami, Andr\u00e9, un forain, projectionniste d\u2019un cin\u00e9ma ambulant. Apr\u00e8s la mort de sa m\u00e8re, renvers\u00e9e par un chauffard, Marie d\u00e9cide de se venger de la soci\u00e9t\u00e9 des \u201chonn\u00eates gens\u201d \u00e0 laquelle appartiennent les notables du villa<\/s>ge.<\/p>\n\n\n\n<p><strong><s>S\u00e9ance du samedi 21 septembre \u00e0 20h30 suivie d\u2019un d\u00e9bat avec Brigitte Rollet<\/s>.<\/strong><\/p>\n<\/div><\/div>\n\n\n\n<h2 class=\"wp-block-heading has-vivid-red-color has-text-color has-link-color has-normal-font-size wp-elements-8f338b59e60a22fbdc8cb10f5d9974dd\"><s><strong>Du 19 au 24 septembre<\/strong><br><strong>Cin\u00e9ma Le Studio<\/strong><br>3 rue du G\u00e9n\u00e9ral Sarrail 76600 Le Havre<br>Tarif : de 3\u20ac \u00e0 6,50 \u20ac<br><a href=\"http:\/\/cinemalestudio.com\" data-type=\"link\" data-id=\"cinemalestudio.com\">cinemalestudio.com<\/a><\/s><\/h2>\n\n\n\n<p class=\"has-white-color has-white-background-color has-text-color has-background has-link-color wp-elements-52eb338cf5e28eb4d9a41269e9199ec5\">.<\/p>\n","protected":false},"excerpt":{"rendered":"<p>Projection Elles Font Leur Cin\u00e9ma Hommage \u00e0 la r\u00e9alisatrice Yannick Bellon Yannick Bellon aurait eu 100 ans cette ann\u00e9e, pour c\u00e9l\u00e9brer le centenaire de la naissance de cette r\u00e9alisatrice libre, engag\u00e9e et f\u00e9ministe, la projection du film \u00ab\u00a0l&rsquo;Amour Viol\u00e9\u00a0\u00bb de 1978, vient illustrer son engagement contre les valeurs sexistes de la soci\u00e9t\u00e9 de l&rsquo;\u00e9poque et [&hellip;]<\/p>\n","protected":false},"author":12,"featured_media":0,"parent":0,"menu_order":0,"comment_status":"closed","ping_status":"closed","template":"","meta":{"footnotes":""},"class_list":["post-4567","page","type-page","status-publish","hentry"],"_links":{"self":[{"href":"https:\/\/hf-normandie.fr\/index.php\/wp-json\/wp\/v2\/pages\/4567","targetHints":{"allow":["GET"]}}],"collection":[{"href":"https:\/\/hf-normandie.fr\/index.php\/wp-json\/wp\/v2\/pages"}],"about":[{"href":"https:\/\/hf-normandie.fr\/index.php\/wp-json\/wp\/v2\/types\/page"}],"author":[{"embeddable":true,"href":"https:\/\/hf-normandie.fr\/index.php\/wp-json\/wp\/v2\/users\/12"}],"replies":[{"embeddable":true,"href":"https:\/\/hf-normandie.fr\/index.php\/wp-json\/wp\/v2\/comments?post=4567"}],"version-history":[{"count":6,"href":"https:\/\/hf-normandie.fr\/index.php\/wp-json\/wp\/v2\/pages\/4567\/revisions"}],"predecessor-version":[{"id":4732,"href":"https:\/\/hf-normandie.fr\/index.php\/wp-json\/wp\/v2\/pages\/4567\/revisions\/4732"}],"wp:attachment":[{"href":"https:\/\/hf-normandie.fr\/index.php\/wp-json\/wp\/v2\/media?parent=4567"}],"curies":[{"name":"wp","href":"https:\/\/api.w.org\/{rel}","templated":true}]}}