{"id":4773,"date":"2024-09-03T14:21:01","date_gmt":"2024-09-03T12:21:01","guid":{"rendered":"https:\/\/hf-normandie.fr\/?page_id=4773"},"modified":"2024-09-03T14:21:01","modified_gmt":"2024-09-03T12:21:01","slug":"2025-2","status":"publish","type":"page","link":"https:\/\/hf-normandie.fr\/index.php\/2025-2\/","title":{"rendered":"Observatoire de l\u2019\u00e9galit\u00e9 femmes-hommes dans les arts et la culture"},"content":{"rendered":"\n<h2 class=\"wp-block-heading\"><mark style=\"background-color:#cf2e2e\" class=\"has-inline-color has-white-color\"><strong><em>Le plus souvent dans l&rsquo;histoire \u00ab\u00a0anonyme\u00a0\u00bb \u00e9tait une femme.<\/em><\/strong> <br>Virginia Woolf<\/mark><\/h2>\n\n\n\n<h4 class=\"wp-block-heading\"><em><strong>Le saviez-vous&nbsp;?<\/strong><\/em><\/h4>\n\n\n\n<p>Comme l\u2019affirme tr\u00e8s justement le Haut Conseil \u00e0 l\u2019\u00c9galit\u00e9 dans son <a rel=\"noreferrer noopener\" href=\"https:\/\/hf-normandie.fr\/index.php\/2018\/08\/31\/rapport-hce-inegalites-entre-les-femmes-et-les-hommes-dans-les-arts-et-la-culture-acte-ii-apres-10-ans-de-constats-le-temps-de-laction\/\" target=\"_blank\">rapport de janvier 2018<\/a>, \u00ab&nbsp;majoritaires sur les bancs des \u00e9coles d\u2019art puis mises aux bans des institutions, les femmes subissent encore pleinement le mythe de la toute-puissance du \u00ab g\u00e9nie cr\u00e9ateur masculin \u00bb. Elles sont aujourd\u2019hui plus nombreuses parmi les \u00e9tudiant\u00b7es puis progressivement, \u00e0 l\u2019image d\u2019un processus d\u2019\u00e9vaporation, elles deviennent <strong>moins actives, moins pay\u00e9es, moins aid\u00e9es, moins programm\u00e9es, moins r\u00e9compens\u00e9es<\/strong> et enfin moins en situation de responsabilit\u00e9 que leurs homologues&nbsp;\u00bb.<\/p>\n\n\n\n<h4 class=\"wp-block-heading\"><em><strong>Pourquoi compter&nbsp;?<\/strong><\/em><\/h4>\n\n\n\n<p>\u201cCompter pour agir\u201d : telle est l\u2019id\u00e9e majeure qui a guid\u00e9 HF+ Normandie tout au long de l\u2019\u00e9laboration de cet Observatoire. Il s\u2019inscrit dans une <strong>d\u00e9marche de rep\u00e9rage des in\u00e9galit\u00e9s<\/strong> entre les hommes et les femmes dans le milieu artistique et culturel mais \u00e9galement de <strong>mobilisation contre les discriminations<\/strong> observ\u00e9es dans le but de favoriser l\u2019\u00e9galit\u00e9 r\u00e9elle et la parit\u00e9.<\/p>\n\n\n\n<p>Cette <strong>photographie<\/strong> objective de la situation actuelle ambitionne d\u2019\u00eatre \u00e0 la fois un outil d\u2019analyse et de prise de conscience collective. <\/p>\n\n\n\n<p>L\u2019objectif est de faire ressortir plusieurs pans de l\u2019in\u00e9galit\u00e9 entre les femmes et les hommes \u00e0 travers un recueil de donn\u00e9es chiffr\u00e9es. D\u2019une part, la r\u00e9partition des femmes et des hommes au sein des \u00e9quipes et notamment du type de profession que chacun\u00b7e occupe. D\u2019autre part, la r\u00e9partition des femmes et des hommes artistes dont le travail a \u00e9t\u00e9 pr\u00e9sent\u00e9 (depuis 2019). Chaque nouvelle \u00e9dition est l&rsquo;occasion de r\u00e9aliser un FOCUS sur une probl\u00e9matique particuli\u00e8rement repr\u00e9sentative des in\u00e9galit\u00e9s observ\u00e9es.<\/p>\n\n\n\n<h4 class=\"wp-block-heading\"><ins><em>M\u00e9thodologie<\/em><\/ins><\/h4>\n\n\n\n<p>La m\u00e9thodologie de comptage est inspir\u00e9e de celle utilis\u00e9e par l\u2019association HF+ Bretagne jusqu\u2019en 2019. Afin d\u2019\u00eatre le plus objectif possible le comptage est bas\u00e9 sur les <strong>donn\u00e9es publiques disponibles <\/strong>(programmes annuels ou de saison et rapports d\u2019activit\u00e9). Il est compl\u00e9t\u00e9 par un travail d\u2019enqu\u00eate minutieux \u00e0 travers des \u00e9changes t\u00e9l\u00e9phoniques ou \u00e9crits avec les structures concern\u00e9es pour approfondir certaines donn\u00e9es.&nbsp;<\/p>\n\n\n\n<p>Un comit\u00e9 technique, compos\u00e9 de membres des structures culturelles du territoire et de partenaires financeurs, a travaill\u00e9 et valid\u00e9 les indicateurs retenus lors de 5 r\u00e9unions de travail, compl\u00e9t\u00e9es par une formation \u00e0 la m\u00e9thodologie par HF Bretagne en 2021.<\/p>\n\n\n\n<p>Depuis janvier 2022, ce comit\u00e9 technique, pilot\u00e9 par HF Normandie, se r\u00e9unit plusieurs fois par an pour valider les diff\u00e9rentes \u00e9tapes des receuils.<\/p>\n\n\n\n<p><strong>P\u00e9rim\u00e8tre des \u00e9tudes<\/strong> :<\/p>\n\n\n\n<ul class=\"wp-block-list\">\n<li><a href=\"https:\/\/hf-normandie.fr\/index.php\/2022\/04\/05\/publication-de-lobservatoire-de-legalite-femmes-hommes-dans-les-arts-et-la-culture-sur-le-territoire-de-la-metropole-rouennaise\/\"><strong>\u00c9dition 2022 &#8211; donn\u00e9es 2019<\/strong><\/a> : les structures culturelles et festivals du territoire de la m\u00e9tropole rouennaise et les sites et mus\u00e9es de la M\u00e9tropole Rouen Normandie ;<\/li>\n\n\n\n<li><strong><a href=\"https:\/\/hf-normandie.fr\/index.php\/2023\/11\/24\/publication-observatoire-de-legalite-femmes-hommes-dans-les-arts-et-la-culture-sur-le-territoire-de-la-metropole-rouennaise-edition-2023-donnees-2021\/\">\u00c9dition 2023 &#8211; donn\u00e9es 2021<\/a> <\/strong>: les structures culturelles et festivals du territoire de Rouen Seine Normande 2028 ;<\/li>\n\n\n\n<li><a href=\"https:\/\/hf-normandie.fr\/index.php\/2024\/06\/18\/publication-observatoire-de-legalite-femmes-hommes-dans-les-arts-et-la-culture-en-normandie-edition-2024-donnees-2022\/\" target=\"_blank\" rel=\"noreferrer noopener\"><strong>\u00c9dition 2024 &#8211; donn\u00e9es 2022<\/strong> <\/a>: les structures culturelles et festivals de l&rsquo;axe Seine-Eure ainsi que les structures labellis\u00e9es et conventionn\u00e9es spectacle vivant et musiques actuelles et le r\u00e9seau des mus\u00e9es de Normandie.<\/li>\n<\/ul>\n\n\n\n<p><strong><em>Compter pour agir&nbsp;!<\/em><\/strong><br>Un nouvel Observatoire est \u00e9dit\u00e9 chaque ann\u00e9e afin d&rsquo;\u00eatre en <strong>mesure d\u2019\u00e9valuer les diff\u00e9rentes \u00e9volutions<\/strong> en mati\u00e8re d\u2019\u00e9galit\u00e9 entre les femmes et les hommes dans le milieu des arts et de la culture sur le territoire. Chaque nouvelle \u00e9dition de l\u2019Observatoire permet<strong> d\u2019\u00e9largir le p\u00e9rim\u00e8tre \u00e9tudi\u00e9<\/strong> et de prendre en compte un plus grand nombre de structures et d\u2019indicateurs afin que les in\u00e9galit\u00e9s soient retranscrites de la mani\u00e8re la plus pr\u00e9cise possible.<\/p>\n\n\n\n<hr class=\"wp-block-separator has-css-opacity\"\/>\n\n\n\n<p>L&rsquo;Observatoire b\u00e9n\u00e9ficie du<em> soutien de la M\u00e9tropole Rouen Normandie, de l&rsquo;\u00c9tat &#8211; Pr\u00e9fecture de Normandie (Direction r\u00e9gionale aux droits des femmes et \u00e0 l&rsquo;\u00e9galit\u00e9 et DRAC Normandie) et de la R\u00e9gion Normandie<\/em>.<\/p>\n\n\n\n<hr class=\"wp-block-separator has-css-opacity\"\/>\n","protected":false},"excerpt":{"rendered":"<p>Le plus souvent dans l&rsquo;histoire \u00ab\u00a0anonyme\u00a0\u00bb \u00e9tait une femme. Virginia Woolf Le saviez-vous&nbsp;? Comme l\u2019affirme tr\u00e8s justement le Haut Conseil \u00e0 l\u2019\u00c9galit\u00e9 dans son rapport de janvier 2018, \u00ab&nbsp;majoritaires sur les bancs des \u00e9coles d\u2019art puis mises aux bans des institutions, les femmes subissent encore pleinement le mythe de la toute-puissance du \u00ab g\u00e9nie cr\u00e9ateur [&hellip;]<\/p>\n","protected":false},"author":2,"featured_media":0,"parent":0,"menu_order":0,"comment_status":"closed","ping_status":"closed","template":"","meta":{"footnotes":""},"class_list":["post-4773","page","type-page","status-publish","hentry"],"_links":{"self":[{"href":"https:\/\/hf-normandie.fr\/index.php\/wp-json\/wp\/v2\/pages\/4773","targetHints":{"allow":["GET"]}}],"collection":[{"href":"https:\/\/hf-normandie.fr\/index.php\/wp-json\/wp\/v2\/pages"}],"about":[{"href":"https:\/\/hf-normandie.fr\/index.php\/wp-json\/wp\/v2\/types\/page"}],"author":[{"embeddable":true,"href":"https:\/\/hf-normandie.fr\/index.php\/wp-json\/wp\/v2\/users\/2"}],"replies":[{"embeddable":true,"href":"https:\/\/hf-normandie.fr\/index.php\/wp-json\/wp\/v2\/comments?post=4773"}],"version-history":[{"count":1,"href":"https:\/\/hf-normandie.fr\/index.php\/wp-json\/wp\/v2\/pages\/4773\/revisions"}],"predecessor-version":[{"id":4775,"href":"https:\/\/hf-normandie.fr\/index.php\/wp-json\/wp\/v2\/pages\/4773\/revisions\/4775"}],"wp:attachment":[{"href":"https:\/\/hf-normandie.fr\/index.php\/wp-json\/wp\/v2\/media?parent=4773"}],"curies":[{"name":"wp","href":"https:\/\/api.w.org\/{rel}","templated":true}]}}