{"id":6142,"date":"2025-11-05T10:13:28","date_gmt":"2025-11-05T09:13:28","guid":{"rendered":"https:\/\/hf-normandie.fr\/?page_id=6142"},"modified":"2025-11-07T15:32:15","modified_gmt":"2025-11-07T14:32:15","slug":"liste-de-structures-etudiees","status":"publish","type":"page","link":"https:\/\/hf-normandie.fr\/index.php\/liste-de-structures-etudiees\/","title":{"rendered":"Liste des structures \u00e9tudi\u00e9es &#8211; \u00c9dition 2025"},"content":{"rendered":"\n<p><\/p>\n\n\n\n<div class=\"wp-block-group\"><div class=\"wp-block-group__inner-container is-layout-constrained wp-block-group-is-layout-constrained\">\n<p class=\"has-large-font-size\"><strong><mark style=\"background-color:rgba(0, 0, 0, 0)\" class=\"has-inline-color has-vivid-red-color\">Programmation<\/mark><\/strong><\/p>\n\n\n\n<p><\/p>\n\n\n\n<div class=\"wp-block-group\"><div class=\"wp-block-group__inner-container is-layout-constrained wp-block-group-is-layout-constrained\">\n<p class=\"has-medium-font-size\"><strong><mark style=\"background-color:rgba(0, 0, 0, 0)\" class=\"has-inline-color has-black-color\">Spectacle vivant \/ musiques actuelles<\/mark><\/strong><\/p>\n\n\n\n<p><\/p>\n\n\n\n<div class=\"wp-block-group\"><div class=\"wp-block-group__inner-container is-layout-constrained wp-block-group-is-layout-constrained\">\n<p><strong>22 structures labellis\u00e9es<\/strong><\/p>\n\n\n\n<ul class=\"wp-block-list\">\n<li><strong>Atelier 231<\/strong> (Festival Viva Cit\u00e9) | Sotteville-l\u00e8s-Rouen&nbsp;&#8211; Centre National des arts de la rue et de l\u2019espace public<\/li>\n\n\n\n<li><strong>Big Band Caf\u00e9<\/strong> | H\u00e9rouville Saint Clair &#8211; Sc\u00e8ne de musiques actuelles&nbsp;<\/li>\n\n\n\n<li><strong>Centre chor\u00e9graphique national de Caen Normandie<\/strong><\/li>\n\n\n\n<li><strong>Centre Dramatique National de Normandie-Rouen<\/strong> | Rouen, Mont-Saint-Aignan, Petit-Quevilly<\/li>\n\n\n\n<li><strong>Chor\u00e8ge<\/strong> | Falaise &#8211; Centre de d\u00e9veloppement chor\u00e9graphique national&nbsp;<\/li>\n\n\n\n<li><strong>Cirque Th\u00e9\u00e2tre d\u2019Elbeuf<\/strong> | Elbeuf &#8211; P\u00f4le national du Cirque&nbsp;<\/li>\n\n\n\n<li><strong>DSN &#8211; Dieppe Sc\u00e8ne Nationale<\/strong>&nbsp;<\/li>\n\n\n\n<li><strong>La Br\u00e8che<\/strong> | Cherbourg &#8211; P\u00f4le national du Cirque&nbsp;<\/li>\n\n\n\n<li><strong>La Com\u00e9die de Caen<\/strong> | H\u00e9rouville Saint-Clair &#8211; Centre Dramatique National&nbsp;Normandie Caen <\/li>\n\n\n\n<li><strong>La Luciole<\/strong> | Alen\u00e7on &#8211; Sc\u00e8ne de musiques actuelles&nbsp;<\/li>\n\n\n\n<li><strong>Le 106<\/strong> | Rouen &#8211; Sc\u00e8ne de musiques actuelles&nbsp;<\/li>\n\n\n\n<li><strong>Le Carg\u00f6<\/strong> | Caen &#8211; Sc\u00e8ne de musiques actuelles&nbsp;<\/li>\n\n\n\n<li><strong>Le Normandy<\/strong> | Saint L\u00f4 &#8211; Sc\u00e8ne de musiques actuelles&nbsp;<\/li>\n\n\n\n<li><strong>Le Phare<\/strong> | Le Havre &#8211; Centre chor\u00e9graphique national&nbsp;<\/li>\n\n\n\n<li><strong>Le Pr\u00e9au<\/strong> | Vire Normandie &#8211; Centre Dramatique National&nbsp;<\/li>\n\n\n\n<li><strong>Le Sablier<\/strong> | Dives-sur-Mer &#8211; Centre national de la Marionnette&nbsp;<\/li>\n\n\n\n<li><strong>Le Tangram<\/strong> | \u00c9vreux &#8211; Sc\u00e8ne nationale&nbsp;<\/li>\n\n\n\n<li><strong>Le Tetris<\/strong> | Le Havre &#8211; Sc\u00e8ne de musiques actuelles&nbsp;<\/li>\n\n\n\n<li><strong>Le Trident<\/strong> | Cherbourg &#8211; Sc\u00e8ne nationale&nbsp;<\/li>\n\n\n\n<li><strong>Le Volcan<\/strong> | Le Havre &#8211; Sc\u00e8ne nationale&nbsp;<\/li>\n\n\n\n<li><strong>Op\u00e9ra de Rouen<\/strong> | Th\u00e9\u00e2tre lyrique d\u2019int\u00e9r\u00eat national<\/li>\n\n\n\n<li><strong>Sc\u00e8ne Nationale 61<\/strong> | Alen\u00e7on<\/li>\n<\/ul>\n<\/div><\/div>\n\n\n\n<div class=\"wp-block-group\"><div class=\"wp-block-group__inner-container is-layout-constrained wp-block-group-is-layout-constrained\">\n<p><strong><strong>11 structures conventionn\u00e9es<\/strong><\/strong><\/p>\n\n\n\n<ul class=\"wp-block-list\">\n<li><strong>L\u2019Archipel<\/strong> | Granville &#8211; Sc\u00e8ne conventionn\u00e9e d&rsquo;int\u00e9r\u00eat national \u00ab\u00a0Art en territoire\u00a0\u00bb<\/li>\n\n\n\n<li><strong>L\u2019Arsenal<\/strong> | Val-de-Reuil &#8211; Sc\u00e8ne conventionn\u00e9e d\u2019int\u00e9r\u00eat national \u00ab\u00a0Art et cr\u00e9ation\u00a0\u00bb (Danse)<\/li>\n\n\n\n<li><strong>L\u2019\u00c9clat<\/strong> | Pont-Audemer &#8211; Sc\u00e8ne conventionn\u00e9e d\u2019int\u00e9r\u00eat national \u00ab\u00a0Art, enfance et Jeunesse\u00a0\u00bb<\/li>\n\n\n\n<li><strong>Le Rayon vert<\/strong> | Saint-Val\u00e9ry-en-Caux &#8211; Sc\u00e8ne conventionn\u00e9e d\u2019int\u00e9r\u00eat national \u00ab\u00a0Art en territoire\u00a0\u00bb<\/li>\n\n\n\n<li><strong>Le Rive Gauche<\/strong> | Saint-Etienne-du-Rouvray &#8211; Sc\u00e8ne conventionn\u00e9e d\u2019int\u00e9r\u00eat national \u00ab\u00a0Art et cr\u00e9ation\u00a0\u00bb (Danse)<\/li>\n\n\n\n<li><strong>Le Trianon Transatlantique<\/strong> | Sotteville-l\u00e8s-Rouen &#8211; Sc\u00e8ne conventionn\u00e9e d&rsquo;int\u00e9r\u00eat national \u00ab\u00a0Art et cr\u00e9ation\u00a0\u00bb (Chanson et musiques francophones)<\/li>\n\n\n\n<li><strong>Th\u00e9\u00e2tre de Caen<\/strong> | Sc\u00e8ne conventionn\u00e9e d\u2019int\u00e9r\u00eat national \u00ab\u00a0Art et cr\u00e9ation\u00a0\u00bb (Art lyrique)<\/li>\n\n\n\n<li><strong>Th\u00e9\u00e2tre du Champ Exquis<\/strong> | Blainville-sur-Orne &#8211; Sc\u00e8ne conventionn\u00e9e d\u2019int\u00e9r\u00eat national \u00ab\u00a0Art, enfance et jeunesse\u00a0\u00bb<\/li>\n\n\n\n<li><strong>Th\u00e9\u00e2tre du Ch\u00e2teau<\/strong> | Eu &#8211; Sc\u00e8ne conventionn\u00e9e d&rsquo;int\u00e9r\u00eat national \u00ab\u00a0Art en territoire\u00a0\u00bb (Textes et voix)<\/li>\n\n\n\n<li><strong>Th\u00e9\u00e2tre du Passage<\/strong> | F\u00e9camp &#8211; Sc\u00e8ne conventionn\u00e9e d\u2019int\u00e9r\u00eat national \u00ab\u00a0Art et cr\u00e9ation\u00a0\u00bb (Th\u00e9\u00e2tre et objet)<\/li>\n\n\n\n<li><strong>Th\u00e9\u00e2tre municipal de Coutances<\/strong> | Sc\u00e8ne conventionn\u00e9e d\u2019int\u00e9r\u00eat national \u00ab\u00a0Art et cr\u00e9ation\u00a0\u00bb (P\u00f4le de r\u00e9f\u00e9rence jazz et jeune public)<\/li>\n<\/ul>\n<\/div><\/div>\n\n\n\n<div class=\"wp-block-group\"><div class=\"wp-block-group__inner-container is-layout-constrained wp-block-group-is-layout-constrained\">\n<p><strong><strong><strong>14 saisons culturelles ou th\u00e9\u00e2tres de ville<\/strong><\/strong><\/strong><\/p>\n\n\n\n<ul class=\"wp-block-list\">\n<li><strong>Espace Culturel Beaumarchais<\/strong> | Maromme<\/li>\n\n\n\n<li><strong>Espace Culturel Fran\u00e7ois Mitterrand<\/strong> | Canteleu&nbsp;<\/li>\n\n\n\n<li><strong>Espace Culturel Marc Sangnier<\/strong> | Mont-Saint-Aignan<\/li>\n\n\n\n<li><strong>Espace Culturel Philippe Torreton<\/strong> | Saint-Pierre-l\u00e8s-Elbeuf<\/li>\n\n\n\n<li><strong>L\u2019Avant Sc\u00e8ne<\/strong> | Grand-Couronne<\/li>\n\n\n\n<li><strong>L\u2019\u00c9tincelle<\/strong> | Th\u00e9\u00e2tre(s) de la ville de Rouen<\/li>\n\n\n\n<li><strong>La Cidrerie<\/strong> | Beuzeville<\/li>\n\n\n\n<li><strong>Le Batolune <\/strong>| Honfleur<\/li>\n\n\n\n<li><strong>Le Moulin<\/strong> | Louviers<\/li>\n\n\n\n<li><strong>Le Sillon<\/strong> | Petit-Couronne<\/li>\n\n\n\n<li><strong>Seine Normandie Agglom\u00e9ration Culture (Centre Culturel Guy Gambu &amp; Espace Philippe-Auguste)<\/strong> | St Marcel, Vernon&nbsp;<\/li>\n\n\n\n<li><strong>Th\u00e9\u00e2tre Charles-Dullin<\/strong> | Grand-Quevilly<\/li>\n\n\n\n<li><strong>Th\u00e9\u00e2tre Montdory<\/strong> | Barentin<\/li>\n\n\n\n<li><strong>Th\u00e9\u00e2tre de Duclair<\/strong><\/li>\n<\/ul>\n<\/div><\/div>\n\n\n\n<div class=\"wp-block-group\"><div class=\"wp-block-group__inner-container is-layout-constrained wp-block-group-is-layout-constrained\">\n<p><strong><strong><strong><strong>30 autres structures<\/strong><\/strong><\/strong><\/strong><\/p>\n\n\n\n<ul class=\"wp-block-list\">\n<li><strong>Conservatoire \u00e0 rayonnement r\u00e9gional de Rouen<\/strong><\/li>\n\n\n\n<li><strong>Conservatoire Caux-Seine Agglo<\/strong> | Notre-Dame de Gravenchon&nbsp;<\/li>\n\n\n\n<li><strong>Festival A\u00e9rolive<\/strong> | Ecretteville<\/li>\n\n\n\n<li><strong>Festival BD Des Planches et des Vaches<\/strong> | H\u00e9rouville-Saint-Clair<\/li>\n\n\n\n<li><strong>Festival Beauregard<\/strong> | H\u00e9rouville-Saint-Claire&nbsp;<\/li>\n\n\n\n<li><strong>Festival de la BD de Darn\u00e9tal Normandiebulle<\/strong><\/li>\n\n\n\n<li><strong>Festival du Livre Jeunesse et de BD<\/strong> | Cherbourg en Cotentin<\/li>\n\n\n\n<li><strong>Festival et salon du livre \u00c9poque<\/strong> | Caen<\/li>\n\n\n\n<li><strong>Festival Grandes Mar\u00e9es<\/strong> | Jullouville&nbsp;<\/li>\n\n\n\n<li><strong>Festival Le Go\u00fbt des Autres<\/strong> | Le Havre&nbsp;<\/li>\n\n\n\n<li><strong>Festival Le Murmure du Son<\/strong> | Eu<\/li>\n\n\n\n<li><strong>Festival Les Bor\u00e9ales<\/strong> | Caen&nbsp;<\/li>\n\n\n\n<li><strong>Festival Les Terrasses du Jeudi<\/strong> | Rouen&nbsp;<\/li>\n\n\n\n<li><strong>Festival litt\u00e9raire Bloody Fleury<\/strong> | Fleury-sur-Orne<\/li>\n\n\n\n<li><strong>Festival litt\u00e9raire Des Mots \u00e0 la mer<\/strong> | Cabourg&nbsp;<\/li>\n\n\n\n<li><strong>Festival litt\u00e9raire Livres &amp; Musique<\/strong> | Deauville<\/li>\n\n\n\n<li><strong>Festival Livres &amp; Davantage<\/strong> | Alen\u00e7on<\/li>\n\n\n\n<li><strong>Festival Musikensaire<\/strong> | Barfleur<\/li>\n\n\n\n<li><strong>Festival Poesia<\/strong> | Val de Reuil&nbsp;<\/li>\n\n\n\n<li><strong>Festival Rock In The Barn<\/strong> | Vernon&nbsp;<\/li>\n\n\n\n<li><strong>Festival Route Panoramique<\/strong> | Arromanches-les-Bains&nbsp;<\/li>\n\n\n\n<li><strong>Festival S\u00e2oticot<\/strong>&nbsp;| Langrune-sur-Mer<\/li>\n\n\n\n<li><strong>Festival Vibrations<\/strong> | Rouen&nbsp;<\/li>\n\n\n\n<li><strong>La Traverse<\/strong> | Cl\u00e9on&nbsp;<\/li>\n\n\n\n<li><strong>Les Pluies de Juillet<\/strong> | Le Tanu<\/li>\n\n\n\n<li><strong>Maison de l\u2019Universit\u00e9<\/strong> | Mont-Saint-Aignan<\/li>\n\n\n\n<li><strong>Rencontres d\u2019\u00e9t\u00e9 th\u00e9\u00e2tre &amp; lecture en Normandie<\/strong> | Arromanches-les-Bains, Saint-Aubin, Lion, Hermanville, Ouistreham, Merville-Franceville, Dives, Villers, Deauville, Trouville, Montivilliers, Gonfreville, Pont-l\u2019\u00c9v\u00eaque, Saint-Ouen-le-Pin, Cr\u00e8vecoeur-en-Auge, Belle-Vie-en-Auge, M\u00e9zidon-Canon, Caen<\/li>\n\n\n\n<li><strong>Temple Festival<\/strong> | Osmoy-Saint-Valery&nbsp;<\/li>\n\n\n\n<li><strong>Th\u00e9\u00e2tre des Bains Douches<\/strong> | Elbeuf<\/li>\n\n\n\n<li><strong>Salon du Livre de jeunesse<\/strong> | Cherbourg-en-Cotentin<\/li>\n<\/ul>\n<\/div><\/div>\n\n\n\n<div class=\"wp-block-group\"><div class=\"wp-block-group__inner-container is-layout-constrained wp-block-group-is-layout-constrained\">\n<p><strong><strong><strong><strong><strong>35 structures qui programment des arts visuels<\/strong><\/strong><\/strong><\/strong><\/strong><\/p>\n\n\n\n<ul class=\"wp-block-list\">\n<li><strong>Centre Photographique Rouen Normandie&nbsp;<\/strong><\/li>\n\n\n\n<li><strong>Centre d&rsquo;Art Contemporain de la Matmut &#8211; Daniel Havis <\/strong>| Saint-Pierre-de-Varengeville<\/li>\n\n\n\n<li><strong>\u00c9cole Sup\u00e9rieure d\u2019Art et Design le Havre-Rouen<\/strong><\/li>\n\n\n\n<li><strong>Fond r\u00e9gional d\u2019art contemporain Normandie (Frac) <\/strong>| Sotteville-l\u00e8s-Rouen, Caen<\/li>\n\n\n\n<li><strong>Galerie Duchamp <\/strong>| Yvetot<\/li>\n\n\n\n<li><strong>Galerie Hamon<\/strong> | Le Havre&nbsp;<\/li>\n\n\n\n<li><strong>L&rsquo;esTRAde <\/strong>| Athis de l\u2019Orne<\/li>\n\n\n\n<li><strong>L\u2019Archipel<\/strong> | Granville&nbsp;<\/li>\n\n\n\n<li><strong>L\u2019Artoth\u00e8que<\/strong> | Caen&nbsp;<\/li>\n\n\n\n<li><strong>L\u2019\u00c9cole sup\u00e9rieure d\u2019arts &amp; m\u00e9dias de Caen\/Cherbourg&nbsp;<\/strong><\/li>\n\n\n\n<li><strong>L\u2019unique &#8211; Mus\u00e9e Dehors <\/strong>| Caen&nbsp;<\/li>\n\n\n\n<li><strong>La Forme<\/strong> | Le Havre&nbsp;<\/li>\n\n\n\n<li><strong>La Maison des Arts Solange-Baudoux<\/strong> | \u00c9vreux&nbsp;<\/li>\n\n\n\n<li><strong>Le Forum &#8211; Maison de l\u2019Architecture<\/strong> | Rouen&nbsp;<\/li>\n\n\n\n<li><strong>Le Point du Jour<\/strong> | Cherbourg&nbsp;<\/li>\n\n\n\n<li><strong>Le Portique<\/strong> | Le Havre<\/li>\n\n\n\n<li><strong>Le Radar<\/strong> | Bayeux<\/li>\n\n\n\n<li><strong>Le Shed<\/strong> | Maromme<\/li>\n\n\n\n<li><strong>Les Bains-Douches<\/strong> | Alen\u00e7on<\/li>\n\n\n\n<li><strong>Les Franciscaines<\/strong> | Deauville&nbsp;<\/li>\n\n\n\n<li><strong>Maison des Arts<\/strong> | Grand-Quevilly<\/li>\n\n\n\n<li><strong>Mus\u00e9e Art et D\u00e9chirure<\/strong> | Sotteville-l\u00e8s-Rouen<\/li>\n\n\n\n<li><strong>Mus\u00e9e d\u2019Art et d&rsquo;Histoire<\/strong> | Saint-L\u00f4&nbsp;<\/li>\n\n\n\n<li><strong>Mus\u00e9e d\u2019art et d\u2019Histoire<\/strong> | Le Havre&nbsp;<\/li>\n\n\n\n<li><strong>Mus\u00e9e d\u2019art moderne Andr\u00e9 Malraux &#8211; MuMa<\/strong> | Le Havre<\/li>\n\n\n\n<li><strong>Mus\u00e9e de Giverny<\/strong><\/li>\n\n\n\n<li><strong>Mus\u00e9e de Louviers<\/strong><\/li>\n\n\n\n<li><strong>Mus\u00e9e de Vernon&nbsp;<\/strong><\/li>\n\n\n\n<li><strong><strong>Mus\u00e9e des Beaux-Arts<\/strong> | Caen<\/strong><\/li>\n\n\n\n<li><strong>Mus\u00e9e des Beaux-Arts de Rouen\u00a0<\/strong><\/li>\n\n\n\n<li><strong>Mus\u00e9e des Beaux-Arts et de la Dentelle<\/strong> | Alen\u00e7on<\/li>\n\n\n\n<li><strong>Mus\u00e9e du ch\u00e2teau de Flers<\/strong><\/li>\n\n\n\n<li><strong>Mus\u00e9e Thomas-Henry<\/strong> | Cherbourg-en-Cotentin<\/li>\n\n\n\n<li><strong>Mus\u00e9e Villa Montebello<\/strong> | Trouville-sur-Mer<\/li>\n\n\n\n<li><strong>Usine Utopik<\/strong> | Tessy-Bocage<\/li>\n<\/ul>\n<\/div><\/div>\n<\/div><\/div>\n<\/div><\/div>\n\n\n\n<p class=\"has-huge-font-size\"><\/p>\n\n\n\n<div class=\"wp-block-group\"><div class=\"wp-block-group__inner-container is-layout-constrained wp-block-group-is-layout-constrained\">\n<p class=\"has-large-font-size\"><strong><mark style=\"background-color:rgba(0, 0, 0, 0)\" class=\"has-inline-color has-vivid-red-color\">Emploi<\/mark><\/strong><\/p>\n\n\n\n<p><\/p>\n\n\n\n<div class=\"wp-block-group\"><div class=\"wp-block-group__inner-container is-layout-constrained wp-block-group-is-layout-constrained\">\n<p class=\"has-medium-font-size\"><strong><mark style=\"background-color:rgba(0, 0, 0, 0)\" class=\"has-inline-color has-black-color\">Spectacle vivant \/ musiques actuelles<\/mark><\/strong><\/p>\n\n\n\n<div class=\"wp-block-group\"><div class=\"wp-block-group__inner-container is-layout-constrained wp-block-group-is-layout-constrained\">\n<p><strong>23 structures labellis\u00e9es<\/strong><\/p>\n\n\n\n<ul class=\"wp-block-list\">\n<li><strong>Atelier 231<\/strong> | Sotteville-l\u00e8s-Rouen&nbsp;&#8211; Centre National des arts de la rue et de l\u2019espace public<\/li>\n\n\n\n<li><strong>Big Band Caf\u00e9<\/strong> | H\u00e9rouville Saint Clair &#8211; Sc\u00e8ne de musiques actuelles&nbsp;<\/li>\n\n\n\n<li><strong>Centre chor\u00e9graphique national de Caen Normandie<\/strong><\/li>\n\n\n\n<li><strong>Centre Dramatique National de Normandie-Rouen<\/strong> | Rouen, Mont-Saint-Aignan, Petit-Quevilly<\/li>\n\n\n\n<li><strong>Chor\u00e8ge<\/strong> | Falaise &#8211; Centre de d\u00e9veloppement chor\u00e9graphique national&nbsp;<\/li>\n\n\n\n<li><strong>Cirque Th\u00e9\u00e2tre d\u2019Elbeuf<\/strong> | Elbeuf &#8211; P\u00f4le national du Cirque&nbsp;<\/li>\n\n\n\n<li><strong>DSN &#8211; Dieppe Sc\u00e8ne Nationale<\/strong>&nbsp;<\/li>\n\n\n\n<li><strong>La Br\u00e8che<\/strong> | Cherbourg &#8211; P\u00f4le national du Cirque&nbsp;<\/li>\n\n\n\n<li><strong>La Com\u00e9die de Caen<\/strong> | H\u00e9rouville Saint-Clair &#8211; Centre Dramatique National&nbsp;Normandie Caen <\/li>\n\n\n\n<li><strong>La Luciole<\/strong> | Alen\u00e7on &#8211; Sc\u00e8ne de musiques actuelles&nbsp;<\/li>\n\n\n\n<li><strong>Le 106<\/strong> | Rouen &#8211; Sc\u00e8ne de musiques actuelles<\/li>\n\n\n\n<li><strong>Le Carg\u00f6<\/strong> | Caen &#8211; Sc\u00e8ne de musiques actuelles&nbsp;<\/li>\n\n\n\n<li><strong>Le Normandy<\/strong> | Saint L\u00f4 &#8211; Sc\u00e8ne de musiques actuelles&nbsp;<\/li>\n\n\n\n<li><strong>Le Phare<\/strong> | Le Havre &#8211; Centre chor\u00e9graphique national&nbsp;<\/li>\n\n\n\n<li><strong>Le Pr\u00e9au<\/strong> | Vire Normandie &#8211; Centre Dramatique National&nbsp;<\/li>\n\n\n\n<li><strong>Le Sablier<\/strong> | Dives-sur-Mer &#8211; Centre national de la Marionnette&nbsp;<\/li>\n\n\n\n<li><strong>Le Tangram<\/strong> | \u00c9vreux &#8211; Sc\u00e8ne nationale<\/li>\n\n\n\n<li><strong>Le Tetris<\/strong> | Le Havre &#8211; Sc\u00e8ne de musiques actuelles&nbsp;<\/li>\n\n\n\n<li><strong>Le Trident<\/strong> | Cherbourg &#8211; Sc\u00e8ne nationale<\/li>\n\n\n\n<li><strong>Le Volcan<\/strong> | Le Havre &#8211; Sc\u00e8ne nationale<\/li>\n\n\n\n<li><strong>Op\u00e9ra de Rouen<\/strong> | Th\u00e9\u00e2tre lyrique d\u2019int\u00e9r\u00eat national<\/li>\n\n\n\n<li><strong>Sc\u00e8ne Nationale 61<\/strong> | Alen\u00e7on<\/li>\n\n\n\n<li><strong>Z\u00e9nith de la M\u00e9tropole de Rouen Normandie<\/strong> | Grand Quevilly &#8211; Z\u00e9nith<\/li>\n<\/ul>\n<\/div><\/div>\n\n\n\n<div class=\"wp-block-group\"><div class=\"wp-block-group__inner-container is-layout-constrained wp-block-group-is-layout-constrained\">\n<p><strong><strong>11 structures conventionn\u00e9es<\/strong><\/strong><\/p>\n\n\n\n<ul class=\"wp-block-list\">\n<li><strong>L\u2019Archipel<\/strong> | Granville &#8211; Sc\u00e8ne conventionn\u00e9e d&rsquo;int\u00e9r\u00eat national \u00ab\u00a0Art en territoire\u00a0\u00bb (Th\u00e9\u00e2tre populaire)<\/li>\n\n\n\n<li><strong>L\u2019Arsenal<\/strong> | Val-de-Reuil &#8211; Sc\u00e8ne conventionn\u00e9e d\u2019int\u00e9r\u00eat national \u00ab\u00a0Art et cr\u00e9ation\u00a0\u00bb (Danse)<\/li>\n\n\n\n<li><strong>L\u2019\u00c9clat<\/strong> | Pont-Audemer &#8211; Sc\u00e8ne conventionn\u00e9e d\u2019int\u00e9r\u00eat national \u00ab\u00a0Art, enfance et Jeunesse\u00a0\u00bb<\/li>\n\n\n\n<li><strong>Le Rayon vert<\/strong> | Saint-Val\u00e9ry-en-Caux &#8211; Sc\u00e8ne conventionn\u00e9e d\u2019int\u00e9r\u00eat national \u00ab\u00a0Art en territoire\u00a0\u00bb<\/li>\n\n\n\n<li><strong>Le Rive Gauche<\/strong> | Saint-Etienne-du-Rouvray &#8211; Sc\u00e8ne conventionn\u00e9e d\u2019int\u00e9r\u00eat national \u00ab\u00a0Art et cr\u00e9ation\u00a0\u00bb (Danse)<\/li>\n\n\n\n<li><strong>Le Trianon Transatlantique<\/strong> | Sotteville-l\u00e8s-Rouen &#8211; Sc\u00e8ne conventionn\u00e9e d&rsquo;int\u00e9r\u00eat national \u00ab\u00a0Art et cr\u00e9ation\u00a0\u00bb (Chanson francophone)<\/li>\n\n\n\n<li><strong>Th\u00e9\u00e2tre de Caen<\/strong> | Sc\u00e8ne conventionn\u00e9e d\u2019int\u00e9r\u00eat national \u00ab\u00a0Art et cr\u00e9ation\u00a0\u00bb (Art lyrique)<\/li>\n\n\n\n<li><strong>Th\u00e9\u00e2tre du Champ Exquis<\/strong> | Blainville-sur-Orne &#8211; Sc\u00e8ne conventionn\u00e9e d\u2019int\u00e9r\u00eat national \u00ab\u00a0Art, enfance et jeunesse\u00a0\u00bb<\/li>\n\n\n\n<li><strong>Th\u00e9\u00e2tre du Ch\u00e2teau<\/strong> | Eu &#8211; Sc\u00e8ne conventionn\u00e9e d&rsquo;int\u00e9r\u00eat national &#8211; \u00ab\u00a0Art en territoire\u00a0\u00bb (Textes et voix)<\/li>\n\n\n\n<li><strong>Th\u00e9\u00e2tre du Passage<\/strong> | F\u00e9camp &#8211; Sc\u00e8ne conventionn\u00e9e d\u2019int\u00e9r\u00eat national \u00ab\u00a0Art et cr\u00e9ation\u00a0\u00bb (Th\u00e9\u00e2tre et objet)<\/li>\n\n\n\n<li><strong>Th\u00e9\u00e2tre municipal de Coutances<\/strong> | Sc\u00e8ne conventionn\u00e9e d\u2019int\u00e9r\u00eat national \u00ab\u00a0Art et cr\u00e9ation\u00a0\u00bb (P\u00f4le de r\u00e9f\u00e9rence jazz et jeune public)<\/li>\n<\/ul>\n<\/div><\/div>\n\n\n\n<div class=\"wp-block-group\"><div class=\"wp-block-group__inner-container is-layout-constrained wp-block-group-is-layout-constrained\">\n<p><strong><strong><strong>4 th\u00e9\u00e2tres de ville<\/strong><\/strong><\/strong><\/p>\n\n\n\n<ul class=\"wp-block-list\">\n<li><strong>Espace Culturel Fran\u00e7ois Mitterrand<\/strong> | Canteleu<\/li>\n\n\n\n<li><strong>Espace Philippe Auguste<\/strong> | Vernon<\/li>\n\n\n\n<li><strong>L\u2019\u00c9tincelle<\/strong> | Th\u00e9\u00e2tre(s) de la ville de Rouen<\/li>\n\n\n\n<li><strong>Th\u00e9\u00e2tre Charles Dullin<\/strong> | Grand-Quevilly<\/li>\n<\/ul>\n<\/div><\/div>\n\n\n\n<div class=\"wp-block-group\"><div class=\"wp-block-group__inner-container is-layout-constrained wp-block-group-is-layout-constrained\">\n<p><strong><strong><strong><strong>4 autres structures<\/strong><\/strong><\/strong><\/strong><\/p>\n\n\n\n<ul class=\"wp-block-list\">\n<li><strong>La Traverse<\/strong> | Cl\u00e9on<\/li>\n\n\n\n<li><strong>Le Kalif<\/strong> | Rouen<\/li>\n\n\n\n<li><strong>Maison de l\u2019Universit\u00e9<\/strong> | Mont-Saint-Aignan<\/li>\n\n\n\n<li><strong>Th\u00e9\u00e2tre des Bains Douches<\/strong> | Elbeuf<\/li>\n<\/ul>\n<\/div><\/div>\n<\/div><\/div>\n\n\n\n<div class=\"wp-block-group\"><div class=\"wp-block-group__inner-container is-layout-constrained wp-block-group-is-layout-constrained\">\n<p class=\"has-medium-font-size\"><strong><mark style=\"background-color:rgba(0, 0, 0, 0)\" class=\"has-inline-color has-black-color\"><strong>Mus\u00e9es et structures arts visuels<\/strong><\/mark><\/strong><\/p>\n\n\n\n<div class=\"wp-block-group\"><div class=\"wp-block-group__inner-container is-layout-constrained wp-block-group-is-layout-constrained\">\n<p><strong><strong><strong><strong>84 mus\u00e9es de France&nbsp;<\/strong><\/strong><\/strong><\/strong><\/p>\n\n\n\n<ul class=\"wp-block-list\">\n<li><strong>Ch\u00e2teau de Pont\u00e9coulant<\/strong><\/li>\n\n\n\n<li><strong>Ch\u00e2teau de Saint-Germain-de-Livet<\/strong><\/li>\n\n\n\n<li><strong>Ecomus\u00e9e du Perche<\/strong> | Saint-Cyr-la-Rosi\u00e8re<\/li>\n\n\n\n<li><strong>Ethnoth\u00e8que, mus\u00e9e des Boucles de la Seine normande<\/strong> | Notre-Dame-de-Bliquetuit<\/li>\n\n\n\n<li><strong>Ferme Mus\u00e9e du Cotentin<\/strong> | Sainte-M\u00e8re-\u00c9glise<\/li>\n\n\n\n<li><strong>Juliobona<\/strong> | Lillebonne<\/li>\n\n\n\n<li><strong>La Cour du Foyer <\/strong>| Villedieu-les-Po\u00eales<\/li>\n\n\n\n<li><strong>La Fabrique des Savoirs <\/strong>| Elbeuf<\/li>\n\n\n\n<li><strong>Maison de l\u2019Armateur<\/strong> | Le Havre<\/li>\n\n\n\n<li><strong>Maison natale de Pierre Corneille <\/strong>| Rouen<\/li>\n\n\n\n<li><strong>Mus\u00e9e Alfred Canel<\/strong> | Pont-Audemer<\/li>\n\n\n\n<li><strong>Mus\u00e9e arch\u00e9ologique de Vieux-la-Romaine<\/strong> | Vieux<\/li>\n\n\n\n<li><strong>Mus\u00e9e Barbey d&rsquo;Aurevilly<\/strong> | Saint-Sauveur-le-Vicomte<\/li>\n\n\n\n<li><strong>Mus\u00e9e Biochet-Br\u00e9chot <\/strong>| Caudebec-en-Caux<\/li>\n\n\n\n<li><strong>Maison des Templiers<\/strong> | Rives-en-Seine<\/li>\n\n\n\n<li><strong>Mus\u00e9e Christian Dior <\/strong>| Granville<\/li>\n\n\n\n<li><strong>Mus\u00e9e d\u2019Art et d\u2019Histoire <\/strong>| Saint-L\u00f4<\/li>\n\n\n\n<li><strong>Mus\u00e9e d\u2019Art et d\u2019Histoire Baron G\u00e9rard <\/strong>| Bayeux<\/li>\n\n\n\n<li><strong>Mus\u00e9e d\u2019Art et d\u2019Histoire | <\/strong>Avranches<\/li>\n\n\n\n<li><strong>Mus\u00e9e d\u2019Art et d\u2019Histoire | <\/strong>Granville<\/li>\n\n\n\n<li><strong>Mus\u00e9e d\u2019Art et d\u2019Histoire | <\/strong>Lisieux&nbsp;<\/li>\n\n\n\n<li><strong><strong>Mus\u00e9e d\u2019art et d\u2019Histoire<\/strong> | <\/strong>Le Havre&nbsp;<\/li>\n\n\n\n<li><strong>Mus\u00e9e d\u2019art moderne Andr\u00e9 Malraux &#8211; MuMa<\/strong> | Le Havre<\/li>\n\n\n\n<li><strong>Mus\u00e9e d\u2019art moderne Richard Anacr\u00e9on<\/strong> | Granville<\/li>\n\n\n\n<li><strong>Mus\u00e9e d\u2019Art, Histoire et Arch\u00e9ologie<\/strong> | \u00c9vreux<\/li>\n\n\n\n<li><strong>Mus\u00e9e d\u2019Ethnographie et d\u2019arts populaires<\/strong> | Honfleur<\/li>\n\n\n\n<li><strong>Mus\u00e9e de l\u2019Abbaye<\/strong> | Cerisy-la-For\u00eat<\/li>\n\n\n\n<li><strong>Mus\u00e9e de l\u2019ancien Havre \u2013 H\u00f4tel Dubocage de Bl\u00e9ville<\/strong> | Le Havre<\/li>\n\n\n\n<li><strong>Mus\u00e9e de l\u2019Horlogerie<\/strong> | Saint-Nicolas d\u2019Aliermont<\/li>\n\n\n\n<li><strong>Mus\u00e9e d\u2019Initiation \u00e0 la nature<\/strong> | Caen<\/li>\n\n\n\n<li><strong>Mus\u00e9e de la C\u00e9ramique<\/strong> | Rouen<\/li>\n\n\n\n<li><strong>Mus\u00e9e de la Lib\u00e9ration <\/strong>| Cherbourg-Octeville&nbsp;<\/li>\n\n\n\n<li><strong>Mus\u00e9e de la Marine<\/strong> | Honfleur<\/li>\n\n\n\n<li><strong>Mus\u00e9e de la Meunerie<\/strong> | Le Molay-Littry&nbsp;<\/li>\n\n\n\n<li><strong>Mus\u00e9e de la Mine du Molay-Littry<\/strong><\/li>\n\n\n\n<li><strong>Mus\u00e9e de la Tapisserie <\/strong>| Bayeux<\/li>\n\n\n\n<li><strong>Mus\u00e9e de Louviers<\/strong><\/li>\n\n\n\n<li><strong>Mus\u00e9e de Normandie <\/strong>| Caen<\/li>\n\n\n\n<li><strong>Mus\u00e9e de Vernon<\/strong><\/li>\n\n\n\n<li><strong>Mus\u00e9e d\u00e9partemental d\u2019art religieux<\/strong> | S\u00e9es<\/li>\n\n\n\n<li><strong>Mus\u00e9e des Antiquit\u00e9s<\/strong> | Rouen<\/li>\n\n\n\n<li><strong>Mus\u00e9e des Beaux-Arts<\/strong> | Caen<\/li>\n\n\n\n<li><strong>Mus\u00e9e des Beaux-Arts de Bernay<\/strong><\/li>\n\n\n\n<li><strong>Mus\u00e9e des Beaux-Arts et de la Dentelle<\/strong> | Alen\u00e7on<\/li>\n\n\n\n<li><strong>Mus\u00e9e des instruments \u00e0 vent<\/strong> | La Couture-Boussey<\/li>\n\n\n\n<li><strong>Mus\u00e9e des Ivoires<\/strong> | Yvetot<\/li>\n\n\n\n<li><strong>Mus\u00e9e des p\u00eacheries<\/strong> | F\u00e9camp<\/li>\n\n\n\n<li><strong>Mus\u00e9e des Traditions et Arts Normands<\/strong> | Martainville-\u00c9preville<\/li>\n\n\n\n<li><strong>Mus\u00e9e du bocage normand <\/strong>| Saint-L\u00f4<\/li>\n\n\n\n<li><strong>Mus\u00e9e du ch\u00e2teau de Dieppe<\/strong><\/li>\n\n\n\n<li><strong>Mus\u00e9e du ch\u00e2teau de Flers<\/strong><\/li>\n\n\n\n<li><strong>Mus\u00e9e du D\u00e9barquement<\/strong> | Arromanches&nbsp;<\/li>\n\n\n\n<li><strong>Mus\u00e9e du Jouet &#8211; Mus\u00e9e Municipal <\/strong>| La Fert\u00e9 Mac\u00e9<\/li>\n\n\n\n<li><strong>Mus\u00e9e du Meuble normand<\/strong> | Villedieu-les-Po\u00eales<\/li>\n\n\n\n<li><strong>Mus\u00e9e du Pays de Conches<\/strong> | Conches-en-Ouche<\/li>\n\n\n\n<li><strong>Mus\u00e9e du Poir\u00e9<\/strong> | Barenton<\/li>\n\n\n\n<li><strong>Mus\u00e9e du Prieur\u00e9<\/strong> | Harfleur<\/li>\n\n\n\n<li><strong>Mus\u00e9e du Prieur\u00e9 de Graville<\/strong> | Le Havre<\/li>\n\n\n\n<li><strong>Mus\u00e9e du Verre<\/strong> | Conches-en-Ouche&nbsp;<\/li>\n\n\n\n<li><strong>Mus\u00e9e Eug\u00e8ne Boudin<\/strong> | Honfleur<\/li>\n\n\n\n<li><strong>Mus\u00e9e Flaubert et d\u2019histoire de la m\u00e9decine<\/strong> | Rouen<\/li>\n\n\n\n<li><strong>Mus\u00e9e industriel de la Corderie Vallois<\/strong> | Notre-Dame-de-Bondeville&nbsp;<\/li>\n\n\n\n<li><strong>Mus\u00e9e Langlois<\/strong> | Beaumont-en-Auge<\/li>\n\n\n\n<li><strong>Mus\u00e9e Le Secq des Tournelles <\/strong>| Rouen<\/li>\n\n\n\n<li><strong>Mus\u00e9e Louis-Philippe<\/strong> | Eu<\/li>\n\n\n\n<li><strong>Mus\u00e9e maritime Tatihou <\/strong>| Saint-Vaast-la-Hougue<\/li>\n\n\n\n<li><strong>Mus\u00e9e municipal (du Vieux Manoir) <\/strong>| Orbec<\/li>\n\n\n\n<li><strong>Mus\u00e9e municipal de Vire&nbsp;<\/strong><\/li>\n\n\n\n<li><strong>Mus\u00e9e National de l\u2019\u00c9ducation<\/strong> | Rouen<\/li>\n\n\n\n<li><strong>Mus\u00e9e Nicolas Poussin<\/strong> | Les Andelys<\/li>\n\n\n\n<li><strong>Mus\u00e9e Percheron<\/strong> | Mortagne-au-Perche<\/li>\n\n\n\n<li><strong>Mus\u00e9e Pierre Corneille<\/strong> | Petit-Couronne<\/li>\n\n\n\n<li><strong>Mus\u00e9e Quesnel-Morini\u00e8re<\/strong> | Coutances<\/li>\n\n\n\n<li><strong>Mus\u00e9e r\u00e9gional du cidre et du calvados <\/strong>| Valognes&nbsp;<\/li>\n\n\n\n<li><strong>Mus\u00e9e Thomas-Henry <\/strong>| Cherbourg-Octeville<\/li>\n\n\n\n<li><strong>Mus\u00e9e Victor Hugo<\/strong> | Rives-en-Seine<\/li>\n\n\n\n<li><strong>Mus\u00e9e Villa Montebello <\/strong>| Trouville-sur-Mer<\/li>\n\n\n\n<li><strong>Mus\u00e9e des Beaux-Arts de Rouen<\/strong><\/li>\n\n\n\n<li><strong>Mus\u00e9oseine<\/strong> | Rives-en-Seine<\/li>\n\n\n\n<li><strong>Mus\u00e9um d\u2019histoire naturelle<\/strong> | Rouen<\/li>\n\n\n\n<li><strong>Mus\u00e9um Emmanuel-Liais<\/strong> | Cherbourg-Octeville<\/li>\n\n\n\n<li><strong>Pal\u00e9ospace<\/strong> | Villers-sur-Mer<\/li>\n\n\n\n<li><strong>Parc-mus\u00e9e du granit<\/strong> | Saint-Michel-de-Montjoie<\/li>\n\n\n\n<li><strong>Pavillon Flaubert <\/strong>| Dieppedalle-Croisset<\/li>\n<\/ul>\n<\/div><\/div>\n\n\n\n<div class=\"wp-block-group\"><div class=\"wp-block-group__inner-container is-layout-constrained wp-block-group-is-layout-constrained\">\n<p><strong><strong><strong><strong><strong>70 autres structures ou mus\u00e9es<\/strong><\/strong><\/strong><\/strong><\/strong><\/p>\n\n\n\n<ul class=\"wp-block-list\">\n<li><strong>Abbaye Hambye&nbsp;<\/strong><\/li>\n\n\n\n<li><strong>Centre d&rsquo;Art Contemporain de la Matmut &#8211; Daniel Havis <\/strong>| Saint-Pierre-de-Varengeville<\/li>\n\n\n\n<li><strong>Centre Juno Beach <\/strong>| Courseulles-sur-Mer<\/li>\n\n\n\n<li><strong>Ch\u00e2teau de Cr\u00e8vec\u0153ur, Mus\u00e9e Schlumberger<\/strong> | Cr\u00e8vec\u0153ur-en-Auge<\/li>\n\n\n\n<li><strong>Chaumi\u00e8re aux orties et jardin des herbes sauvages <\/strong>| La Haye-de-Routot<\/li>\n\n\n\n<li><strong>\u00c9comus\u00e9e de la Baie du Mont <\/strong>| Vains<\/li>\n\n\n\n<li><strong>\u00c9comus\u00e9e de la pomme au calvados <\/strong>| Le Sap<\/li>\n\n\n\n<li><strong>\u00c9comus\u00e9e du Moulin de la S\u00e9e<\/strong> | Brouains&nbsp;<\/li>\n\n\n\n<li><strong>\u00c9cole sup\u00e9rieure d\u2019art et design le Havre-Rouen<\/strong><\/li>\n\n\n\n<li><strong>Espace-Mus\u00e9e Charles L\u00e9andre<\/strong> | Cond\u00e9-sur-Noireau<\/li>\n\n\n\n<li><strong>Fonds D\u00e9partemental d\u2019Art Contemporain de l\u2019Orne<\/strong> | Alen\u00e7on<\/li>\n\n\n\n<li><strong>Four \u00e0 pain \u2013 Mus\u00e9e<\/strong> | La Haye-de-Routot<\/li>\n\n\n\n<li><strong>Fours \u00e0 chaux du Rey<\/strong> | Regn\u00e9ville-sur-Mer<\/li>\n\n\n\n<li><strong>Foyer Rural du Billot<\/strong> | L\u2019Oudon&nbsp;<\/li>\n\n\n\n<li><strong>French Lines<\/strong> | Le Havre&nbsp;<\/li>\n\n\n\n<li><strong>Galerie Hamon <\/strong>| Le Havre<\/li>\n\n\n\n<li><strong>Grosse forge d\u2019Aube&nbsp;<\/strong><\/li>\n\n\n\n<li><strong>L\u2019Archipel<\/strong> | Granville&nbsp;<\/li>\n\n\n\n<li><strong>L&rsquo;Artoth\u00e8que<\/strong> | Caen&nbsp;<\/li>\n\n\n\n<li><strong>L\u2019\u00c9cole sup\u00e9rieure d\u2019arts &amp; m\u00e9dias de Caen\/Cherbourg<\/strong><\/li>\n\n\n\n<li><strong>L\u2019esTRAde<\/strong> | Athis de l\u2019Orne<\/li>\n\n\n\n<li><strong>L\u2019Unique &#8211; Mus\u00e9e Dehors<\/strong> | Caen&nbsp;<\/li>\n\n\n\n<li><strong>La Forme <\/strong>| Le Havre<\/li>\n\n\n\n<li><strong>Le Passage <\/strong>| Alen\u00e7on<\/li>\n\n\n\n<li><strong>Le Portique<\/strong> | Le Havre&nbsp;<\/li>\n\n\n\n<li><strong>Le Radar <\/strong>| Bayeux&nbsp;<\/li>\n\n\n\n<li><strong>Le Shed <\/strong>| Maromme<\/li>\n\n\n\n<li><strong>Les Bains-Douches<\/strong> | Alen\u00e7on<\/li>\n\n\n\n<li><strong>Les Dominicaines<\/strong> | Pont-L\u2019\u00c9v\u00eaque<\/li>\n\n\n\n<li><strong>Les Franciscaines<\/strong> | Deauville<\/li>\n\n\n\n<li><strong>Les Mus\u00e9ales de Tourouvre<\/strong><\/li>\n\n\n\n<li><strong>Lieu de m\u00e9moire de May-sur-Orne&nbsp;<\/strong><\/li>\n\n\n\n<li><strong>Le Forum &#8211; Maison de l\u2019Architecture<\/strong> | Rouen<\/li>\n\n\n\n<li><strong>Maison de la brique<\/strong> | Saint-Martin-d\u2019Aubigny&nbsp;<\/li>\n\n\n\n<li><strong>Maison des Arts <\/strong>&nbsp;| Grand Quevilly<\/li>\n\n\n\n<li><strong>Maison des Arts Solange-Baudoux<\/strong> | \u00c9vreux<\/li>\n\n\n\n<li><strong>Maison des dentelles<\/strong> | Argentan<\/li>\n\n\n\n<li><strong>Maison des Marais<\/strong> | March\u00e9sieux<\/li>\n\n\n\n<li><strong>Maison du Fer<\/strong> | Dompierre<\/li>\n\n\n\n<li><strong>Maison du Lin en Normandie<\/strong> | Routot<\/li>\n\n\n\n<li><strong>Maison du patrimoine et des cit\u00e9s provisoires<\/strong> | Gonfreville-L\u2019Orcher<\/li>\n\n\n\n<li><strong>Maison Jacques Pr\u00e9vert<\/strong> | La Hague \u2013 Omonville-la-Petite<\/li>\n\n\n\n<li><strong>Maison natale de Jean-Fran\u00e7ois Millet <\/strong>| Gr\u00e9ville-Hague<\/li>\n\n\n\n<li><strong>Manoir du Tourp<\/strong> | Omonville-la-Rogue<\/li>\n\n\n\n<li><strong>Manufacture Bohin<\/strong> | Saint-Sulpice-sur-Risles&nbsp;<\/li>\n\n\n\n<li><strong>M\u00e9morial de Montormel<\/strong> | Mont-Ormel<\/li>\n\n\n\n<li><strong>Mus\u00e9e M\u00e9morial Pegasus <\/strong>| Ranville<\/li>\n\n\n\n<li><strong>Moulin de Pierre <\/strong>| Hauville&nbsp;<\/li>\n\n\n\n<li><strong>Mus\u00e9e Airborne<\/strong> | Sainte-M\u00e8re-\u00c9glise<\/li>\n\n\n\n<li><strong>Mus\u00e9e Andr\u00e9 Lema\u00eetre<\/strong> | Falaise&nbsp;<\/li>\n\n\n\n<li><strong>Mus\u00e9e Art et D\u00e9chirure<\/strong> | Sotteville-l\u00e8s-Rouen<\/li>\n\n\n\n<li><strong>Mus\u00e9e d\u2019Histoire de la Vie Quotidienne<\/strong> | Saint-Martin-en-Campagne&nbsp;<\/li>\n\n\n\n<li><strong>Mus\u00e9e de la Batterie de Merville<\/strong> | Merville-Francevillea<\/li>\n\n\n\n<li><strong>Mus\u00e9e de la c\u00e9ramique &#8211; Centre de cr\u00e9ation<\/strong> | Ger<\/li>\n\n\n\n<li><strong>Mus\u00e9e de la Comtesse de S\u00e9gur <\/strong>| Aube<\/li>\n\n\n\n<li><strong>Mus\u00e9e de la Mine du Livet<\/strong> | Saint-Germain-le-Vasson&nbsp;<\/li>\n\n\n\n<li><strong>Ch\u00e2teau M\u00e9di\u00e9val de Creully &#8211; Mus\u00e9e de la Radio<\/strong> | Creully sur Seulles<\/li>\n\n\n\n<li><strong>Mus\u00e9e des Automates<\/strong> | Falaise&nbsp;<\/li>\n\n\n\n<li><strong>Mus\u00e9e des impressionnismes <\/strong>| Giverny<\/li>\n\n\n\n<li><strong>Mus\u00e9e des Peignes et Parures<\/strong> | \u00c9zy-sur-Eure&nbsp;<\/li>\n\n\n\n<li><strong>Mus\u00e9e du Camembert<\/strong> | Vimoutiers&nbsp;<\/li>\n\n\n\n<li><strong>Mus\u00e9e du Sabot<\/strong> | La Haye-de-Routot<\/li>\n\n\n\n<li><strong>Mus\u00e9e du verre<\/strong> | Blangy-sur-Bresle<\/li>\n\n\n\n<li><strong>Mus\u00e9e Fernand L\u00e9ger \u2013 Andr\u00e9 Mare<\/strong> | Argentan<\/li>\n\n\n\n<li><strong>Mus\u00e9e franco-allemand du radar <\/strong>| Douvres-la-D\u00e9livrande&nbsp;<\/li>\n\n\n\n<li><strong>Mus\u00e9e Michel Ciry <\/strong>| Varengeville-sur-Mer<\/li>\n\n\n\n<li><strong>Mus\u00e9e Tr\u00e9sors g\u00e9ologiques de Normandie <\/strong>| Conches-en-Ouche<\/li>\n\n\n\n<li><strong>Scriptorial<\/strong> | Avranches<\/li>\n\n\n\n<li><strong>Usine Utopik<\/strong> | Tessy-Bocage<\/li>\n\n\n\n<li><strong>Utah Beach, mus\u00e9e du D\u00e9barquement<\/strong> | Sainte-Marie-du-Mont<\/li>\n<\/ul>\n<\/div><\/div>\n\n\n\n<div class=\"wp-block-group\"><div class=\"wp-block-group__inner-container is-layout-constrained wp-block-group-is-layout-constrained\">\n<p><strong><strong><strong><strong><strong><strong>3 centres d\u2019art contemporain d\u2019int\u00e9r\u00eat national<\/strong><\/strong><\/strong><\/strong><\/strong><\/strong><\/p>\n\n\n\n<ul class=\"wp-block-list\">\n<li><strong>Centre Photographique Rouen Normandie<\/strong><\/li>\n\n\n\n<li><strong>Galerie Duchamp <\/strong>| Yvetot<\/li>\n\n\n\n<li><strong>Le Point du Jour <\/strong>| Cherbourg<\/li>\n<\/ul>\n<\/div><\/div>\n\n\n\n<div class=\"wp-block-group\"><div class=\"wp-block-group__inner-container is-layout-constrained wp-block-group-is-layout-constrained\">\n<p><strong><strong><strong><strong><strong><strong><strong>1 fond r\u00e9gional d\u2019art contemporain<\/strong><\/strong><\/strong><\/strong><\/strong><\/strong><\/strong><\/p>\n\n\n\n<ul class=\"wp-block-list\">\n<li><strong>Fond r\u00e9gional d\u2019art contemporain Normandie (Frac) <\/strong>| Sotteville-l\u00e8s-Rouen, Caen<\/li>\n<\/ul>\n<\/div><\/div>\n<\/div><\/div>\n<\/div><\/div>\n\n\n\n<p class=\"has-huge-font-size\"><\/p>\n\n\n\n<div class=\"wp-block-group\"><div class=\"wp-block-group__inner-container is-layout-constrained wp-block-group-is-layout-constrained\">\n<p class=\"has-large-font-size\"><strong><mark style=\"background-color:rgba(0, 0, 0, 0)\" class=\"has-inline-color has-vivid-red-color\">\u00c9ga-conditionnalit\u00e9<\/mark><\/strong><\/p>\n\n\n\n<p><\/p>\n\n\n\n<ul class=\"wp-block-list\">\n<li><strong>Atelier 231<\/strong> | Sotteville-l\u00e8s-Rouen &#8211; Centre National des arts de la rue et de l\u2019espace public<\/li>\n\n\n\n<li><strong>Le Phare<\/strong> | Le Havre &#8211; Centre chor\u00e9graphique national<\/li>\n\n\n\n<li><strong>ODIA Normandie<\/strong> | Caen, Rouen<\/li>\n\n\n\n<li><strong>Centre Dramatique National de Normandie-Rouen<\/strong> | Rouen, Mont-Saint-Aignan, Petit-Quevilly<\/li>\n\n\n\n<li><strong>Le Tangram <\/strong>| \u00c9vreux &#8211; Sc\u00e8ne nationale<\/li>\n<\/ul>\n<\/div><\/div>\n\n\n\n<p class=\"has-huge-font-size\"><\/p>\n\n\n\n<div class=\"wp-block-group\"><div class=\"wp-block-group__inner-container is-layout-constrained wp-block-group-is-layout-constrained\">\n<p class=\"has-large-font-size\"><strong><mark style=\"background-color:rgba(0, 0, 0, 0)\" class=\"has-inline-color has-vivid-red-color\">Focus sur la lutte contre les Violences sexistes et sexuelles dans les structures culturelles<\/mark><\/strong><\/p>\n\n\n\n<p><\/p>\n\n\n\n<ul class=\"wp-block-list\">\n<li><strong>AMC &amp; Les Tontons Tourneurs<\/strong> | Mondeville<\/li>\n\n\n\n<li><strong>Atelier 231<\/strong> | Sotteville-l\u00e8s-Rouen&nbsp;&#8211; Centre National des arts de la rue et de l\u2019espace public<\/li>\n\n\n\n<li><strong>Avranches Patrimoines &#8211; Direction Mus\u00e9es et Patrimoine<\/strong> | Avranches&nbsp;<\/li>\n\n\n\n<li><strong>Big Band Caf\u00e9<\/strong> | H\u00e9rouville Saint-Clair &#8211; Sc\u00e8ne de musiques actuelles&nbsp;<\/li>\n\n\n\n<li><strong>Centre chor\u00e9graphique national de Caen Normandie<\/strong><\/li>\n\n\n\n<li><strong>Centre Juno Beach <\/strong>| Courseulles-sur-Mer<\/li>\n\n\n\n<li><strong>Ch\u00e2teau M\u00e9di\u00e9val de Creully &#8211; Mus\u00e9e de la Radio<\/strong> | Creully sur Seulles<\/li>\n\n\n\n<li><strong>Cirque Th\u00e9\u00e2tre d\u2019Elbeuf <\/strong>| Elbeuf &#8211; P\u00f4le national du Cirque&nbsp;<\/li>\n\n\n\n<li><strong>La Com\u00e9die de Caen<\/strong> | H\u00e9rouville Saint-Clair &#8211; Centre Dramatique National&nbsp;Normandie Caen <\/li>\n\n\n\n<li><strong>Compagnie Croque\u2019Note<\/strong> | Beuzeville-la-Grenier<\/li>\n\n\n\n<li><strong>Compagnie du Souffle 14<\/strong> | Honfleur<\/li>\n\n\n\n<li><strong>Compagnie Hors d&rsquo;Oeuvres <\/strong>| Caen<\/li>\n\n\n\n<li><strong>Conservatoire de Cherbourg<\/strong> | Cherbourg-en-Cotentin<\/li>\n\n\n\n<li><strong>DIPLEX<\/strong> | Caen<\/li>\n\n\n\n<li><strong>Direction Mus\u00e9es et Patrimoine <\/strong>| Cherbourg-en-Cotentin<\/li>\n\n\n\n<li><strong>DSN &#8211; Dieppe Sc\u00e8ne Nationale<\/strong><\/li>\n\n\n\n<li><strong>\u00c9cole sup\u00e9rieure d\u2019arts &amp; m\u00e9dias de Caen\/Cherbourg<\/strong><\/li>\n\n\n\n<li><strong>Ensemble Variances<\/strong> | Le Havre<\/li>\n\n\n\n<li><strong>Espace Culturel Beaumarchais <\/strong>| Maromme<\/li>\n\n\n\n<li><strong>Festival Jazz sous les pommiers <\/strong>| Coutances<\/li>\n\n\n\n<li><strong>Festival Le Murmure du Son<\/strong> | Eu<\/li>\n\n\n\n<li><strong>Festival Rock in The Barn<\/strong> | Vernon<\/li>\n\n\n\n<li><strong>Festival Sa\u00f4ticot <\/strong>| Langrune-sur-Mer<\/li>\n\n\n\n<li><strong>Festival Terres de Paroles<\/strong> | Seine-Maritime<\/li>\n\n\n\n<li><strong>TFT Label&nbsp;<\/strong> | Aigle&nbsp;<\/li>\n\n\n\n<li><strong>Juliobona<\/strong> | Lillebonne<\/li>\n\n\n\n<li><strong>Just Kiff Dancing<\/strong> | Saint-\u00c9tienne-du-Rouvray<\/li>\n\n\n\n<li><strong>L\u2019\u00c9tincelle<\/strong> | Th\u00e9\u00e2tre(s) de la ville de Rouen<\/li>\n\n\n\n<li><strong>Le Batolune<\/strong> | Honfleur<\/li>\n\n\n\n<li><strong>La Br\u00e8che <\/strong>| Cherbourg &#8211; P\u00f4le national du Cirque<\/li>\n\n\n\n<li><strong>La Cit\u00e9 Th\u00e9\u00e2tre <\/strong>| Caen<\/li>\n\n\n\n<li><strong>La Fabrique de Patrimoines en Normandie<\/strong> | Caen &#8211; H\u00e9rouville-Saint-Clair<\/li>\n\n\n\n<li><strong>La Ficelle&nbsp;<\/strong> | Goderville<\/li>\n\n\n\n<li><strong>La Machine<\/strong> | Dieppe<\/li>\n\n\n\n<li><strong>La Luciole <\/strong>| Alen\u00e7on &#8211; Sc\u00e8ne de musiques actuelles<\/li>\n\n\n\n<li><strong>La Poursuite <\/strong>| Epaignes<\/li>\n\n\n\n<li><strong>La Sc\u00e8ne 5 <\/strong>| Louviers<\/li>\n\n\n\n<li><strong>La Super Compagnie<\/strong> | Equaquelon<\/li>\n\n\n\n<li><strong>Le 106 <\/strong>| Rouen &#8211; Sc\u00e8ne de musiques actuelles<\/li>\n\n\n\n<li><strong>Le Moulin<\/strong> | Louviers<\/li>\n\n\n\n<li><strong>Le Normandy<\/strong> | Saint L\u00f4 &#8211; Sc\u00e8ne de musiques actuelles<\/li>\n\n\n\n<li><strong>Le Phare <\/strong>| Le Havre &#8211; Centre chor\u00e9graphique national&nbsp;<\/li>\n\n\n\n<li><strong>Le Pr\u00e9au<\/strong> | Vire Normandie &#8211; Centre Dramatique National<\/li>\n\n\n\n<li><strong>Le Sablier<\/strong> | Dives-sur-Mer &#8211; Centre national de la Marionnette<\/li>\n\n\n\n<li><strong>Le Tangram<\/strong> | \u00c9vreux &#8211; Sc\u00e8ne nationale<\/li>\n\n\n\n<li><strong>Le Trianon Transatlantique <\/strong>| Sotteville-l\u00e8s-Rouen &#8211; Sc\u00e8ne conventionn\u00e9e d\u2019int\u00e9r\u00eat national \u00ab\u00a0Art et cr\u00e9ation\u00a0\u00bb<\/li>\n\n\n\n<li><strong>Le Trident<\/strong> | Cherbourg &#8211; Sc\u00e8ne nationale<\/li>\n\n\n\n<li><strong>Maison Jacques Pr\u00e9vert <\/strong>| La Hague \u2013 Omonville-la-Petite<\/li>\n\n\n\n<li><strong>Mandarine<\/strong> | H\u00e9rouville Saint Clair<\/li>\n\n\n\n<li><strong>Mus\u00e9e de l&rsquo;Horlogerie<\/strong> | Saint-Nicolas-d&rsquo;Aliermont<\/li>\n\n\n\n<li><strong>Mus\u00e9e de Vire Normandie<\/strong><\/li>\n\n\n\n<li><strong>Mus\u00e9e des Beaux-Arts<\/strong> | Caen&nbsp;<\/li>\n\n\n\n<li><strong>Mus\u00e9e des Beaux-Arts et de la Dentelle<\/strong> | Alen\u00e7on<\/li>\n\n\n\n<li><strong>Mus\u00e9e des Peignes et Parures<\/strong> | \u00c9zy-sur-Eure<\/li>\n\n\n\n<li><strong>Mus\u00e9e du Verre<\/strong> | Conches-en-Ouche&nbsp;<\/li>\n\n\n\n<li><strong>Mus\u00e9e Eug\u00e8ne Boudin <\/strong>| Honfleur<\/li>\n\n\n\n<li><strong>Mus\u00e9e Maritime Fluvial et Portuaire <\/strong>| Rouen<\/li>\n\n\n\n<li><strong>Mus\u00e9e Villa Montebello<\/strong> | Trouville-sur-Mer<\/li>\n\n\n\n<li><strong>Musique Exp\u00e9rience <\/strong>| Ducey-Les Ch\u00e9ris<\/li>\n\n\n\n<li><strong>Pal\u00e9ospace <\/strong>| Villers-sur-Mer<\/li>\n\n\n\n<li><strong>SECRATEB <\/strong>| Caen<\/li>\n\n\n\n<li><strong>Service Patrimoine et Mus\u00e9es<\/strong> | Saint-L\u00f4<\/li>\n\n\n\n<li><strong>Service Patrimoine et Mus\u00e9es<\/strong> | Avranches&nbsp;<\/li>\n\n\n\n<li><strong>Th\u00e9\u00e2tre du Passage <\/strong>| F\u00e9camp &#8211; Sc\u00e8ne conventionn\u00e9e d\u2019int\u00e9r\u00eat national \u00ab\u00a0Art et cr\u00e9ation\u00a0\u00bb<\/li>\n\n\n\n<li><strong>Th\u00e9\u00e2tre Municipal de Coutances<\/strong> | Sc\u00e8ne conventionn\u00e9e d\u2019int\u00e9r\u00eat national \u00ab\u00a0Art et cr\u00e9ation\u00a0\u00bb<\/li>\n\n\n\n<li><strong>Usine Utopik<\/strong> | Tessy-Bocage<\/li>\n<\/ul>\n<\/div><\/div>\n\n\n\n<p><\/p>\n","protected":false},"excerpt":{"rendered":"<p>Programmation Spectacle vivant \/ musiques actuelles 22 structures labellis\u00e9es 11 structures conventionn\u00e9es 14 saisons culturelles ou th\u00e9\u00e2tres de ville 30 autres structures 35 structures qui programment des arts visuels Emploi Spectacle vivant \/ musiques actuelles 23 structures labellis\u00e9es 11 structures conventionn\u00e9es 4 th\u00e9\u00e2tres de ville 4 autres structures Mus\u00e9es et structures arts visuels 84 mus\u00e9es [&hellip;]<\/p>\n","protected":false},"author":13,"featured_media":0,"parent":0,"menu_order":0,"comment_status":"closed","ping_status":"closed","template":"","meta":{"footnotes":""},"class_list":["post-6142","page","type-page","status-publish","hentry"],"_links":{"self":[{"href":"https:\/\/hf-normandie.fr\/index.php\/wp-json\/wp\/v2\/pages\/6142","targetHints":{"allow":["GET"]}}],"collection":[{"href":"https:\/\/hf-normandie.fr\/index.php\/wp-json\/wp\/v2\/pages"}],"about":[{"href":"https:\/\/hf-normandie.fr\/index.php\/wp-json\/wp\/v2\/types\/page"}],"author":[{"embeddable":true,"href":"https:\/\/hf-normandie.fr\/index.php\/wp-json\/wp\/v2\/users\/13"}],"replies":[{"embeddable":true,"href":"https:\/\/hf-normandie.fr\/index.php\/wp-json\/wp\/v2\/comments?post=6142"}],"version-history":[{"count":48,"href":"https:\/\/hf-normandie.fr\/index.php\/wp-json\/wp\/v2\/pages\/6142\/revisions"}],"predecessor-version":[{"id":6203,"href":"https:\/\/hf-normandie.fr\/index.php\/wp-json\/wp\/v2\/pages\/6142\/revisions\/6203"}],"wp:attachment":[{"href":"https:\/\/hf-normandie.fr\/index.php\/wp-json\/wp\/v2\/media?parent=6142"}],"curies":[{"name":"wp","href":"https:\/\/api.w.org\/{rel}","templated":true}]}}